{"id":509,"date":"2023-09-09T15:38:01","date_gmt":"2023-09-09T13:38:01","guid":{"rendered":"https:\/\/fuveau.net\/?page_id=509"},"modified":"2023-11-23T16:38:54","modified_gmt":"2023-11-23T15:38:54","slug":"sites-remarquables","status":"publish","type":"page","link":"https:\/\/fuveau.net\/index.php\/lieux\/sites-remarquables\/","title":{"rendered":"Sites remarquables"},"content":{"rendered":"\n\t\t\t<div class=\"wp-block-uagb-post-grid uagb-post-grid  uagb-post__image-position-top uagb-post__image-enabled uagb-block-1a9a4dea     uagb-post__items uagb-post__columns-3 is-grid uagb-post__columns-tablet-2 uagb-post__columns-mobile-1 uagb-post__equal-height\" data-total=\"2\" style=\"\">\n\n\t\t\t\t\t\t\t\t\t\t\t\t<article class=\"uagb-post__inner-wrap\">\t\t\t\t\t\t\t\t<div class='uagb-post__image'>\n\t\t\t\t\t\t\t\t\t<a href=\"https:\/\/fuveau.net\/index.php\/2023\/11\/20\/ou-niche-sainte-barbe\/\" target=\"_self\" rel=\"bookmark noopener noreferrer\" class='uagb-image-ratio-inherit'><img loading=\"lazy\" decoding=\"async\" width=\"501\" height=\"690\" src=\"https:\/\/fuveau.net\/wp-content\/uploads\/2023\/11\/ste-barbe1.jpg\" class=\"attachment-large size-large\" alt=\"\" srcset=\"https:\/\/fuveau.net\/wp-content\/uploads\/2023\/11\/ste-barbe1.jpg 501w, https:\/\/fuveau.net\/wp-content\/uploads\/2023\/11\/ste-barbe1-218x300.jpg 218w\" sizes=\"auto, (max-width: 501px) 100vw, 501px\" \/>\t\t\t\t\t<\/a>\n\t\t\t\t\t\t\t<\/div>\n\t\t\t\t\t\t<h4 class=\"uagb-post__title uagb-post__text\">\n\t\t\t\t<a href=\"https:\/\/fuveau.net\/index.php\/2023\/11\/20\/ou-niche-sainte-barbe\/\" target=\"_self\" rel=\"bookmark noopener noreferrer\">O\u00f9 niche sainte Barbe ?<\/a>\n\t\t\t<\/h4>\n\t\t\t\t\t\t<div class='uagb-post__text uagb-post-grid-byline'>\n\t\t\t\t\t\t\t<\/div>\n\t\t\t\t\t\t\t<div class='uagb-post__text uagb-post__excerpt'>\n\t\t\t\t\t<p>ou contribution \u00e0 la conservation du patrimoine Cette photo \u00e0 \u00e9t\u00e9 prise dans la traverse&#8230;\t\t\t\t<\/div>\n\t\t\t\t\t\t<div class=\"uagb-post__text uagb-post__cta wp-block-button\">\n\t\t\t\t<a class=\"wp-block-button__link uagb-text-link\" style=\"\" href=\"https:\/\/fuveau.net\/index.php\/2023\/11\/20\/ou-niche-sainte-barbe\/\" target=\"_self\" rel=\"bookmark noopener noreferrer\">Lire la suite<\/a>\n\t\t\t<\/div>\n\t\t\t\n\t\t\t\t\t\t\t\t\t<\/article>\n\t\t\t\t\t\t\t\t\t\t\t\t\t\t\t\t<article class=\"uagb-post__inner-wrap\">\t\t\t\t\t\t\t\t<div class='uagb-post__image'>\n\t\t\t\t\t\t\t\t\t<a href=\"https:\/\/fuveau.net\/index.php\/2023\/11\/20\/les-coutrons\/\" target=\"_self\" rel=\"bookmark noopener noreferrer\" class='uagb-image-ratio-inherit'><img loading=\"lazy\" decoding=\"async\" width=\"676\" height=\"507\" src=\"https:\/\/fuveau.net\/wp-content\/uploads\/2023\/09\/coutron-de-Piq-1024x768.jpg\" class=\"attachment-large size-large\" alt=\"\" srcset=\"https:\/\/fuveau.net\/wp-content\/uploads\/2023\/09\/coutron-de-Piq-1024x768.jpg 1024w, https:\/\/fuveau.net\/wp-content\/uploads\/2023\/09\/coutron-de-Piq-300x225.jpg 300w, https:\/\/fuveau.net\/wp-content\/uploads\/2023\/09\/coutron-de-Piq-768x576.jpg 768w, https:\/\/fuveau.net\/wp-content\/uploads\/2023\/09\/coutron-de-Piq-1536x1152.jpg 1536w, https:\/\/fuveau.net\/wp-content\/uploads\/2023\/09\/coutron-de-Piq-676x507.jpg 676w, https:\/\/fuveau.net\/wp-content\/uploads\/2023\/09\/coutron-de-Piq.jpg 2048w\" sizes=\"auto, (max-width: 676px) 100vw, 676px\" \/>\t\t\t\t\t<\/a>\n\t\t\t\t\t\t\t<\/div>\n\t\t\t\t\t\t<h4 class=\"uagb-post__title uagb-post__text\">\n\t\t\t\t<a href=\"https:\/\/fuveau.net\/index.php\/2023\/11\/20\/les-coutrons\/\" target=\"_self\" rel=\"bookmark noopener noreferrer\">Les coutrons<\/a>\n\t\t\t<\/h4>\n\t\t\t\t\t\t<div class='uagb-post__text uagb-post-grid-byline'>\n\t\t\t\t\t\t\t<\/div>\n\t\t\t\t\t\t\t<div class='uagb-post__text uagb-post__excerpt'>\n\t\t\t\t\t<p>Les coutrons ? Qu&rsquo;es ac\u00f2 ?&nbsp; Ce mot, vous ne le trouverez sur aucun dictionnaire&#8230;\t\t\t\t<\/div>\n\t\t\t\t\t\t<div class=\"uagb-post__text uagb-post__cta wp-block-button\">\n\t\t\t\t<a class=\"wp-block-button__link uagb-text-link\" style=\"\" href=\"https:\/\/fuveau.net\/index.php\/2023\/11\/20\/les-coutrons\/\" target=\"_self\" rel=\"bookmark noopener noreferrer\">Lire la suite<\/a>\n\t\t\t<\/div>\n\t\t\t\n\t\t\t\t\t\t\t\t\t<\/article>\n\t\t\t\t\t\t\t\t\t\t\t\t\t\t\t\t<article class=\"uagb-post__inner-wrap\">\t\t\t\t\t\t\t\t<div class='uagb-post__image'>\n\t\t\t\t\t\t\t\t\t<a href=\"https:\/\/fuveau.net\/index.php\/2023\/11\/18\/bastide-du-puget\/\" target=\"_self\" rel=\"bookmark noopener noreferrer\" class='uagb-image-ratio-inherit'><img loading=\"lazy\" decoding=\"async\" width=\"676\" height=\"451\" src=\"https:\/\/fuveau.net\/wp-content\/uploads\/2023\/11\/bastide-de-Puget.jpg\" class=\"attachment-large size-large\" alt=\"\" srcset=\"https:\/\/fuveau.net\/wp-content\/uploads\/2023\/11\/bastide-de-Puget.jpg 879w, https:\/\/fuveau.net\/wp-content\/uploads\/2023\/11\/bastide-de-Puget-300x200.jpg 300w, https:\/\/fuveau.net\/wp-content\/uploads\/2023\/11\/bastide-de-Puget-768x512.jpg 768w, https:\/\/fuveau.net\/wp-content\/uploads\/2023\/11\/bastide-de-Puget-676x451.jpg 676w\" sizes=\"auto, (max-width: 676px) 100vw, 676px\" \/>\t\t\t\t\t<\/a>\n\t\t\t\t\t\t\t<\/div>\n\t\t\t\t\t\t<h4 class=\"uagb-post__title uagb-post__text\">\n\t\t\t\t<a href=\"https:\/\/fuveau.net\/index.php\/2023\/11\/18\/bastide-du-puget\/\" target=\"_self\" rel=\"bookmark noopener noreferrer\">Bastide du Puget<\/a>\n\t\t\t<\/h4>\n\t\t\t\t\t\t<div class='uagb-post__text uagb-post-grid-byline'>\n\t\t\t\t\t\t\t<\/div>\n\t\t\t\t\t\t\t<div class='uagb-post__text uagb-post__excerpt'>\n\t\t\t\t\t<p>La&nbsp;Bastide de Puget&nbsp;est une&nbsp;bastide proven\u00e7ale&nbsp;situ\u00e9e sur le&nbsp;chemin de Bourtins&nbsp;\u00e0&nbsp;Meyreuil mais dans sa partie fuvelaine ,&#8230;\t\t\t\t<\/div>\n\t\t\t\t\t\t<div class=\"uagb-post__text uagb-post__cta wp-block-button\">\n\t\t\t\t<a class=\"wp-block-button__link uagb-text-link\" style=\"\" href=\"https:\/\/fuveau.net\/index.php\/2023\/11\/18\/bastide-du-puget\/\" target=\"_self\" rel=\"bookmark noopener noreferrer\">Lire la suite<\/a>\n\t\t\t<\/div>\n\t\t\t\n\t\t\t\t\t\t\t\t\t<\/article>\n\t\t\t\t\t\t\t\t\t\t\t\t\t\t\t\t<article class=\"uagb-post__inner-wrap\">\t\t\t\t\t\t\t\t<div class='uagb-post__image'>\n\t\t\t\t\t\t\t\t\t<a href=\"https:\/\/fuveau.net\/index.php\/2023\/11\/16\/le-pigeonnier-de-lespace-saint-michel\/\" target=\"_self\" rel=\"bookmark noopener noreferrer\" class='uagb-image-ratio-inherit'><img loading=\"lazy\" decoding=\"async\" width=\"676\" height=\"512\" src=\"https:\/\/fuveau.net\/wp-content\/uploads\/2023\/11\/pigeonnierr4-1-1024x776-1.jpg\" class=\"attachment-large size-large\" alt=\"\" srcset=\"https:\/\/fuveau.net\/wp-content\/uploads\/2023\/11\/pigeonnierr4-1-1024x776-1.jpg 1024w, https:\/\/fuveau.net\/wp-content\/uploads\/2023\/11\/pigeonnierr4-1-1024x776-1-300x227.jpg 300w, https:\/\/fuveau.net\/wp-content\/uploads\/2023\/11\/pigeonnierr4-1-1024x776-1-768x582.jpg 768w, https:\/\/fuveau.net\/wp-content\/uploads\/2023\/11\/pigeonnierr4-1-1024x776-1-676x512.jpg 676w\" sizes=\"auto, (max-width: 676px) 100vw, 676px\" \/>\t\t\t\t\t<\/a>\n\t\t\t\t\t\t\t<\/div>\n\t\t\t\t\t\t<h4 class=\"uagb-post__title uagb-post__text\">\n\t\t\t\t<a href=\"https:\/\/fuveau.net\/index.php\/2023\/11\/16\/le-pigeonnier-de-lespace-saint-michel\/\" target=\"_self\" rel=\"bookmark noopener noreferrer\">Le pigeonnier de l&rsquo;Espace Saint-Michel<\/a>\n\t\t\t<\/h4>\n\t\t\t\t\t\t<div class='uagb-post__text uagb-post-grid-byline'>\n\t\t\t\t\t\t\t<\/div>\n\t\t\t\t\t\t\t<div class='uagb-post__text uagb-post__excerpt'>\n\t\t\t\t\t<p>Dominant le sud du village, l&rsquo;Espace Saint-Michel offre \u00e0 tous ceux qui veulent profiter d&rsquo;un&#8230;\t\t\t\t<\/div>\n\t\t\t\t\t\t<div class=\"uagb-post__text uagb-post__cta wp-block-button\">\n\t\t\t\t<a class=\"wp-block-button__link uagb-text-link\" style=\"\" href=\"https:\/\/fuveau.net\/index.php\/2023\/11\/16\/le-pigeonnier-de-lespace-saint-michel\/\" target=\"_self\" rel=\"bookmark noopener noreferrer\">Lire la suite<\/a>\n\t\t\t<\/div>\n\t\t\t\n\t\t\t\t\t\t\t\t\t<\/article>\n\t\t\t\t\t\t\t\t\t\t\t\t\t\t\t\t<article class=\"uagb-post__inner-wrap\">\t\t\t\t\t\t\t\t<div class='uagb-post__image'>\n\t\t\t\t\t\t\t\t\t<a href=\"https:\/\/fuveau.net\/index.php\/2023\/11\/16\/les-fours-a-chaux-ou-a-ciment\/\" target=\"_self\" rel=\"bookmark noopener noreferrer\" class='uagb-image-ratio-inherit'><img loading=\"lazy\" decoding=\"async\" width=\"640\" height=\"480\" src=\"https:\/\/fuveau.net\/wp-content\/uploads\/2023\/11\/mine_chaux-1.jpg\" class=\"attachment-large size-large\" alt=\"\" srcset=\"https:\/\/fuveau.net\/wp-content\/uploads\/2023\/11\/mine_chaux-1.jpg 640w, https:\/\/fuveau.net\/wp-content\/uploads\/2023\/11\/mine_chaux-1-300x225.jpg 300w\" sizes=\"auto, (max-width: 640px) 100vw, 640px\" \/>\t\t\t\t\t<\/a>\n\t\t\t\t\t\t\t<\/div>\n\t\t\t\t\t\t<h4 class=\"uagb-post__title uagb-post__text\">\n\t\t\t\t<a href=\"https:\/\/fuveau.net\/index.php\/2023\/11\/16\/les-fours-a-chaux-ou-a-ciment\/\" target=\"_self\" rel=\"bookmark noopener noreferrer\">Les fours \u00e0 chaux ou \u00e0 ciment<\/a>\n\t\t\t<\/h4>\n\t\t\t\t\t\t<div class='uagb-post__text uagb-post-grid-byline'>\n\t\t\t\t\t\t\t<\/div>\n\t\t\t\t\t\t\t<div class='uagb-post__text uagb-post__excerpt'>\n\t\t\t\t\t<p>Voici ce qu&rsquo;il reste d&rsquo;un four \u00e0 ciment exploit\u00e9 en limite de la commune jusqu&rsquo;au&#8230;\t\t\t\t<\/div>\n\t\t\t\t\t\t<div class=\"uagb-post__text uagb-post__cta wp-block-button\">\n\t\t\t\t<a class=\"wp-block-button__link uagb-text-link\" style=\"\" href=\"https:\/\/fuveau.net\/index.php\/2023\/11\/16\/les-fours-a-chaux-ou-a-ciment\/\" target=\"_self\" rel=\"bookmark noopener noreferrer\">Lire la suite<\/a>\n\t\t\t<\/div>\n\t\t\t\n\t\t\t\t\t\t\t\t\t<\/article>\n\t\t\t\t\t\t\t\t\t\t\t\t\t\t\t\t<article class=\"uagb-post__inner-wrap\">\t\t\t\t\t\t\t\t<div class='uagb-post__image'>\n\t\t\t\t\t\t\t\t\t<a href=\"https:\/\/fuveau.net\/index.php\/2023\/11\/13\/le-barrage\/\" target=\"_self\" rel=\"bookmark noopener noreferrer\" class='uagb-image-ratio-inherit'><img loading=\"lazy\" decoding=\"async\" width=\"500\" height=\"375\" src=\"https:\/\/fuveau.net\/wp-content\/uploads\/2023\/11\/Barrage1-1.jpg\" class=\"attachment-large size-large\" alt=\"\" srcset=\"https:\/\/fuveau.net\/wp-content\/uploads\/2023\/11\/Barrage1-1.jpg 500w, https:\/\/fuveau.net\/wp-content\/uploads\/2023\/11\/Barrage1-1-300x225.jpg 300w\" sizes=\"auto, (max-width: 500px) 100vw, 500px\" \/>\t\t\t\t\t<\/a>\n\t\t\t\t\t\t\t<\/div>\n\t\t\t\t\t\t<h4 class=\"uagb-post__title uagb-post__text\">\n\t\t\t\t<a href=\"https:\/\/fuveau.net\/index.php\/2023\/11\/13\/le-barrage\/\" target=\"_self\" rel=\"bookmark noopener noreferrer\">Le Barrage<\/a>\n\t\t\t<\/h4>\n\t\t\t\t\t\t<div class='uagb-post__text uagb-post-grid-byline'>\n\t\t\t\t\t\t\t<\/div>\n\t\t\t\t\t\t\t<div class='uagb-post__text uagb-post__excerpt'>\n\t\t\t\t\t<p>Avant le passage de l&rsquo;autoroute A7, un barrage, maintenant totalement ras\u00e9 et dont aucune substruction&#8230;\t\t\t\t<\/div>\n\t\t\t\t\t\t<div class=\"uagb-post__text uagb-post__cta wp-block-button\">\n\t\t\t\t<a class=\"wp-block-button__link uagb-text-link\" style=\"\" href=\"https:\/\/fuveau.net\/index.php\/2023\/11\/13\/le-barrage\/\" target=\"_self\" rel=\"bookmark noopener noreferrer\">Lire la suite<\/a>\n\t\t\t<\/div>\n\t\t\t\n\t\t\t\t\t\t\t\t\t<\/article>\n\t\t\t\t\t\t\t\t\t\t\t\t\t\t\t\t<article class=\"uagb-post__inner-wrap\">\t\t\t\t\t\t\t\t<div class='uagb-post__image'>\n\t\t\t\t\t\t\t\t\t<a href=\"https:\/\/fuveau.net\/index.php\/2023\/11\/13\/la-galerie-et-le-lavoir\/\" target=\"_self\" rel=\"bookmark noopener noreferrer\" class='uagb-image-ratio-inherit'><img loading=\"lazy\" decoding=\"async\" width=\"605\" height=\"301\" src=\"https:\/\/fuveau.net\/wp-content\/uploads\/2023\/11\/coupe-galerie.jpg\" class=\"attachment-large size-large\" alt=\"\" srcset=\"https:\/\/fuveau.net\/wp-content\/uploads\/2023\/11\/coupe-galerie.jpg 605w, https:\/\/fuveau.net\/wp-content\/uploads\/2023\/11\/coupe-galerie-300x149.jpg 300w\" sizes=\"auto, (max-width: 605px) 100vw, 605px\" \/>\t\t\t\t\t<\/a>\n\t\t\t\t\t\t\t<\/div>\n\t\t\t\t\t\t<h4 class=\"uagb-post__title uagb-post__text\">\n\t\t\t\t<a href=\"https:\/\/fuveau.net\/index.php\/2023\/11\/13\/la-galerie-et-le-lavoir\/\" target=\"_self\" rel=\"bookmark noopener noreferrer\">La galerie et le lavoir<\/a>\n\t\t\t<\/h4>\n\t\t\t\t\t\t<div class='uagb-post__text uagb-post-grid-byline'>\n\t\t\t\t\t\t\t<\/div>\n\t\t\t\t\t\t\t<div class='uagb-post__text uagb-post__excerpt'>\n\t\t\t\t\t<p>La galerie&nbsp;est un souterrain de 3000 m\u00e8tres creus\u00e9 de 1842 \u00e0 1846, par la compagnie&#8230;\t\t\t\t<\/div>\n\t\t\t\t\t\t<div class=\"uagb-post__text uagb-post__cta wp-block-button\">\n\t\t\t\t<a class=\"wp-block-button__link uagb-text-link\" style=\"\" href=\"https:\/\/fuveau.net\/index.php\/2023\/11\/13\/la-galerie-et-le-lavoir\/\" target=\"_self\" rel=\"bookmark noopener noreferrer\">Lire la suite<\/a>\n\t\t\t<\/div>\n\t\t\t\n\t\t\t\t\t\t\t\t\t<\/article>\n\t\t\t\t\t\t\t\t\t\t\t\t\t\t\t\t<article class=\"uagb-post__inner-wrap\">\t\t\t\t\t\t\t\t<h4 class=\"uagb-post__title uagb-post__text\">\n\t\t\t\t<a href=\"https:\/\/fuveau.net\/index.php\/2023\/11\/13\/le-vieux-lavoir\/\" target=\"_self\" rel=\"bookmark noopener noreferrer\">Le vieux lavoir.\u00a0\u00a0<\/a>\n\t\t\t<\/h4>\n\t\t\t\t\t\t<div class='uagb-post__text uagb-post-grid-byline'>\n\t\t\t\t\t\t\t<\/div>\n\t\t\t\t\t\t\t<div class='uagb-post__text uagb-post__excerpt'>\n\t\t\t\t\t<p>Voici un \u00ab\u00a0classique\u00a0\u00bb du patrimoine de Fuveau. Ce v\u00e9n\u00e9rable lavoir n&rsquo;est pas encore \u00e2g\u00e9 d&rsquo;un&#8230;\t\t\t\t<\/div>\n\t\t\t\t\t\t<div class=\"uagb-post__text uagb-post__cta wp-block-button\">\n\t\t\t\t<a class=\"wp-block-button__link uagb-text-link\" style=\"\" href=\"https:\/\/fuveau.net\/index.php\/2023\/11\/13\/le-vieux-lavoir\/\" target=\"_self\" rel=\"bookmark noopener noreferrer\">Lire la suite<\/a>\n\t\t\t<\/div>\n\t\t\t\n\t\t\t\t\t\t\t\t\t<\/article>\n\t\t\t\t\t\t\t\t\t\t\t\t\t\t\t\t<article class=\"uagb-post__inner-wrap\">\t\t\t\t\t\t\t\t<div class='uagb-post__image'>\n\t\t\t\t\t\t\t\t\t<a href=\"https:\/\/fuveau.net\/index.php\/2023\/11\/10\/fuveau-1825\/\" target=\"_self\" rel=\"bookmark noopener noreferrer\" class='uagb-image-ratio-inherit'><img loading=\"lazy\" decoding=\"async\" width=\"595\" height=\"563\" src=\"https:\/\/fuveau.net\/wp-content\/uploads\/2023\/11\/1825vue_ensemble-1.jpg\" class=\"attachment-large size-large\" alt=\"\" srcset=\"https:\/\/fuveau.net\/wp-content\/uploads\/2023\/11\/1825vue_ensemble-1.jpg 595w, https:\/\/fuveau.net\/wp-content\/uploads\/2023\/11\/1825vue_ensemble-1-300x284.jpg 300w\" sizes=\"auto, (max-width: 595px) 100vw, 595px\" \/>\t\t\t\t\t<\/a>\n\t\t\t\t\t\t\t<\/div>\n\t\t\t\t\t\t<h4 class=\"uagb-post__title uagb-post__text\">\n\t\t\t\t<a href=\"https:\/\/fuveau.net\/index.php\/2023\/11\/10\/fuveau-1825\/\" target=\"_self\" rel=\"bookmark noopener noreferrer\">Fuveau 1825<\/a>\n\t\t\t<\/h4>\n\t\t\t\t\t\t<div class='uagb-post__text uagb-post-grid-byline'>\n\t\t\t\t\t\t\t<\/div>\n\t\t\t\t\t\t\t<div class='uagb-post__text uagb-post__excerpt'>\n\t\t\t\t\t<p>Nous voici au d\u00e9but du dix-neuvi\u00e8me si\u00e8cle, Fuveau vient de sortir de ses murs et&#8230;\t\t\t\t<\/div>\n\t\t\t\t\t\t<div class=\"uagb-post__text uagb-post__cta wp-block-button\">\n\t\t\t\t<a class=\"wp-block-button__link uagb-text-link\" style=\"\" href=\"https:\/\/fuveau.net\/index.php\/2023\/11\/10\/fuveau-1825\/\" target=\"_self\" rel=\"bookmark noopener noreferrer\">Lire la suite<\/a>\n\t\t\t<\/div>\n\t\t\t\n\t\t\t\t\t\t\t\t\t<\/article>\n\t\t\t\t\t\t\t\t\t\t\t\t\t\t\t\t<article class=\"uagb-post__inner-wrap\">\t\t\t\t\t\t\t\t<div class='uagb-post__image'>\n\t\t\t\t\t\t\t\t\t<a href=\"https:\/\/fuveau.net\/index.php\/2023\/11\/10\/mysterieuse-cheminee-saint-pol\/\" target=\"_self\" rel=\"bookmark noopener noreferrer\" class='uagb-image-ratio-inherit'><img loading=\"lazy\" decoding=\"async\" width=\"600\" height=\"450\" src=\"https:\/\/fuveau.net\/wp-content\/uploads\/2023\/11\/cheminee_mystere1-1.jpg\" class=\"attachment-large size-large\" alt=\"\" srcset=\"https:\/\/fuveau.net\/wp-content\/uploads\/2023\/11\/cheminee_mystere1-1.jpg 600w, https:\/\/fuveau.net\/wp-content\/uploads\/2023\/11\/cheminee_mystere1-1-300x225.jpg 300w\" sizes=\"auto, (max-width: 600px) 100vw, 600px\" \/>\t\t\t\t\t<\/a>\n\t\t\t\t\t\t\t<\/div>\n\t\t\t\t\t\t<h4 class=\"uagb-post__title uagb-post__text\">\n\t\t\t\t<a href=\"https:\/\/fuveau.net\/index.php\/2023\/11\/10\/mysterieuse-cheminee-saint-pol\/\" target=\"_self\" rel=\"bookmark noopener noreferrer\">Myst\u00e9rieuse chemin\u00e9e &#8211; Saint Pol<\/a>\n\t\t\t<\/h4>\n\t\t\t\t\t\t<div class='uagb-post__text uagb-post-grid-byline'>\n\t\t\t\t\t\t\t<\/div>\n\t\t\t\t\t\t\t<div class='uagb-post__text uagb-post__excerpt'>\n\t\t\t\t\t<p>Annie aime fl\u00e2ner sur les sentiers de colline de la commune. Elle vient d&rsquo;y red\u00e9couvrir&#8230;\t\t\t\t<\/div>\n\t\t\t\t\t\t<div class=\"uagb-post__text uagb-post__cta wp-block-button\">\n\t\t\t\t<a class=\"wp-block-button__link uagb-text-link\" style=\"\" href=\"https:\/\/fuveau.net\/index.php\/2023\/11\/10\/mysterieuse-cheminee-saint-pol\/\" target=\"_self\" rel=\"bookmark noopener noreferrer\">Lire la suite<\/a>\n\t\t\t<\/div>\n\t\t\t\n\t\t\t\t\t\t\t\t\t<\/article>\n\t\t\t\t\t\t\t\t\t\t\t\t\t\t\t\t<article class=\"uagb-post__inner-wrap\">\t\t\t\t\t\t\t\t<div class='uagb-post__image'>\n\t\t\t\t\t\t\t\t\t<a href=\"https:\/\/fuveau.net\/index.php\/2023\/11\/10\/braconnerie-de-saint-pol\/\" target=\"_self\" rel=\"bookmark noopener noreferrer\" class='uagb-image-ratio-inherit'><img loading=\"lazy\" decoding=\"async\" width=\"676\" height=\"486\" src=\"https:\/\/fuveau.net\/wp-content\/uploads\/2023\/11\/braconnerie-st-pol.jpg\" class=\"attachment-large size-large\" alt=\"\" srcset=\"https:\/\/fuveau.net\/wp-content\/uploads\/2023\/11\/braconnerie-st-pol.jpg 872w, https:\/\/fuveau.net\/wp-content\/uploads\/2023\/11\/braconnerie-st-pol-300x216.jpg 300w, https:\/\/fuveau.net\/wp-content\/uploads\/2023\/11\/braconnerie-st-pol-768x552.jpg 768w, https:\/\/fuveau.net\/wp-content\/uploads\/2023\/11\/braconnerie-st-pol-676x486.jpg 676w\" sizes=\"auto, (max-width: 676px) 100vw, 676px\" \/>\t\t\t\t\t<\/a>\n\t\t\t\t\t\t\t<\/div>\n\t\t\t\t\t\t<h4 class=\"uagb-post__title uagb-post__text\">\n\t\t\t\t<a href=\"https:\/\/fuveau.net\/index.php\/2023\/11\/10\/braconnerie-de-saint-pol\/\" target=\"_self\" rel=\"bookmark noopener noreferrer\">Braconnerie de Saint Pol<\/a>\n\t\t\t<\/h4>\n\t\t\t\t\t\t<div class='uagb-post__text uagb-post-grid-byline'>\n\t\t\t\t\t\t\t<\/div>\n\t\t\t\t\t\t\t<div class='uagb-post__text uagb-post__excerpt'>\n\t\t\t\t\t<p>Encore un bout du patrimoine de La Barque : la Braconnerie Saint-Pol sur la Nationale&#8230;\t\t\t\t<\/div>\n\t\t\t\t\t\t<div class=\"uagb-post__text uagb-post__cta wp-block-button\">\n\t\t\t\t<a class=\"wp-block-button__link uagb-text-link\" style=\"\" href=\"https:\/\/fuveau.net\/index.php\/2023\/11\/10\/braconnerie-de-saint-pol\/\" target=\"_self\" rel=\"bookmark noopener noreferrer\">Lire la suite<\/a>\n\t\t\t<\/div>\n\t\t\t\n\t\t\t\t\t\t\t\t\t<\/article>\n\t\t\t\t\t\t\t\t\t\t\t\t\t\t\t\t<article class=\"uagb-post__inner-wrap\">\t\t\t\t\t\t\t\t<h4 class=\"uagb-post__title uagb-post__text\">\n\t\t\t\t<a href=\"https:\/\/fuveau.net\/index.php\/2023\/10\/28\/une-legende-vraie-a-chateau-larc-2\/\" target=\"_self\" rel=\"bookmark noopener noreferrer\">Une l\u00e9gende vraie \u00e0 Ch\u00e2teau-l&rsquo;Arc<\/a>\n\t\t\t<\/h4>\n\t\t\t\t\t\t<div class='uagb-post__text uagb-post-grid-byline'>\n\t\t\t\t\t\t\t<\/div>\n\t\t\t\t\t\t\t<div class='uagb-post__text uagb-post__excerpt'>\n\t\t\t\t\t<p>Apr\u00e8s deux ventes au cours du dix-neuvi\u00e8me si\u00e8cle, Ch\u00e2teau-l&rsquo;Arc est pass\u00e9 dans les mains d&rsquo;une&#8230;\t\t\t\t<\/div>\n\t\t\t\t\t\t<div class=\"uagb-post__text uagb-post__cta wp-block-button\">\n\t\t\t\t<a class=\"wp-block-button__link uagb-text-link\" style=\"\" href=\"https:\/\/fuveau.net\/index.php\/2023\/10\/28\/une-legende-vraie-a-chateau-larc-2\/\" target=\"_self\" rel=\"bookmark noopener noreferrer\">Lire la suite<\/a>\n\t\t\t<\/div>\n\t\t\t\n\t\t\t\t\t\t\t\t\t<\/article>\n\t\t\t\t\t\t\t\t\t\t\t\t\t\t\t\t<article class=\"uagb-post__inner-wrap\">\t\t\t\t\t\t\t\t<h4 class=\"uagb-post__title uagb-post__text\">\n\t\t\t\t<a href=\"https:\/\/fuveau.net\/index.php\/2023\/10\/28\/histoire-de-chateau-larc\/\" target=\"_self\" rel=\"bookmark noopener noreferrer\">Histoire de Ch\u00e2teau l&rsquo;Arc<\/a>\n\t\t\t<\/h4>\n\t\t\t\t\t\t<div class='uagb-post__text uagb-post-grid-byline'>\n\t\t\t\t\t\t\t<\/div>\n\t\t\t\t\t\t\t<div class='uagb-post__text uagb-post__excerpt'>\n\t\t\t\t\t<p>Vous trouverez ci-dessous la copie d&rsquo;une publication \u00e9crite par Antoine de Jessi en 1940 sur&#8230;\t\t\t\t<\/div>\n\t\t\t\t\t\t<div class=\"uagb-post__text uagb-post__cta wp-block-button\">\n\t\t\t\t<a class=\"wp-block-button__link uagb-text-link\" style=\"\" href=\"https:\/\/fuveau.net\/index.php\/2023\/10\/28\/histoire-de-chateau-larc\/\" target=\"_self\" rel=\"bookmark noopener noreferrer\">Lire la suite<\/a>\n\t\t\t<\/div>\n\t\t\t\n\t\t\t\t\t\t\t\t\t<\/article>\n\t\t\t\t\t\t\t\t\t\t\t\t\t\t\t\t<article class=\"uagb-post__inner-wrap\">\t\t\t\t\t\t\t\t<h4 class=\"uagb-post__title uagb-post__text\">\n\t\t\t\t<a href=\"https:\/\/fuveau.net\/index.php\/2023\/10\/28\/archeologie-de-proximite-2\/\" target=\"_self\" rel=\"bookmark noopener noreferrer\">Arch\u00e9ologie de proximit\u00e9.<\/a>\n\t\t\t<\/h4>\n\t\t\t\t\t\t<div class='uagb-post__text uagb-post-grid-byline'>\n\t\t\t\t\t\t\t<\/div>\n\t\t\t\t\t\t\t<div class='uagb-post__text uagb-post__excerpt'>\n\t\t\t\t\t<p>Lors de tous r\u00e9cents travaux de consolidation des vo\u00fbtes situ\u00e9es au-dessous du monument aux Morts,&#8230;\t\t\t\t<\/div>\n\t\t\t\t\t\t<div class=\"uagb-post__text uagb-post__cta wp-block-button\">\n\t\t\t\t<a class=\"wp-block-button__link uagb-text-link\" style=\"\" href=\"https:\/\/fuveau.net\/index.php\/2023\/10\/28\/archeologie-de-proximite-2\/\" target=\"_self\" rel=\"bookmark noopener noreferrer\">Lire la suite<\/a>\n\t\t\t<\/div>\n\t\t\t\n\t\t\t\t\t\t\t\t\t<\/article>\n\t\t\t\t\t\t\t\t\t\t\t\t\t\t\t\t<article class=\"uagb-post__inner-wrap\">\t\t\t\t\t\t\t\t<div class='uagb-post__image'>\n\t\t\t\t\t\t\t\t\t<a href=\"https:\/\/fuveau.net\/index.php\/2023\/10\/26\/la-porte-de-bassac-2\/\" target=\"_self\" rel=\"bookmark noopener noreferrer\" class='uagb-image-ratio-inherit'><img loading=\"lazy\" decoding=\"async\" width=\"324\" height=\"480\" src=\"https:\/\/fuveau.net\/wp-content\/uploads\/2023\/09\/750-Un_coin_de_la_vieille_villeR-1.jpg\" class=\"attachment-large size-large\" alt=\"\" srcset=\"https:\/\/fuveau.net\/wp-content\/uploads\/2023\/09\/750-Un_coin_de_la_vieille_villeR-1.jpg 324w, https:\/\/fuveau.net\/wp-content\/uploads\/2023\/09\/750-Un_coin_de_la_vieille_villeR-1-203x300.jpg 203w\" sizes=\"auto, (max-width: 324px) 100vw, 324px\" \/>\t\t\t\t\t<\/a>\n\t\t\t\t\t\t\t<\/div>\n\t\t\t\t\t\t<h4 class=\"uagb-post__title uagb-post__text\">\n\t\t\t\t<a href=\"https:\/\/fuveau.net\/index.php\/2023\/10\/26\/la-porte-de-bassac-2\/\" target=\"_self\" rel=\"bookmark noopener noreferrer\">La porte de Bassac<\/a>\n\t\t\t<\/h4>\n\t\t\t\t\t\t<div class='uagb-post__text uagb-post-grid-byline'>\n\t\t\t\t\t\t\t<\/div>\n\t\t\t\t\t\t\t<div class='uagb-post__text uagb-post__excerpt'>\n\t\t\t\t\t<p>Ci-dessus, la Porte de Bassac cot\u00e9 sud, du nom du sire de Bassac, avocat aixois,&#8230;\t\t\t\t<\/div>\n\t\t\t\t\t\t<div class=\"uagb-post__text uagb-post__cta wp-block-button\">\n\t\t\t\t<a class=\"wp-block-button__link uagb-text-link\" style=\"\" href=\"https:\/\/fuveau.net\/index.php\/2023\/10\/26\/la-porte-de-bassac-2\/\" target=\"_self\" rel=\"bookmark noopener noreferrer\">Lire la suite<\/a>\n\t\t\t<\/div>\n\t\t\t\n\t\t\t\t\t\t\t\t\t<\/article>\n\t\t\t\t\t\t\t\t\t\t\t\t\t\t\t\t<article class=\"uagb-post__inner-wrap\">\t\t\t\t\t\t\t\t<h4 class=\"uagb-post__title uagb-post__text\">\n\t\t\t\t<a href=\"https:\/\/fuveau.net\/index.php\/2023\/10\/25\/le-moulin-a-huile\/\" target=\"_self\" rel=\"bookmark noopener noreferrer\">Le moulin \u00e0 huile<\/a>\n\t\t\t<\/h4>\n\t\t\t\t\t\t<div class='uagb-post__text uagb-post-grid-byline'>\n\t\t\t\t\t\t\t<\/div>\n\t\t\t\t\t\t\t<div class='uagb-post__text uagb-post__excerpt'>\n\t\t\t\t\t<p>Nous montons la rue\u00a0Rondet\u00a0qui \u00e9tait auparavant d\u00e9nomm\u00e9e rue Vend\u00f4me, quel revirement ! L&rsquo;avant-derniere maison \u00e0&#8230;\t\t\t\t<\/div>\n\t\t\t\t\t\t<div class=\"uagb-post__text uagb-post__cta wp-block-button\">\n\t\t\t\t<a class=\"wp-block-button__link uagb-text-link\" style=\"\" href=\"https:\/\/fuveau.net\/index.php\/2023\/10\/25\/le-moulin-a-huile\/\" target=\"_self\" rel=\"bookmark noopener noreferrer\">Lire la suite<\/a>\n\t\t\t<\/div>\n\t\t\t\n\t\t\t\t\t\t\t\t\t<\/article>\n\t\t\t\t\t\t\t\t\t\t\t\t\t\t\t\t<article class=\"uagb-post__inner-wrap\">\t\t\t\t\t\t\t\t<h4 class=\"uagb-post__title uagb-post__text\">\n\t\t\t\t<a href=\"https:\/\/fuveau.net\/index.php\/2023\/10\/24\/chimie-alchimie-ou-palimpseste\/\" target=\"_self\" rel=\"bookmark noopener noreferrer\">Chimie, alchimie ou palimpseste?<\/a>\n\t\t\t<\/h4>\n\t\t\t\t\t\t<div class='uagb-post__text uagb-post-grid-byline'>\n\t\t\t\t\t\t\t<\/div>\n\t\t\t\t\t\t\t<div class='uagb-post__text uagb-post__excerpt'>\n\t\t\t\t\t<p>Nous sommes \u00e0 l&rsquo;angle de la rue de la R\u00e9publique&nbsp;&nbsp;&#8211;&nbsp; la Grand&rsquo;rue &#8211; et de&#8230;\t\t\t\t<\/div>\n\t\t\t\t\t\t<div class=\"uagb-post__text uagb-post__cta wp-block-button\">\n\t\t\t\t<a class=\"wp-block-button__link uagb-text-link\" style=\"\" href=\"https:\/\/fuveau.net\/index.php\/2023\/10\/24\/chimie-alchimie-ou-palimpseste\/\" target=\"_self\" rel=\"bookmark noopener noreferrer\">Lire la suite<\/a>\n\t\t\t<\/div>\n\t\t\t\n\t\t\t\t\t\t\t\t\t<\/article>\n\t\t\t\t\t\t\t\t\t\t\t\t\t\t\t\t<article class=\"uagb-post__inner-wrap\">\t\t\t\t\t\t\t\t<h4 class=\"uagb-post__title uagb-post__text\">\n\t\t\t\t<a href=\"https:\/\/fuveau.net\/index.php\/2023\/10\/14\/le-tour-des-freres\/\" target=\"_self\" rel=\"bookmark noopener noreferrer\">Le tour des Fr\u00e8res<\/a>\n\t\t\t<\/h4>\n\t\t\t\t\t\t<div class='uagb-post__text uagb-post-grid-byline'>\n\t\t\t\t\t\t\t<\/div>\n\t\t\t\t\t\t\t<div class='uagb-post__text uagb-post__excerpt'>\n\t\t\t\t\t<p>Il \u00e9tait une promenade digestive qu&rsquo;aimaient faire les fuvelains surtout au frais le soir. Longue&#8230;\t\t\t\t<\/div>\n\t\t\t\t\t\t<div class=\"uagb-post__text uagb-post__cta wp-block-button\">\n\t\t\t\t<a class=\"wp-block-button__link uagb-text-link\" style=\"\" href=\"https:\/\/fuveau.net\/index.php\/2023\/10\/14\/le-tour-des-freres\/\" target=\"_self\" rel=\"bookmark noopener noreferrer\">Lire la suite<\/a>\n\t\t\t<\/div>\n\t\t\t\n\t\t\t\t\t\t\t\t\t<\/article>\n\t\t\t\t\t\t\t\t\t\t\t\t\t\t\t\t<article class=\"uagb-post__inner-wrap\">\t\t\t\t\t\t\t\t<h4 class=\"uagb-post__title uagb-post__text\">\n\t\t\t\t<a href=\"https:\/\/fuveau.net\/index.php\/2023\/09\/20\/nouveau-site-archeologique-2\/\" target=\"_self\" rel=\"bookmark noopener noreferrer\">Nouveau site arch\u00e9ologique<\/a>\n\t\t\t<\/h4>\n\t\t\t\t\t\t<div class='uagb-post__text uagb-post-grid-byline'>\n\t\t\t\t\t\t\t<\/div>\n\t\t\t\t\t\t\t<div class='uagb-post__text uagb-post__excerpt'>\n\t\t\t\t\tpoin\u00e7onnage \u00e0 rouelles, symbolique pal\u00e9o-chr\u00e9tiennes\t\t\t\t<\/div>\n\t\t\t\t\t\t<div class=\"uagb-post__text uagb-post__cta wp-block-button\">\n\t\t\t\t<a class=\"wp-block-button__link uagb-text-link\" style=\"\" href=\"https:\/\/fuveau.net\/index.php\/2023\/09\/20\/nouveau-site-archeologique-2\/\" target=\"_self\" rel=\"bookmark noopener noreferrer\">Lire la suite<\/a>\n\t\t\t<\/div>\n\t\t\t\n\t\t\t\t\t\t\t\t\t<\/article>\n\t\t\t\t\t\t\t\t\t\t\t\t\t\t\t\t<article class=\"uagb-post__inner-wrap\">\t\t\t\t\t\t\t\t<h4 class=\"uagb-post__title uagb-post__text\">\n\t\t\t\t<a href=\"https:\/\/fuveau.net\/index.php\/2023\/09\/09\/sous-les-ponts-de-fuveau\/\" target=\"_self\" rel=\"bookmark noopener noreferrer\">Sous les ponts de Fuveau<\/a>\n\t\t\t<\/h4>\n\t\t\t\t\t\t<div class='uagb-post__text uagb-post-grid-byline'>\n\t\t\t\t\t\t\t<\/div>\n\t\t\t\t\t\t\t<div class='uagb-post__text uagb-post__excerpt'>\n\t\t\t\t\t<p>Voici le plus ancien des ponts se situant sur notre commune, il a \u00e9t\u00e9 r\u00e9nov\u00e9&#8230;\t\t\t\t<\/div>\n\t\t\t\t\t\t<div class=\"uagb-post__text uagb-post__cta wp-block-button\">\n\t\t\t\t<a class=\"wp-block-button__link uagb-text-link\" style=\"\" href=\"https:\/\/fuveau.net\/index.php\/2023\/09\/09\/sous-les-ponts-de-fuveau\/\" target=\"_self\" rel=\"bookmark noopener noreferrer\">Lire la suite<\/a>\n\t\t\t<\/div>\n\t\t\t\n\t\t\t\t\t\t\t\t\t<\/article>\n\t\t\t\t\t\t\t\t\t\t\t\t\t\t\t\t<article class=\"uagb-post__inner-wrap\">\t\t\t\t\t\t\t\t<h4 class=\"uagb-post__title uagb-post__text\">\n\t\t\t\t<a href=\"https:\/\/fuveau.net\/index.php\/2023\/09\/03\/ou-est-la-porte-juin-2016\/\" target=\"_self\" rel=\"bookmark noopener noreferrer\">O\u00f9 est la porte ? (juin 2016)<\/a>\n\t\t\t<\/h4>\n\t\t\t\t\t\t<div class='uagb-post__text uagb-post-grid-byline'>\n\t\t\t\t\t\t\t<\/div>\n\t\t\t\t\t\t\t<div class='uagb-post__text uagb-post__excerpt'>\n\t\t\t\t\t<p>Au treizi\u00e8me si\u00e8cle au premier quart du dix-neuvi\u00e8me, Fuveau, enserr\u00e9 dans ses murs et perch\u00e9&#8230;\t\t\t\t<\/div>\n\t\t\t\t\t\t<div class=\"uagb-post__text uagb-post__cta wp-block-button\">\n\t\t\t\t<a class=\"wp-block-button__link uagb-text-link\" style=\"\" href=\"https:\/\/fuveau.net\/index.php\/2023\/09\/03\/ou-est-la-porte-juin-2016\/\" target=\"_self\" rel=\"bookmark noopener noreferrer\">Lire la suite<\/a>\n\t\t\t<\/div>\n\t\t\t\n\t\t\t\t\t\t\t\t\t<\/article>\n\t\t\t\t\t\t\t\t\t\t\t<\/div>\n\t\t\t","protected":false},"excerpt":{"rendered":"","protected":false},"author":3,"featured_media":0,"parent":453,"menu_order":3,"comment_status":"closed","ping_status":"closed","template":"","meta":{"_uag_custom_page_level_css":"","iawp_total_views":59,"footnotes":""},"class_list":["post-509","page","type-page","status-publish","hentry","post-preview"],"yoast_head":"<!-- This site is optimized with the Yoast SEO plugin v27.4 - https:\/\/yoast.com\/product\/yoast-seo-wordpress\/ -->\n<title>Sites remarquables - Petites et grandes Histoires de Fuveau<\/title>\n<meta name=\"robots\" content=\"index, follow, max-snippet:-1, max-image-preview:large, max-video-preview:-1\" \/>\n<link rel=\"canonical\" href=\"https:\/\/fuveau.net\/index.php\/lieux\/sites-remarquables\/\" \/>\n<meta property=\"og:locale\" content=\"fr_FR\" \/>\n<meta property=\"og:type\" content=\"article\" \/>\n<meta property=\"og:title\" content=\"Sites remarquables - Petites et grandes Histoires de Fuveau\" \/>\n<meta property=\"og:url\" content=\"https:\/\/fuveau.net\/index.php\/lieux\/sites-remarquables\/\" \/>\n<meta property=\"og:site_name\" content=\"Petites et grandes Histoires de Fuveau\" \/>\n<meta property=\"article:modified_time\" content=\"2023-11-23T15:38:54+00:00\" \/>\n<meta name=\"twitter:card\" content=\"summary_large_image\" \/>\n<script type=\"application\/ld+json\" class=\"yoast-schema-graph\">{\"@context\":\"https:\\\/\\\/schema.org\",\"@graph\":[{\"@type\":\"WebPage\",\"@id\":\"https:\\\/\\\/fuveau.net\\\/index.php\\\/lieux\\\/sites-remarquables\\\/\",\"url\":\"https:\\\/\\\/fuveau.net\\\/index.php\\\/lieux\\\/sites-remarquables\\\/\",\"name\":\"Sites remarquables - Petites et grandes Histoires de Fuveau\",\"isPartOf\":{\"@id\":\"https:\\\/\\\/fuveau.net\\\/#website\"},\"datePublished\":\"2023-09-09T13:38:01+00:00\",\"dateModified\":\"2023-11-23T15:38:54+00:00\",\"breadcrumb\":{\"@id\":\"https:\\\/\\\/fuveau.net\\\/index.php\\\/lieux\\\/sites-remarquables\\\/#breadcrumb\"},\"inLanguage\":\"fr-FR\",\"potentialAction\":[{\"@type\":\"ReadAction\",\"target\":[\"https:\\\/\\\/fuveau.net\\\/index.php\\\/lieux\\\/sites-remarquables\\\/\"]}]},{\"@type\":\"BreadcrumbList\",\"@id\":\"https:\\\/\\\/fuveau.net\\\/index.php\\\/lieux\\\/sites-remarquables\\\/#breadcrumb\",\"itemListElement\":[{\"@type\":\"ListItem\",\"position\":1,\"name\":\"Accueil\",\"item\":\"https:\\\/\\\/fuveau.net\\\/\"},{\"@type\":\"ListItem\",\"position\":2,\"name\":\"Lieux\",\"item\":\"https:\\\/\\\/fuveau.net\\\/index.php\\\/lieux\\\/\"},{\"@type\":\"ListItem\",\"position\":3,\"name\":\"Sites remarquables\"}]},{\"@type\":\"WebSite\",\"@id\":\"https:\\\/\\\/fuveau.net\\\/#website\",\"url\":\"https:\\\/\\\/fuveau.net\\\/\",\"name\":\"Petites et grandes Histoires de Fuveau\",\"description\":\"Site patrimonial de l&#039;histoire de Fuveau\",\"publisher\":{\"@id\":\"https:\\\/\\\/fuveau.net\\\/#organization\"},\"potentialAction\":[{\"@type\":\"SearchAction\",\"target\":{\"@type\":\"EntryPoint\",\"urlTemplate\":\"https:\\\/\\\/fuveau.net\\\/?s={search_term_string}\"},\"query-input\":{\"@type\":\"PropertyValueSpecification\",\"valueRequired\":true,\"valueName\":\"search_term_string\"}}],\"inLanguage\":\"fr-FR\"},{\"@type\":\"Organization\",\"@id\":\"https:\\\/\\\/fuveau.net\\\/#organization\",\"name\":\"Petites et grandes Histoires de Fuveau\",\"url\":\"https:\\\/\\\/fuveau.net\\\/\",\"logo\":{\"@type\":\"ImageObject\",\"inLanguage\":\"fr-FR\",\"@id\":\"https:\\\/\\\/fuveau.net\\\/#\\\/schema\\\/logo\\\/image\\\/\",\"url\":\"https:\\\/\\\/fuveau.net\\\/wp-content\\\/uploads\\\/2023\\\/09\\\/logo-1.jpg\",\"contentUrl\":\"https:\\\/\\\/fuveau.net\\\/wp-content\\\/uploads\\\/2023\\\/09\\\/logo-1.jpg\",\"width\":815,\"height\":415,\"caption\":\"Petites et grandes Histoires de Fuveau\"},\"image\":{\"@id\":\"https:\\\/\\\/fuveau.net\\\/#\\\/schema\\\/logo\\\/image\\\/\"}}]}<\/script>\n<!-- \/ Yoast SEO plugin. -->","yoast_head_json":{"title":"Sites remarquables - Petites et grandes Histoires de Fuveau","robots":{"index":"index","follow":"follow","max-snippet":"max-snippet:-1","max-image-preview":"max-image-preview:large","max-video-preview":"max-video-preview:-1"},"canonical":"https:\/\/fuveau.net\/index.php\/lieux\/sites-remarquables\/","og_locale":"fr_FR","og_type":"article","og_title":"Sites remarquables - Petites et grandes Histoires de Fuveau","og_url":"https:\/\/fuveau.net\/index.php\/lieux\/sites-remarquables\/","og_site_name":"Petites et grandes Histoires de Fuveau","article_modified_time":"2023-11-23T15:38:54+00:00","twitter_card":"summary_large_image","schema":{"@context":"https:\/\/schema.org","@graph":[{"@type":"WebPage","@id":"https:\/\/fuveau.net\/index.php\/lieux\/sites-remarquables\/","url":"https:\/\/fuveau.net\/index.php\/lieux\/sites-remarquables\/","name":"Sites remarquables - Petites et grandes Histoires de Fuveau","isPartOf":{"@id":"https:\/\/fuveau.net\/#website"},"datePublished":"2023-09-09T13:38:01+00:00","dateModified":"2023-11-23T15:38:54+00:00","breadcrumb":{"@id":"https:\/\/fuveau.net\/index.php\/lieux\/sites-remarquables\/#breadcrumb"},"inLanguage":"fr-FR","potentialAction":[{"@type":"ReadAction","target":["https:\/\/fuveau.net\/index.php\/lieux\/sites-remarquables\/"]}]},{"@type":"BreadcrumbList","@id":"https:\/\/fuveau.net\/index.php\/lieux\/sites-remarquables\/#breadcrumb","itemListElement":[{"@type":"ListItem","position":1,"name":"Accueil","item":"https:\/\/fuveau.net\/"},{"@type":"ListItem","position":2,"name":"Lieux","item":"https:\/\/fuveau.net\/index.php\/lieux\/"},{"@type":"ListItem","position":3,"name":"Sites remarquables"}]},{"@type":"WebSite","@id":"https:\/\/fuveau.net\/#website","url":"https:\/\/fuveau.net\/","name":"Petites et grandes Histoires de Fuveau","description":"Site patrimonial de l&#039;histoire de Fuveau","publisher":{"@id":"https:\/\/fuveau.net\/#organization"},"potentialAction":[{"@type":"SearchAction","target":{"@type":"EntryPoint","urlTemplate":"https:\/\/fuveau.net\/?s={search_term_string}"},"query-input":{"@type":"PropertyValueSpecification","valueRequired":true,"valueName":"search_term_string"}}],"inLanguage":"fr-FR"},{"@type":"Organization","@id":"https:\/\/fuveau.net\/#organization","name":"Petites et grandes Histoires de Fuveau","url":"https:\/\/fuveau.net\/","logo":{"@type":"ImageObject","inLanguage":"fr-FR","@id":"https:\/\/fuveau.net\/#\/schema\/logo\/image\/","url":"https:\/\/fuveau.net\/wp-content\/uploads\/2023\/09\/logo-1.jpg","contentUrl":"https:\/\/fuveau.net\/wp-content\/uploads\/2023\/09\/logo-1.jpg","width":815,"height":415,"caption":"Petites et grandes Histoires de Fuveau"},"image":{"@id":"https:\/\/fuveau.net\/#\/schema\/logo\/image\/"}}]}},"uagb_featured_image_src":{"full":false,"thumbnail":false,"medium":false,"medium_large":false,"large":false,"1536x1536":false,"2048x2048":false,"post-image":false},"uagb_author_info":{"display_name":"Jean-Fran\u00e7ois ROUBAUD","author_link":"https:\/\/fuveau.net\/index.php\/author\/jfber\/"},"uagb_comment_info":0,"uagb_excerpt":null,"_links":{"self":[{"href":"https:\/\/fuveau.net\/index.php\/wp-json\/wp\/v2\/pages\/509","targetHints":{"allow":["GET"]}}],"collection":[{"href":"https:\/\/fuveau.net\/index.php\/wp-json\/wp\/v2\/pages"}],"about":[{"href":"https:\/\/fuveau.net\/index.php\/wp-json\/wp\/v2\/types\/page"}],"author":[{"embeddable":true,"href":"https:\/\/fuveau.net\/index.php\/wp-json\/wp\/v2\/users\/3"}],"replies":[{"embeddable":true,"href":"https:\/\/fuveau.net\/index.php\/wp-json\/wp\/v2\/comments?post=509"}],"version-history":[{"count":5,"href":"https:\/\/fuveau.net\/index.php\/wp-json\/wp\/v2\/pages\/509\/revisions"}],"predecessor-version":[{"id":3523,"href":"https:\/\/fuveau.net\/index.php\/wp-json\/wp\/v2\/pages\/509\/revisions\/3523"}],"up":[{"embeddable":true,"href":"https:\/\/fuveau.net\/index.php\/wp-json\/wp\/v2\/pages\/453"}],"wp:attachment":[{"href":"https:\/\/fuveau.net\/index.php\/wp-json\/wp\/v2\/media?parent=509"}],"curies":[{"name":"wp","href":"https:\/\/api.w.org\/{rel}","templated":true}]}}