{"id":2998,"date":"2023-10-25T17:38:08","date_gmt":"2023-10-25T15:38:08","guid":{"rendered":"https:\/\/fuveau.net\/?page_id=2998"},"modified":"2023-11-20T17:54:02","modified_gmt":"2023-11-20T16:54:02","slug":"anecdotes","status":"publish","type":"page","link":"https:\/\/fuveau.net\/index.php\/curiosites-ou-fuveau-insolite\/anecdotes\/","title":{"rendered":"ANECDOTES"},"content":{"rendered":"\n<p>Plusieurs articles d&rsquo;anecdotes \u00e0 votre disposition<\/p>\n\n\n\n<div class=\"wp-block-columns is-layout-flex wp-container-core-columns-is-layout-9d6595d7 wp-block-columns-is-layout-flex\">\n<div class=\"wp-block-column is-layout-flow wp-block-column-is-layout-flow\" style=\"flex-basis:100%\"><\/div>\n<\/div>\n\n\n\n\t\t\t<div class=\"wp-block-uagb-post-grid uagb-post-grid  uagb-post__image-position-top uagb-post__image-enabled uagb-block-5a231557     uagb-post__items uagb-post__columns-2 is-grid uagb-post__columns-tablet-2 uagb-post__columns-mobile-1 uagb-post__equal-height\" data-total=\"1\" style=\"\">\n\n\t\t\t\t\t\t\t\t\t\t\t\t<article class=\"uagb-post__inner-wrap\">\t\t\t\t\t\t\t\t<h4 class=\"uagb-post__title uagb-post__text\">\n\t\t\t\t<a href=\"https:\/\/fuveau.net\/index.php\/2023\/11\/29\/le-cheval-le-tombereau-et-le-corbillard\/\" target=\"_self\" rel=\"bookmark noopener noreferrer\">LE CHEVAL, LE TOMBEREAU ET LE CORBILLARD .<\/a>\n\t\t\t<\/h4>\n\t\t\t\t\t\t<div class='uagb-post__text uagb-post-grid-byline'>\n\t\t\t\t\t\t\t\t<span class=\"uagb-post__author\">\n\t\t\t\t<span class=\"dashicons-admin-users dashicons\"><\/span>\t\t\t\t\t<a href=\"https:\/\/fuveau.net\/index.php\/author\/admin1101\/\" title=\"Articles par admin1101\" rel=\"author\">admin1101<\/a>\t\t\t\t<\/span>\n\t\t\t\t\t\t\t<span class=\"uagb-post__comment\">\n\t\t\t\t<span class=\"dashicons-admin-comments dashicons\"><\/span>\t\t\t\t\tAucun commentaire\t\t\t\t<\/span>\n\t\t\t\t\t\t<\/div>\n\t\t\t\t\t\t\t<div class='uagb-post__text uagb-post__excerpt'>\n\t\t\t\t\t<p>(Histoire macabre fuvelaine) Le cheval qui tirait le tombereau pour le rammassage des ordures m\u00e9nag\u00e8res,&#8230;\t\t\t\t<\/div>\n\t\t\t\t\t\t<div class=\"uagb-post__text uagb-post__cta wp-block-button\">\n\t\t\t\t<a class=\"wp-block-button__link uagb-text-link\" style=\"\" href=\"https:\/\/fuveau.net\/index.php\/2023\/11\/29\/le-cheval-le-tombereau-et-le-corbillard\/\" target=\"_self\" rel=\"bookmark noopener noreferrer\">Lire la suite<\/a>\n\t\t\t<\/div>\n\t\t\t\n\t\t\t\t\t\t\t\t\t<\/article>\n\t\t\t\t\t\t\t\t\t\t\t\t\t\t\t\t<article class=\"uagb-post__inner-wrap\">\t\t\t\t\t\t\t\t<div class='uagb-post__image'>\n\t\t\t\t\t\t\t\t\t<a href=\"https:\/\/fuveau.net\/index.php\/2023\/11\/20\/les-jumeaux\/\" target=\"_self\" rel=\"bookmark noopener noreferrer\" class='uagb-image-ratio-inherit'><img loading=\"lazy\" decoding=\"async\" width=\"392\" height=\"321\" src=\"https:\/\/fuveau.net\/wp-content\/uploads\/2023\/09\/monogrammeposte_W.jpg\" class=\"attachment-large size-large\" alt=\"\" srcset=\"https:\/\/fuveau.net\/wp-content\/uploads\/2023\/09\/monogrammeposte_W.jpg 392w, https:\/\/fuveau.net\/wp-content\/uploads\/2023\/09\/monogrammeposte_W-300x246.jpg 300w\" sizes=\"auto, (max-width: 392px) 100vw, 392px\" \/>\t\t\t\t\t<\/a>\n\t\t\t\t\t\t\t<\/div>\n\t\t\t\t\t\t<h4 class=\"uagb-post__title uagb-post__text\">\n\t\t\t\t<a href=\"https:\/\/fuveau.net\/index.php\/2023\/11\/20\/les-jumeaux\/\" target=\"_self\" rel=\"bookmark noopener noreferrer\">Les jumeaux<\/a>\n\t\t\t<\/h4>\n\t\t\t\t\t\t<div class='uagb-post__text uagb-post-grid-byline'>\n\t\t\t\t\t\t\t\t<span class=\"uagb-post__author\">\n\t\t\t\t<span class=\"dashicons-admin-users dashicons\"><\/span>\t\t\t\t\t<a href=\"https:\/\/fuveau.net\/index.php\/author\/jfber\/\" title=\"Articles par Jean-Fran\u00e7ois ROUBAUD\" rel=\"author\">Jean-Fran\u00e7ois ROUBAUD<\/a>\t\t\t\t<\/span>\n\t\t\t\t\t\t\t<span class=\"uagb-post__comment\">\n\t\t\t\t<span class=\"dashicons-admin-comments dashicons\"><\/span>\t\t\t\t\tAucun commentaire\t\t\t\t<\/span>\n\t\t\t\t\t\t<\/div>\n\t\t\t\t\t\t\t<div class='uagb-post__text uagb-post__excerpt'>\n\t\t\t\t\t<p>Cette histoire, enti\u00e8rement v\u00e9rifiable, est pr\u00e9sent\u00e9e ici sous forme de nouvelle Les jumeaux ont cent&#8230;\t\t\t\t<\/div>\n\t\t\t\t\t\t<div class=\"uagb-post__text uagb-post__cta wp-block-button\">\n\t\t\t\t<a class=\"wp-block-button__link uagb-text-link\" style=\"\" href=\"https:\/\/fuveau.net\/index.php\/2023\/11\/20\/les-jumeaux\/\" target=\"_self\" rel=\"bookmark noopener noreferrer\">Lire la suite<\/a>\n\t\t\t<\/div>\n\t\t\t\n\t\t\t\t\t\t\t\t\t<\/article>\n\t\t\t\t\t\t\t\t\t\t\t\t\t\t\t\t<article class=\"uagb-post__inner-wrap\">\t\t\t\t\t\t\t\t<div class='uagb-post__image'>\n\t\t\t\t\t\t\t\t\t<a href=\"https:\/\/fuveau.net\/index.php\/2023\/11\/20\/la-vierge-aux-indulgences\/\" target=\"_self\" rel=\"bookmark noopener noreferrer\" class='uagb-image-ratio-inherit'><img loading=\"lazy\" decoding=\"async\" width=\"600\" height=\"415\" src=\"https:\/\/fuveau.net\/wp-content\/uploads\/2023\/11\/vierge_1961j.jpg\" class=\"attachment-large size-large\" alt=\"\" srcset=\"https:\/\/fuveau.net\/wp-content\/uploads\/2023\/11\/vierge_1961j.jpg 600w, https:\/\/fuveau.net\/wp-content\/uploads\/2023\/11\/vierge_1961j-300x208.jpg 300w\" sizes=\"auto, (max-width: 600px) 100vw, 600px\" \/>\t\t\t\t\t<\/a>\n\t\t\t\t\t\t\t<\/div>\n\t\t\t\t\t\t<h4 class=\"uagb-post__title uagb-post__text\">\n\t\t\t\t<a href=\"https:\/\/fuveau.net\/index.php\/2023\/11\/20\/la-vierge-aux-indulgences\/\" target=\"_self\" rel=\"bookmark noopener noreferrer\">La vierge aux indulgences<\/a>\n\t\t\t<\/h4>\n\t\t\t\t\t\t<div class='uagb-post__text uagb-post-grid-byline'>\n\t\t\t\t\t\t\t\t<span class=\"uagb-post__author\">\n\t\t\t\t<span class=\"dashicons-admin-users dashicons\"><\/span>\t\t\t\t\t<a href=\"https:\/\/fuveau.net\/index.php\/author\/jfber\/\" title=\"Articles par Jean-Fran\u00e7ois ROUBAUD\" rel=\"author\">Jean-Fran\u00e7ois ROUBAUD<\/a>\t\t\t\t<\/span>\n\t\t\t\t\t\t\t<span class=\"uagb-post__comment\">\n\t\t\t\t<span class=\"dashicons-admin-comments dashicons\"><\/span>\t\t\t\t\tAucun commentaire\t\t\t\t<\/span>\n\t\t\t\t\t\t<\/div>\n\t\t\t\t\t\t\t<div class='uagb-post__text uagb-post__excerpt'>\n\t\t\t\t\t<p>Cette photo prise en 1961 concerne les communiants n\u00e9s en 1949. Elle est prise dans&#8230;\t\t\t\t<\/div>\n\t\t\t\t\t\t<div class=\"uagb-post__text uagb-post__cta wp-block-button\">\n\t\t\t\t<a class=\"wp-block-button__link uagb-text-link\" style=\"\" href=\"https:\/\/fuveau.net\/index.php\/2023\/11\/20\/la-vierge-aux-indulgences\/\" target=\"_self\" rel=\"bookmark noopener noreferrer\">Lire la suite<\/a>\n\t\t\t<\/div>\n\t\t\t\n\t\t\t\t\t\t\t\t\t<\/article>\n\t\t\t\t\t\t\t\t\t\t\t\t\t\t\t\t<article class=\"uagb-post__inner-wrap\">\t\t\t\t\t\t\t\t<h4 class=\"uagb-post__title uagb-post__text\">\n\t\t\t\t<a href=\"https:\/\/fuveau.net\/index.php\/2023\/11\/20\/le-pont-des-freres-en-polemique\/\" target=\"_self\" rel=\"bookmark noopener noreferrer\">Le pont des Fr\u00e8res en pol\u00e9mique.<\/a>\n\t\t\t<\/h4>\n\t\t\t\t\t\t<div class='uagb-post__text uagb-post-grid-byline'>\n\t\t\t\t\t\t\t\t<span class=\"uagb-post__author\">\n\t\t\t\t<span class=\"dashicons-admin-users dashicons\"><\/span>\t\t\t\t\t<a href=\"https:\/\/fuveau.net\/index.php\/author\/jfber\/\" title=\"Articles par Jean-Fran\u00e7ois ROUBAUD\" rel=\"author\">Jean-Fran\u00e7ois ROUBAUD<\/a>\t\t\t\t<\/span>\n\t\t\t\t\t\t\t<span class=\"uagb-post__comment\">\n\t\t\t\t<span class=\"dashicons-admin-comments dashicons\"><\/span>\t\t\t\t\tAucun commentaire\t\t\t\t<\/span>\n\t\t\t\t\t\t<\/div>\n\t\t\t\t\t\t\t<div class='uagb-post__text uagb-post__excerpt'>\n\t\t\t\t\t<p>Petite pol\u00e9mique actuellement autour de ces deux ponts. Au premier plan le tr\u00e8s vieux pont,&#8230;\t\t\t\t<\/div>\n\t\t\t\t\t\t<div class=\"uagb-post__text uagb-post__cta wp-block-button\">\n\t\t\t\t<a class=\"wp-block-button__link uagb-text-link\" style=\"\" href=\"https:\/\/fuveau.net\/index.php\/2023\/11\/20\/le-pont-des-freres-en-polemique\/\" target=\"_self\" rel=\"bookmark noopener noreferrer\">Lire la suite<\/a>\n\t\t\t<\/div>\n\t\t\t\n\t\t\t\t\t\t\t\t\t<\/article>\n\t\t\t\t\t\t\t\t\t\t\t\t\t\t\t\t<article class=\"uagb-post__inner-wrap\">\t\t\t\t\t\t\t\t<h4 class=\"uagb-post__title uagb-post__text\">\n\t\t\t\t<a href=\"https:\/\/fuveau.net\/index.php\/2023\/11\/20\/la-mort-dalexandre\/\" target=\"_self\" rel=\"bookmark noopener noreferrer\">La mort d&rsquo;Alexandre<\/a>\n\t\t\t<\/h4>\n\t\t\t\t\t\t<div class='uagb-post__text uagb-post-grid-byline'>\n\t\t\t\t\t\t\t\t<span class=\"uagb-post__author\">\n\t\t\t\t<span class=\"dashicons-admin-users dashicons\"><\/span>\t\t\t\t\t<a href=\"https:\/\/fuveau.net\/index.php\/author\/jfber\/\" title=\"Articles par Jean-Fran\u00e7ois ROUBAUD\" rel=\"author\">Jean-Fran\u00e7ois ROUBAUD<\/a>\t\t\t\t<\/span>\n\t\t\t\t\t\t\t<span class=\"uagb-post__comment\">\n\t\t\t\t<span class=\"dashicons-admin-comments dashicons\"><\/span>\t\t\t\t\tAucun commentaire\t\t\t\t<\/span>\n\t\t\t\t\t\t<\/div>\n\t\t\t\t\t\t\t<div class='uagb-post__text uagb-post__excerpt'>\n\t\t\t\t\t<p>Maire tr\u00e8s populaire depuis la Lib\u00e9ration, Alexandre Philip resta durant plus de deux d\u00e9cennies le&#8230;\t\t\t\t<\/div>\n\t\t\t\t\t\t<div class=\"uagb-post__text uagb-post__cta wp-block-button\">\n\t\t\t\t<a class=\"wp-block-button__link uagb-text-link\" style=\"\" href=\"https:\/\/fuveau.net\/index.php\/2023\/11\/20\/la-mort-dalexandre\/\" target=\"_self\" rel=\"bookmark noopener noreferrer\">Lire la suite<\/a>\n\t\t\t<\/div>\n\t\t\t\n\t\t\t\t\t\t\t\t\t<\/article>\n\t\t\t\t\t\t\t\t\t\t\t\t\t\t\t\t<article class=\"uagb-post__inner-wrap\">\t\t\t\t\t\t\t\t<div class='uagb-post__image'>\n\t\t\t\t\t\t\t\t\t<a href=\"https:\/\/fuveau.net\/index.php\/2023\/11\/20\/une-signature-maconnique\/\" target=\"_self\" rel=\"bookmark noopener noreferrer\" class='uagb-image-ratio-inherit'><img loading=\"lazy\" decoding=\"async\" width=\"676\" height=\"82\" src=\"https:\/\/fuveau.net\/wp-content\/uploads\/2023\/11\/signature-maconnique-1024x124.jpg\" class=\"attachment-large size-large\" alt=\"\" srcset=\"https:\/\/fuveau.net\/wp-content\/uploads\/2023\/11\/signature-maconnique-1024x124.jpg 1024w, https:\/\/fuveau.net\/wp-content\/uploads\/2023\/11\/signature-maconnique-300x36.jpg 300w, https:\/\/fuveau.net\/wp-content\/uploads\/2023\/11\/signature-maconnique-768x93.jpg 768w, https:\/\/fuveau.net\/wp-content\/uploads\/2023\/11\/signature-maconnique-676x82.jpg 676w, https:\/\/fuveau.net\/wp-content\/uploads\/2023\/11\/signature-maconnique.jpg 1243w\" sizes=\"auto, (max-width: 676px) 100vw, 676px\" \/>\t\t\t\t\t<\/a>\n\t\t\t\t\t\t\t<\/div>\n\t\t\t\t\t\t<h4 class=\"uagb-post__title uagb-post__text\">\n\t\t\t\t<a href=\"https:\/\/fuveau.net\/index.php\/2023\/11\/20\/une-signature-maconnique\/\" target=\"_self\" rel=\"bookmark noopener noreferrer\">Une signature ma\u00e7onnique ?<\/a>\n\t\t\t<\/h4>\n\t\t\t\t\t\t<div class='uagb-post__text uagb-post-grid-byline'>\n\t\t\t\t\t\t\t\t<span class=\"uagb-post__author\">\n\t\t\t\t<span class=\"dashicons-admin-users dashicons\"><\/span>\t\t\t\t\t<a href=\"https:\/\/fuveau.net\/index.php\/author\/jfber\/\" title=\"Articles par Jean-Fran\u00e7ois ROUBAUD\" rel=\"author\">Jean-Fran\u00e7ois ROUBAUD<\/a>\t\t\t\t<\/span>\n\t\t\t\t\t\t\t<span class=\"uagb-post__comment\">\n\t\t\t\t<span class=\"dashicons-admin-comments dashicons\"><\/span>\t\t\t\t\tAucun commentaire\t\t\t\t<\/span>\n\t\t\t\t\t\t<\/div>\n\t\t\t\t\t\t\t<div class='uagb-post__text uagb-post__excerpt'>\n\t\t\t\t\t<p>Dans le registre parroissial pour les ann\u00e9es 1728 et suivantes, ont compte par dizaines les&#8230;\t\t\t\t<\/div>\n\t\t\t\t\t\t<div class=\"uagb-post__text uagb-post__cta wp-block-button\">\n\t\t\t\t<a class=\"wp-block-button__link uagb-text-link\" style=\"\" href=\"https:\/\/fuveau.net\/index.php\/2023\/11\/20\/une-signature-maconnique\/\" target=\"_self\" rel=\"bookmark noopener noreferrer\">Lire la suite<\/a>\n\t\t\t<\/div>\n\t\t\t\n\t\t\t\t\t\t\t\t\t<\/article>\n\t\t\t\t\t\t\t\t\t\t\t\t\t\t\t\t<article class=\"uagb-post__inner-wrap\">\t\t\t\t\t\t\t\t<div class='uagb-post__image'>\n\t\t\t\t\t\t\t\t\t<a href=\"https:\/\/fuveau.net\/index.php\/2023\/11\/20\/obseques-dun-heresiarque\/\" target=\"_self\" rel=\"bookmark noopener noreferrer\" class='uagb-image-ratio-inherit'><img loading=\"lazy\" decoding=\"async\" width=\"676\" height=\"930\" src=\"https:\/\/fuveau.net\/wp-content\/uploads\/2023\/09\/heresie-1-744x1024.jpg\" class=\"attachment-large size-large\" alt=\"\" srcset=\"https:\/\/fuveau.net\/wp-content\/uploads\/2023\/09\/heresie-1-744x1024.jpg 744w, https:\/\/fuveau.net\/wp-content\/uploads\/2023\/09\/heresie-1-218x300.jpg 218w, https:\/\/fuveau.net\/wp-content\/uploads\/2023\/09\/heresie-1-768x1057.jpg 768w, https:\/\/fuveau.net\/wp-content\/uploads\/2023\/09\/heresie-1-676x931.jpg 676w, https:\/\/fuveau.net\/wp-content\/uploads\/2023\/09\/heresie-1.jpg 900w\" sizes=\"auto, (max-width: 676px) 100vw, 676px\" \/>\t\t\t\t\t<\/a>\n\t\t\t\t\t\t\t<\/div>\n\t\t\t\t\t\t<h4 class=\"uagb-post__title uagb-post__text\">\n\t\t\t\t<a href=\"https:\/\/fuveau.net\/index.php\/2023\/11\/20\/obseques-dun-heresiarque\/\" target=\"_self\" rel=\"bookmark noopener noreferrer\">Obs\u00e8ques d&rsquo;un h\u00e9r\u00e9siarque !<\/a>\n\t\t\t<\/h4>\n\t\t\t\t\t\t<div class='uagb-post__text uagb-post-grid-byline'>\n\t\t\t\t\t\t\t\t<span class=\"uagb-post__author\">\n\t\t\t\t<span class=\"dashicons-admin-users dashicons\"><\/span>\t\t\t\t\t<a href=\"https:\/\/fuveau.net\/index.php\/author\/jfber\/\" title=\"Articles par Jean-Fran\u00e7ois ROUBAUD\" rel=\"author\">Jean-Fran\u00e7ois ROUBAUD<\/a>\t\t\t\t<\/span>\n\t\t\t\t\t\t\t<span class=\"uagb-post__comment\">\n\t\t\t\t<span class=\"dashicons-admin-comments dashicons\"><\/span>\t\t\t\t\tAucun commentaire\t\t\t\t<\/span>\n\t\t\t\t\t\t<\/div>\n\t\t\t\t\t\t\t<div class='uagb-post__text uagb-post__excerpt'>\n\t\t\t\t\t<p>Voici un \u00e9pisode de la vie fuvelaine assez int\u00e9ressant. Il a m\u00eame un certain int\u00e9r\u00eat&#8230;\t\t\t\t<\/div>\n\t\t\t\t\t\t<div class=\"uagb-post__text uagb-post__cta wp-block-button\">\n\t\t\t\t<a class=\"wp-block-button__link uagb-text-link\" style=\"\" href=\"https:\/\/fuveau.net\/index.php\/2023\/11\/20\/obseques-dun-heresiarque\/\" target=\"_self\" rel=\"bookmark noopener noreferrer\">Lire la suite<\/a>\n\t\t\t<\/div>\n\t\t\t\n\t\t\t\t\t\t\t\t\t<\/article>\n\t\t\t\t\t\t\t\t\t\t\t\t\t\t\t\t<article class=\"uagb-post__inner-wrap\">\t\t\t\t\t\t\t\t<div class='uagb-post__image'>\n\t\t\t\t\t\t\t\t\t<a href=\"https:\/\/fuveau.net\/index.php\/2023\/11\/20\/saint-charles-aux-encheres\/\" target=\"_self\" rel=\"bookmark noopener noreferrer\" class='uagb-image-ratio-inherit'><img loading=\"lazy\" decoding=\"async\" width=\"676\" height=\"845\" src=\"https:\/\/fuveau.net\/wp-content\/uploads\/2023\/09\/AVIS_au_public1-1-819x1024.jpg\" class=\"attachment-large size-large\" alt=\"\" srcset=\"https:\/\/fuveau.net\/wp-content\/uploads\/2023\/09\/AVIS_au_public1-1-819x1024.jpg 819w, https:\/\/fuveau.net\/wp-content\/uploads\/2023\/09\/AVIS_au_public1-1-240x300.jpg 240w, https:\/\/fuveau.net\/wp-content\/uploads\/2023\/09\/AVIS_au_public1-1-768x961.jpg 768w, https:\/\/fuveau.net\/wp-content\/uploads\/2023\/09\/AVIS_au_public1-1-676x846.jpg 676w, https:\/\/fuveau.net\/wp-content\/uploads\/2023\/09\/AVIS_au_public1-1.jpg 861w\" sizes=\"auto, (max-width: 676px) 100vw, 676px\" \/>\t\t\t\t\t<\/a>\n\t\t\t\t\t\t\t<\/div>\n\t\t\t\t\t\t<h4 class=\"uagb-post__title uagb-post__text\">\n\t\t\t\t<a href=\"https:\/\/fuveau.net\/index.php\/2023\/11\/20\/saint-charles-aux-encheres\/\" target=\"_self\" rel=\"bookmark noopener noreferrer\">Saint-Charles aux ench\u00e8res<\/a>\n\t\t\t<\/h4>\n\t\t\t\t\t\t<div class='uagb-post__text uagb-post-grid-byline'>\n\t\t\t\t\t\t\t\t<span class=\"uagb-post__author\">\n\t\t\t\t<span class=\"dashicons-admin-users dashicons\"><\/span>\t\t\t\t\t<a href=\"https:\/\/fuveau.net\/index.php\/author\/jfber\/\" title=\"Articles par Jean-Fran\u00e7ois ROUBAUD\" rel=\"author\">Jean-Fran\u00e7ois ROUBAUD<\/a>\t\t\t\t<\/span>\n\t\t\t\t\t\t\t<span class=\"uagb-post__comment\">\n\t\t\t\t<span class=\"dashicons-admin-comments dashicons\"><\/span>\t\t\t\t\tAucun commentaire\t\t\t\t<\/span>\n\t\t\t\t\t\t<\/div>\n\t\t\t\t\t\t\t<div class='uagb-post__text uagb-post__excerpt'>\n\t\t\t\t\t<p>C&rsquo;est peut-\u00eatre gr\u00e2ce \u00e0 la R\u00e9volution Fran\u00e7aise que nous avons actuellement une zone industrielle \u00e0&#8230;\t\t\t\t<\/div>\n\t\t\t\t\t\t<div class=\"uagb-post__text uagb-post__cta wp-block-button\">\n\t\t\t\t<a class=\"wp-block-button__link uagb-text-link\" style=\"\" href=\"https:\/\/fuveau.net\/index.php\/2023\/11\/20\/saint-charles-aux-encheres\/\" target=\"_self\" rel=\"bookmark noopener noreferrer\">Lire la suite<\/a>\n\t\t\t<\/div>\n\t\t\t\n\t\t\t\t\t\t\t\t\t<\/article>\n\t\t\t\t\t\t\t\t\t\t\t\t\t\t\t\t<article class=\"uagb-post__inner-wrap\">\t\t\t\t\t\t\t\t<h4 class=\"uagb-post__title uagb-post__text\">\n\t\t\t\t<a href=\"https:\/\/fuveau.net\/index.php\/2023\/11\/20\/le-grain-de-ble\/\" target=\"_self\" rel=\"bookmark noopener noreferrer\">Le grain de bl\u00e9<\/a>\n\t\t\t<\/h4>\n\t\t\t\t\t\t<div class='uagb-post__text uagb-post-grid-byline'>\n\t\t\t\t\t\t\t\t<span class=\"uagb-post__author\">\n\t\t\t\t<span class=\"dashicons-admin-users dashicons\"><\/span>\t\t\t\t\t<a href=\"https:\/\/fuveau.net\/index.php\/author\/jfber\/\" title=\"Articles par Jean-Fran\u00e7ois ROUBAUD\" rel=\"author\">Jean-Fran\u00e7ois ROUBAUD<\/a>\t\t\t\t<\/span>\n\t\t\t\t\t\t\t<span class=\"uagb-post__comment\">\n\t\t\t\t<span class=\"dashicons-admin-comments dashicons\"><\/span>\t\t\t\t\tAucun commentaire\t\t\t\t<\/span>\n\t\t\t\t\t\t<\/div>\n\t\t\t\t\t\t\t<div class='uagb-post__text uagb-post__excerpt'>\n\t\t\t\t\t<p>Dans son livre \u00ab\u00a0Lei Fuvelenco\u00a0\u00bb et \u00e0 la page quatre-vingt-cinq de l\u2019\u00e9dition originale,\u00a0Eug\u00e8ne Long\u00a0nous conte&#8230;\t\t\t\t<\/div>\n\t\t\t\t\t\t<div class=\"uagb-post__text uagb-post__cta wp-block-button\">\n\t\t\t\t<a class=\"wp-block-button__link uagb-text-link\" style=\"\" href=\"https:\/\/fuveau.net\/index.php\/2023\/11\/20\/le-grain-de-ble\/\" target=\"_self\" rel=\"bookmark noopener noreferrer\">Lire la suite<\/a>\n\t\t\t<\/div>\n\t\t\t\n\t\t\t\t\t\t\t\t\t<\/article>\n\t\t\t\t\t\t\t\t\t\t\t\t\t\t\t\t<article class=\"uagb-post__inner-wrap\">\t\t\t\t\t\t\t\t<div class='uagb-post__image'>\n\t\t\t\t\t\t\t\t\t<a href=\"https:\/\/fuveau.net\/index.php\/2023\/11\/19\/fuveu\/\" target=\"_self\" rel=\"bookmark noopener noreferrer\" class='uagb-image-ratio-inherit'><img loading=\"lazy\" decoding=\"async\" width=\"500\" height=\"375\" src=\"https:\/\/fuveau.net\/wp-content\/uploads\/2023\/11\/fuveuen-1.jpg\" class=\"attachment-large size-large\" alt=\"\" srcset=\"https:\/\/fuveau.net\/wp-content\/uploads\/2023\/11\/fuveuen-1.jpg 500w, https:\/\/fuveau.net\/wp-content\/uploads\/2023\/11\/fuveuen-1-300x225.jpg 300w\" sizes=\"auto, (max-width: 500px) 100vw, 500px\" \/>\t\t\t\t\t<\/a>\n\t\t\t\t\t\t\t<\/div>\n\t\t\t\t\t\t<h4 class=\"uagb-post__title uagb-post__text\">\n\t\t\t\t<a href=\"https:\/\/fuveau.net\/index.php\/2023\/11\/19\/fuveu\/\" target=\"_self\" rel=\"bookmark noopener noreferrer\">Fuv\u00e8u ?<\/a>\n\t\t\t<\/h4>\n\t\t\t\t\t\t<div class='uagb-post__text uagb-post-grid-byline'>\n\t\t\t\t\t\t\t\t<span class=\"uagb-post__author\">\n\t\t\t\t<span class=\"dashicons-admin-users dashicons\"><\/span>\t\t\t\t\t<a href=\"https:\/\/fuveau.net\/index.php\/author\/jfber\/\" title=\"Articles par Jean-Fran\u00e7ois ROUBAUD\" rel=\"author\">Jean-Fran\u00e7ois ROUBAUD<\/a>\t\t\t\t<\/span>\n\t\t\t\t\t\t\t<span class=\"uagb-post__comment\">\n\t\t\t\t<span class=\"dashicons-admin-comments dashicons\"><\/span>\t\t\t\t\tAucun commentaire\t\t\t\t<\/span>\n\t\t\t\t\t\t<\/div>\n\t\t\t\t\t\t\t<div class='uagb-post__text uagb-post__excerpt'>\n\t\t\t\t\t<p>Comme une majorit\u00e9 de communes de Provence, Fuveau a fait le sympathique choix de placer&#8230;\t\t\t\t<\/div>\n\t\t\t\t\t\t<div class=\"uagb-post__text uagb-post__cta wp-block-button\">\n\t\t\t\t<a class=\"wp-block-button__link uagb-text-link\" style=\"\" href=\"https:\/\/fuveau.net\/index.php\/2023\/11\/19\/fuveu\/\" target=\"_self\" rel=\"bookmark noopener noreferrer\">Lire la suite<\/a>\n\t\t\t<\/div>\n\t\t\t\n\t\t\t\t\t\t\t\t\t<\/article>\n\t\t\t\t\t\t\t\t\t\t\t\t\t\t\t\t<article class=\"uagb-post__inner-wrap\">\t\t\t\t\t\t\t\t<h4 class=\"uagb-post__title uagb-post__text\">\n\t\t\t\t<a href=\"https:\/\/fuveau.net\/index.php\/2023\/11\/19\/une-paillarde\/\" target=\"_self\" rel=\"bookmark noopener noreferrer\">Une paillarde<\/a>\n\t\t\t<\/h4>\n\t\t\t\t\t\t<div class='uagb-post__text uagb-post-grid-byline'>\n\t\t\t\t\t\t\t\t<span class=\"uagb-post__author\">\n\t\t\t\t<span class=\"dashicons-admin-users dashicons\"><\/span>\t\t\t\t\t<a href=\"https:\/\/fuveau.net\/index.php\/author\/jfber\/\" title=\"Articles par Jean-Fran\u00e7ois ROUBAUD\" rel=\"author\">Jean-Fran\u00e7ois ROUBAUD<\/a>\t\t\t\t<\/span>\n\t\t\t\t\t\t\t<span class=\"uagb-post__comment\">\n\t\t\t\t<span class=\"dashicons-admin-comments dashicons\"><\/span>\t\t\t\t\tAucun commentaire\t\t\t\t<\/span>\n\t\t\t\t\t\t<\/div>\n\t\t\t\t\t\t\t<div class='uagb-post__text uagb-post__excerpt'>\n\t\t\t\t\t<p>Voici une courte paillarde paysanne qui se chantait \u00e0 Fuveau dans les si\u00e8cles pr\u00e9c\u00e9dents, dans&#8230;\t\t\t\t<\/div>\n\t\t\t\t\t\t<div class=\"uagb-post__text uagb-post__cta wp-block-button\">\n\t\t\t\t<a class=\"wp-block-button__link uagb-text-link\" style=\"\" href=\"https:\/\/fuveau.net\/index.php\/2023\/11\/19\/une-paillarde\/\" target=\"_self\" rel=\"bookmark noopener noreferrer\">Lire la suite<\/a>\n\t\t\t<\/div>\n\t\t\t\n\t\t\t\t\t\t\t\t\t<\/article>\n\t\t\t\t\t\t\t\t\t\t\t\t\t\t\t\t<article class=\"uagb-post__inner-wrap\">\t\t\t\t\t\t\t\t<h4 class=\"uagb-post__title uagb-post__text\">\n\t\t\t\t<a href=\"https:\/\/fuveau.net\/index.php\/2023\/11\/19\/que-san-que-siegue\/\" target=\"_self\" rel=\"bookmark noopener noreferrer\">Que san que siegue<\/a>\n\t\t\t<\/h4>\n\t\t\t\t\t\t<div class='uagb-post__text uagb-post-grid-byline'>\n\t\t\t\t\t\t\t\t<span class=\"uagb-post__author\">\n\t\t\t\t<span class=\"dashicons-admin-users dashicons\"><\/span>\t\t\t\t\t<a href=\"https:\/\/fuveau.net\/index.php\/author\/jfber\/\" title=\"Articles par Jean-Fran\u00e7ois ROUBAUD\" rel=\"author\">Jean-Fran\u00e7ois ROUBAUD<\/a>\t\t\t\t<\/span>\n\t\t\t\t\t\t\t<span class=\"uagb-post__comment\">\n\t\t\t\t<span class=\"dashicons-admin-comments dashicons\"><\/span>\t\t\t\t\tAucun commentaire\t\t\t\t<\/span>\n\t\t\t\t\t\t<\/div>\n\t\t\t\t\t\t\t<div class='uagb-post__text uagb-post__excerpt'>\n\t\t\t\t\t<p>Les traditions religieuses de type processionnaire \u00e9taient particuli\u00e8rement nombreuses \u00e0 Fuveau dans les si\u00e8cles pass\u00e9s&#8230;.\t\t\t\t<\/div>\n\t\t\t\t\t\t<div class=\"uagb-post__text uagb-post__cta wp-block-button\">\n\t\t\t\t<a class=\"wp-block-button__link uagb-text-link\" style=\"\" href=\"https:\/\/fuveau.net\/index.php\/2023\/11\/19\/que-san-que-siegue\/\" target=\"_self\" rel=\"bookmark noopener noreferrer\">Lire la suite<\/a>\n\t\t\t<\/div>\n\t\t\t\n\t\t\t\t\t\t\t\t\t<\/article>\n\t\t\t\t\t\t\t\t\t\t\t\t\t\t\t\t<article class=\"uagb-post__inner-wrap\">\t\t\t\t\t\t\t\t<div class='uagb-post__image'>\n\t\t\t\t\t\t\t\t\t<a href=\"https:\/\/fuveau.net\/index.php\/2023\/11\/19\/les-longuistes\/\" target=\"_self\" rel=\"bookmark noopener noreferrer\" class='uagb-image-ratio-inherit'><img loading=\"lazy\" decoding=\"async\" width=\"300\" height=\"454\" src=\"https:\/\/fuveau.net\/wp-content\/uploads\/2023\/09\/francois-marcel-1.jpg\" class=\"attachment-large size-large\" alt=\"\" srcset=\"https:\/\/fuveau.net\/wp-content\/uploads\/2023\/09\/francois-marcel-1.jpg 300w, https:\/\/fuveau.net\/wp-content\/uploads\/2023\/09\/francois-marcel-1-198x300.jpg 198w\" sizes=\"auto, (max-width: 300px) 100vw, 300px\" \/>\t\t\t\t\t<\/a>\n\t\t\t\t\t\t\t<\/div>\n\t\t\t\t\t\t<h4 class=\"uagb-post__title uagb-post__text\">\n\t\t\t\t<a href=\"https:\/\/fuveau.net\/index.php\/2023\/11\/19\/les-longuistes\/\" target=\"_self\" rel=\"bookmark noopener noreferrer\">Les longuistes<\/a>\n\t\t\t<\/h4>\n\t\t\t\t\t\t<div class='uagb-post__text uagb-post-grid-byline'>\n\t\t\t\t\t\t\t\t<span class=\"uagb-post__author\">\n\t\t\t\t<span class=\"dashicons-admin-users dashicons\"><\/span>\t\t\t\t\t<a href=\"https:\/\/fuveau.net\/index.php\/author\/jfber\/\" title=\"Articles par Jean-Fran\u00e7ois ROUBAUD\" rel=\"author\">Jean-Fran\u00e7ois ROUBAUD<\/a>\t\t\t\t<\/span>\n\t\t\t\t\t\t\t<span class=\"uagb-post__comment\">\n\t\t\t\t<span class=\"dashicons-admin-comments dashicons\"><\/span>\t\t\t\t\tAucun commentaire\t\t\t\t<\/span>\n\t\t\t\t\t\t<\/div>\n\t\t\t\t\t\t\t<div class='uagb-post__text uagb-post__excerpt'>\n\t\t\t\t\t<p>Selon les villages, cela ne fait pas encore partie de l&rsquo;histoire ou de la m\u00e9moire&#8230;\t\t\t\t<\/div>\n\t\t\t\t\t\t<div class=\"uagb-post__text uagb-post__cta wp-block-button\">\n\t\t\t\t<a class=\"wp-block-button__link uagb-text-link\" style=\"\" href=\"https:\/\/fuveau.net\/index.php\/2023\/11\/19\/les-longuistes\/\" target=\"_self\" rel=\"bookmark noopener noreferrer\">Lire la suite<\/a>\n\t\t\t<\/div>\n\t\t\t\n\t\t\t\t\t\t\t\t\t<\/article>\n\t\t\t\t\t\t\t\t\t\t\t\t\t\t\t\t<article class=\"uagb-post__inner-wrap\">\t\t\t\t\t\t\t\t<h4 class=\"uagb-post__title uagb-post__text\">\n\t\t\t\t<a href=\"https:\/\/fuveau.net\/index.php\/2023\/11\/19\/fan-de-chichourle\/\" target=\"_self\" rel=\"bookmark noopener noreferrer\">FAN DE CHICHOURLE !<\/a>\n\t\t\t<\/h4>\n\t\t\t\t\t\t<div class='uagb-post__text uagb-post-grid-byline'>\n\t\t\t\t\t\t\t\t<span class=\"uagb-post__author\">\n\t\t\t\t<span class=\"dashicons-admin-users dashicons\"><\/span>\t\t\t\t\t<a href=\"https:\/\/fuveau.net\/index.php\/author\/jfber\/\" title=\"Articles par Jean-Fran\u00e7ois ROUBAUD\" rel=\"author\">Jean-Fran\u00e7ois ROUBAUD<\/a>\t\t\t\t<\/span>\n\t\t\t\t\t\t\t<span class=\"uagb-post__comment\">\n\t\t\t\t<span class=\"dashicons-admin-comments dashicons\"><\/span>\t\t\t\t\tAucun commentaire\t\t\t\t<\/span>\n\t\t\t\t\t\t<\/div>\n\t\t\t\t\t\t\t<div class='uagb-post__text uagb-post__excerpt'>\n\t\t\t\t\t<p>L&rsquo;expression proven\u00e7ale est bien connue. Une chichourle est une jujube mais c&rsquo;est aussi le nom&#8230;\t\t\t\t<\/div>\n\t\t\t\t\t\t<div class=\"uagb-post__text uagb-post__cta wp-block-button\">\n\t\t\t\t<a class=\"wp-block-button__link uagb-text-link\" style=\"\" href=\"https:\/\/fuveau.net\/index.php\/2023\/11\/19\/fan-de-chichourle\/\" target=\"_self\" rel=\"bookmark noopener noreferrer\">Lire la suite<\/a>\n\t\t\t<\/div>\n\t\t\t\n\t\t\t\t\t\t\t\t\t<\/article>\n\t\t\t\t\t\t\t\t\t\t\t\t\t\t\t\t<article class=\"uagb-post__inner-wrap\">\t\t\t\t\t\t\t\t<h4 class=\"uagb-post__title uagb-post__text\">\n\t\t\t\t<a href=\"https:\/\/fuveau.net\/index.php\/2023\/11\/19\/les-font\/\" target=\"_self\" rel=\"bookmark noopener noreferrer\">Les font<\/a>\n\t\t\t<\/h4>\n\t\t\t\t\t\t<div class='uagb-post__text uagb-post-grid-byline'>\n\t\t\t\t\t\t\t\t<span class=\"uagb-post__author\">\n\t\t\t\t<span class=\"dashicons-admin-users dashicons\"><\/span>\t\t\t\t\t<a href=\"https:\/\/fuveau.net\/index.php\/author\/jfber\/\" title=\"Articles par Jean-Fran\u00e7ois ROUBAUD\" rel=\"author\">Jean-Fran\u00e7ois ROUBAUD<\/a>\t\t\t\t<\/span>\n\t\t\t\t\t\t\t<span class=\"uagb-post__comment\">\n\t\t\t\t<span class=\"dashicons-admin-comments dashicons\"><\/span>\t\t\t\t\tAucun commentaire\t\t\t\t<\/span>\n\t\t\t\t\t\t<\/div>\n\t\t\t\t\t\t\t<div class='uagb-post__text uagb-post__excerpt'>\n\t\t\t\t\t<p>En proven\u00e7al, la fontaine c&rsquo;est la \u00ab\u00a0font\u00a0\u00bb, il y avait plusieurs lieux \u00e0 Fuveau pour&#8230;\t\t\t\t<\/div>\n\t\t\t\t\t\t<div class=\"uagb-post__text uagb-post__cta wp-block-button\">\n\t\t\t\t<a class=\"wp-block-button__link uagb-text-link\" style=\"\" href=\"https:\/\/fuveau.net\/index.php\/2023\/11\/19\/les-font\/\" target=\"_self\" rel=\"bookmark noopener noreferrer\">Lire la suite<\/a>\n\t\t\t<\/div>\n\t\t\t\n\t\t\t\t\t\t\t\t\t<\/article>\n\t\t\t\t\t\t\t\t\t\t\t\t\t\t\t\t<article class=\"uagb-post__inner-wrap\">\t\t\t\t\t\t\t\t<h4 class=\"uagb-post__title uagb-post__text\">\n\t\t\t\t<a href=\"https:\/\/fuveau.net\/index.php\/2023\/11\/19\/une-toute-recente-mai-2006\/\" target=\"_self\" rel=\"bookmark noopener noreferrer\">Une toute r\u00e9cente (mai 2006)<\/a>\n\t\t\t<\/h4>\n\t\t\t\t\t\t<div class='uagb-post__text uagb-post-grid-byline'>\n\t\t\t\t\t\t\t\t<span class=\"uagb-post__author\">\n\t\t\t\t<span class=\"dashicons-admin-users dashicons\"><\/span>\t\t\t\t\t<a href=\"https:\/\/fuveau.net\/index.php\/author\/jfber\/\" title=\"Articles par Jean-Fran\u00e7ois ROUBAUD\" rel=\"author\">Jean-Fran\u00e7ois ROUBAUD<\/a>\t\t\t\t<\/span>\n\t\t\t\t\t\t\t<span class=\"uagb-post__comment\">\n\t\t\t\t<span class=\"dashicons-admin-comments dashicons\"><\/span>\t\t\t\t\tAucun commentaire\t\t\t\t<\/span>\n\t\t\t\t\t\t<\/div>\n\t\t\t\t\t\t\t<div class='uagb-post__text uagb-post__excerpt'>\n\t\t\t\t\t<p>Georges Morrucci se taille consciencieusement la moustache et se coupe r\u00e9guli\u00e8rement les cheveux en ce&#8230;\t\t\t\t<\/div>\n\t\t\t\t\t\t<div class=\"uagb-post__text uagb-post__cta wp-block-button\">\n\t\t\t\t<a class=\"wp-block-button__link uagb-text-link\" style=\"\" href=\"https:\/\/fuveau.net\/index.php\/2023\/11\/19\/une-toute-recente-mai-2006\/\" target=\"_self\" rel=\"bookmark noopener noreferrer\">Lire la suite<\/a>\n\t\t\t<\/div>\n\t\t\t\n\t\t\t\t\t\t\t\t\t<\/article>\n\t\t\t\t\t\t\t\t\t\t\t\t\t\t\t\t<article class=\"uagb-post__inner-wrap\">\t\t\t\t\t\t\t\t<h4 class=\"uagb-post__title uagb-post__text\">\n\t\t\t\t<a href=\"https:\/\/fuveau.net\/index.php\/2023\/11\/19\/le-catechisme-selon-biki\/\" target=\"_self\" rel=\"bookmark noopener noreferrer\">LE CATECHISME SELON BIKI.<\/a>\n\t\t\t<\/h4>\n\t\t\t\t\t\t<div class='uagb-post__text uagb-post-grid-byline'>\n\t\t\t\t\t\t\t\t<span class=\"uagb-post__author\">\n\t\t\t\t<span class=\"dashicons-admin-users dashicons\"><\/span>\t\t\t\t\t<a href=\"https:\/\/fuveau.net\/index.php\/author\/jfber\/\" title=\"Articles par Jean-Fran\u00e7ois ROUBAUD\" rel=\"author\">Jean-Fran\u00e7ois ROUBAUD<\/a>\t\t\t\t<\/span>\n\t\t\t\t\t\t\t<span class=\"uagb-post__comment\">\n\t\t\t\t<span class=\"dashicons-admin-comments dashicons\"><\/span>\t\t\t\t\tAucun commentaire\t\t\t\t<\/span>\n\t\t\t\t\t\t<\/div>\n\t\t\t\t\t\t\t<div class='uagb-post__text uagb-post__excerpt'>\n\t\t\t\t\t<p>Question un peu similaire pos\u00e9e \u00e0 Ghislain MATTIO dit Biki dans les ann\u00e9es 50 par&#8230;\t\t\t\t<\/div>\n\t\t\t\t\t\t<div class=\"uagb-post__text uagb-post__cta wp-block-button\">\n\t\t\t\t<a class=\"wp-block-button__link uagb-text-link\" style=\"\" href=\"https:\/\/fuveau.net\/index.php\/2023\/11\/19\/le-catechisme-selon-biki\/\" target=\"_self\" rel=\"bookmark noopener noreferrer\">Lire la suite<\/a>\n\t\t\t<\/div>\n\t\t\t\n\t\t\t\t\t\t\t\t\t<\/article>\n\t\t\t\t\t\t\t\t\t\t\t\t\t\t\t\t<article class=\"uagb-post__inner-wrap\">\t\t\t\t\t\t\t\t<h4 class=\"uagb-post__title uagb-post__text\">\n\t\t\t\t<a href=\"https:\/\/fuveau.net\/index.php\/2023\/11\/19\/le-catechisme-selon-pierre-benoit\/\" target=\"_self\" rel=\"bookmark noopener noreferrer\">LE CATECHISME SELON PIERRE BENOIT<\/a>\n\t\t\t<\/h4>\n\t\t\t\t\t\t<div class='uagb-post__text uagb-post-grid-byline'>\n\t\t\t\t\t\t\t\t<span class=\"uagb-post__author\">\n\t\t\t\t<span class=\"dashicons-admin-users dashicons\"><\/span>\t\t\t\t\t<a href=\"https:\/\/fuveau.net\/index.php\/author\/jfber\/\" title=\"Articles par Jean-Fran\u00e7ois ROUBAUD\" rel=\"author\">Jean-Fran\u00e7ois ROUBAUD<\/a>\t\t\t\t<\/span>\n\t\t\t\t\t\t\t<span class=\"uagb-post__comment\">\n\t\t\t\t<span class=\"dashicons-admin-comments dashicons\"><\/span>\t\t\t\t\tAucun commentaire\t\t\t\t<\/span>\n\t\t\t\t\t\t<\/div>\n\t\t\t\t\t\t\t<div class='uagb-post__text uagb-post__excerpt'>\n\t\t\t\t\t<p>Pierre BENOIT est entre autres l&rsquo;auteur des Croix de feu au milieu du si\u00e8cle dernier&#8230;.\t\t\t\t<\/div>\n\t\t\t\t\t\t<div class=\"uagb-post__text uagb-post__cta wp-block-button\">\n\t\t\t\t<a class=\"wp-block-button__link uagb-text-link\" style=\"\" href=\"https:\/\/fuveau.net\/index.php\/2023\/11\/19\/le-catechisme-selon-pierre-benoit\/\" target=\"_self\" rel=\"bookmark noopener noreferrer\">Lire la suite<\/a>\n\t\t\t<\/div>\n\t\t\t\n\t\t\t\t\t\t\t\t\t<\/article>\n\t\t\t\t\t\t\t\t\t\t\t\t\t\t\t\t<article class=\"uagb-post__inner-wrap\">\t\t\t\t\t\t\t\t<h4 class=\"uagb-post__title uagb-post__text\">\n\t\t\t\t<a href=\"https:\/\/fuveau.net\/index.php\/2023\/11\/19\/anecdote-boulistique\/\" target=\"_self\" rel=\"bookmark noopener noreferrer\">ANECDOTE BOULISTIQUE<\/a>\n\t\t\t<\/h4>\n\t\t\t\t\t\t<div class='uagb-post__text uagb-post-grid-byline'>\n\t\t\t\t\t\t\t\t<span class=\"uagb-post__author\">\n\t\t\t\t<span class=\"dashicons-admin-users dashicons\"><\/span>\t\t\t\t\t<a href=\"https:\/\/fuveau.net\/index.php\/author\/jfber\/\" title=\"Articles par Jean-Fran\u00e7ois ROUBAUD\" rel=\"author\">Jean-Fran\u00e7ois ROUBAUD<\/a>\t\t\t\t<\/span>\n\t\t\t\t\t\t\t<span class=\"uagb-post__comment\">\n\t\t\t\t<span class=\"dashicons-admin-comments dashicons\"><\/span>\t\t\t\t\tAucun commentaire\t\t\t\t<\/span>\n\t\t\t\t\t\t<\/div>\n\t\t\t\t\t\t\t<div class='uagb-post__text uagb-post__excerpt'>\n\t\t\t\t\t<p>Lorsque l&rsquo;on parle anecdotes villageoises au moins une se rapportant aux boules semble indispensable. La&#8230;\t\t\t\t<\/div>\n\t\t\t\t\t\t<div class=\"uagb-post__text uagb-post__cta wp-block-button\">\n\t\t\t\t<a class=\"wp-block-button__link uagb-text-link\" style=\"\" href=\"https:\/\/fuveau.net\/index.php\/2023\/11\/19\/anecdote-boulistique\/\" target=\"_self\" rel=\"bookmark noopener noreferrer\">Lire la suite<\/a>\n\t\t\t<\/div>\n\t\t\t\n\t\t\t\t\t\t\t\t\t<\/article>\n\t\t\t\t\t\t\t\t\t\t\t\t\t\t\t\t<article class=\"uagb-post__inner-wrap\">\t\t\t\t\t\t\t\t<h4 class=\"uagb-post__title uagb-post__text\">\n\t\t\t\t<a href=\"https:\/\/fuveau.net\/index.php\/2023\/11\/19\/destins-de-maires\/\" target=\"_self\" rel=\"bookmark noopener noreferrer\">DESTINS DE MAIRES<\/a>\n\t\t\t<\/h4>\n\t\t\t\t\t\t<div class='uagb-post__text uagb-post-grid-byline'>\n\t\t\t\t\t\t\t\t<span class=\"uagb-post__author\">\n\t\t\t\t<span class=\"dashicons-admin-users dashicons\"><\/span>\t\t\t\t\t<a href=\"https:\/\/fuveau.net\/index.php\/author\/jfber\/\" title=\"Articles par Jean-Fran\u00e7ois ROUBAUD\" rel=\"author\">Jean-Fran\u00e7ois ROUBAUD<\/a>\t\t\t\t<\/span>\n\t\t\t\t\t\t\t<span class=\"uagb-post__comment\">\n\t\t\t\t<span class=\"dashicons-admin-comments dashicons\"><\/span>\t\t\t\t\tAucun commentaire\t\t\t\t<\/span>\n\t\t\t\t\t\t<\/div>\n\t\t\t\t\t\t\t<div class='uagb-post__text uagb-post__excerpt'>\n\t\t\t\t\t<p>\u00a0Il fut \u00e9lu dans l&rsquo;entre-deux-guerres, Virgile BOURRELLY, dit le Lapin, passa un mandat et d\u00e9cida&#8230;\t\t\t\t<\/div>\n\t\t\t\t\t\t<div class=\"uagb-post__text uagb-post__cta wp-block-button\">\n\t\t\t\t<a class=\"wp-block-button__link uagb-text-link\" style=\"\" href=\"https:\/\/fuveau.net\/index.php\/2023\/11\/19\/destins-de-maires\/\" target=\"_self\" rel=\"bookmark noopener noreferrer\">Lire la suite<\/a>\n\t\t\t<\/div>\n\t\t\t\n\t\t\t\t\t\t\t\t\t<\/article>\n\t\t\t\t\t\t\t\t\t\t\t\t\t\t\t\t<article class=\"uagb-post__inner-wrap\">\t\t\t\t\t\t\t\t<h4 class=\"uagb-post__title uagb-post__text\">\n\t\t\t\t<a href=\"https:\/\/fuveau.net\/index.php\/2023\/11\/19\/beu-laigo\/\" target=\"_self\" rel=\"bookmark noopener noreferrer\">BEU L&rsquo;AIGO<\/a>\n\t\t\t<\/h4>\n\t\t\t\t\t\t<div class='uagb-post__text uagb-post-grid-byline'>\n\t\t\t\t\t\t\t\t<span class=\"uagb-post__author\">\n\t\t\t\t<span class=\"dashicons-admin-users dashicons\"><\/span>\t\t\t\t\t<a href=\"https:\/\/fuveau.net\/index.php\/author\/jfber\/\" title=\"Articles par Jean-Fran\u00e7ois ROUBAUD\" rel=\"author\">Jean-Fran\u00e7ois ROUBAUD<\/a>\t\t\t\t<\/span>\n\t\t\t\t\t\t\t<span class=\"uagb-post__comment\">\n\t\t\t\t<span class=\"dashicons-admin-comments dashicons\"><\/span>\t\t\t\t\tAucun commentaire\t\t\t\t<\/span>\n\t\t\t\t\t\t<\/div>\n\t\t\t\t\t\t\t<div class='uagb-post__text uagb-post__excerpt'>\n\t\t\t\t\t<p>Un repr\u00e9sentant de la famille Blanc de Fuveau, disons plut\u00f4t de la dynastie car c&rsquo;\u00e9tait&#8230;\t\t\t\t<\/div>\n\t\t\t\t\t\t<div class=\"uagb-post__text uagb-post__cta wp-block-button\">\n\t\t\t\t<a class=\"wp-block-button__link uagb-text-link\" style=\"\" href=\"https:\/\/fuveau.net\/index.php\/2023\/11\/19\/beu-laigo\/\" target=\"_self\" rel=\"bookmark noopener noreferrer\">Lire la suite<\/a>\n\t\t\t<\/div>\n\t\t\t\n\t\t\t\t\t\t\t\t\t<\/article>\n\t\t\t\t\t\t\t\t\t\t\t\t\t\t\t\t<article class=\"uagb-post__inner-wrap\">\t\t\t\t\t\t\t\t<h4 class=\"uagb-post__title uagb-post__text\">\n\t\t\t\t<a href=\"https:\/\/fuveau.net\/index.php\/2023\/11\/19\/des-rues-curieuses\/\" target=\"_self\" rel=\"bookmark noopener noreferrer\">DES RUES CURIEUSES<\/a>\n\t\t\t<\/h4>\n\t\t\t\t\t\t<div class='uagb-post__text uagb-post-grid-byline'>\n\t\t\t\t\t\t\t\t<span class=\"uagb-post__author\">\n\t\t\t\t<span class=\"dashicons-admin-users dashicons\"><\/span>\t\t\t\t\t<a href=\"https:\/\/fuveau.net\/index.php\/author\/jfber\/\" title=\"Articles par Jean-Fran\u00e7ois ROUBAUD\" rel=\"author\">Jean-Fran\u00e7ois ROUBAUD<\/a>\t\t\t\t<\/span>\n\t\t\t\t\t\t\t<span class=\"uagb-post__comment\">\n\t\t\t\t<span class=\"dashicons-admin-comments dashicons\"><\/span>\t\t\t\t\tAucun commentaire\t\t\t\t<\/span>\n\t\t\t\t\t\t<\/div>\n\t\t\t\t\t\t\t<div class='uagb-post__text uagb-post__excerpt'>\n\t\t\t\t\t<p>Le S oubli\u00e9 au bout du chemin de Marlois n&rsquo;est qu&rsquo;un modeste d\u00e9tail parmi les&#8230;\t\t\t\t<\/div>\n\t\t\t\t\t\t<div class=\"uagb-post__text uagb-post__cta wp-block-button\">\n\t\t\t\t<a class=\"wp-block-button__link uagb-text-link\" style=\"\" href=\"https:\/\/fuveau.net\/index.php\/2023\/11\/19\/des-rues-curieuses\/\" target=\"_self\" rel=\"bookmark noopener noreferrer\">Lire la suite<\/a>\n\t\t\t<\/div>\n\t\t\t\n\t\t\t\t\t\t\t\t\t<\/article>\n\t\t\t\t\t\t\t\t\t\t\t\t\t\t\t\t<article class=\"uagb-post__inner-wrap\">\t\t\t\t\t\t\t\t<h4 class=\"uagb-post__title uagb-post__text\">\n\t\t\t\t<a href=\"https:\/\/fuveau.net\/index.php\/2023\/11\/19\/la-passion-selon-moustier\/\" target=\"_self\" rel=\"bookmark noopener noreferrer\">La Passion selon Moustier<\/a>\n\t\t\t<\/h4>\n\t\t\t\t\t\t<div class='uagb-post__text uagb-post-grid-byline'>\n\t\t\t\t\t\t\t\t<span class=\"uagb-post__author\">\n\t\t\t\t<span class=\"dashicons-admin-users dashicons\"><\/span>\t\t\t\t\t<a href=\"https:\/\/fuveau.net\/index.php\/author\/jfber\/\" title=\"Articles par Jean-Fran\u00e7ois ROUBAUD\" rel=\"author\">Jean-Fran\u00e7ois ROUBAUD<\/a>\t\t\t\t<\/span>\n\t\t\t\t\t\t\t<span class=\"uagb-post__comment\">\n\t\t\t\t<span class=\"dashicons-admin-comments dashicons\"><\/span>\t\t\t\t\tAucun commentaire\t\t\t\t<\/span>\n\t\t\t\t\t\t<\/div>\n\t\t\t\t\t\t\t<div class='uagb-post__text uagb-post__excerpt'>\n\t\t\t\t\t<p>Jusque dans les ann\u00e9es 50, outre la Pastorale en p\u00e9riode calendale, le Cercle Saint-Michel donnait&#8230;\t\t\t\t<\/div>\n\t\t\t\t\t\t<div class=\"uagb-post__text uagb-post__cta wp-block-button\">\n\t\t\t\t<a class=\"wp-block-button__link uagb-text-link\" style=\"\" href=\"https:\/\/fuveau.net\/index.php\/2023\/11\/19\/la-passion-selon-moustier\/\" target=\"_self\" rel=\"bookmark noopener noreferrer\">Lire la suite<\/a>\n\t\t\t<\/div>\n\t\t\t\n\t\t\t\t\t\t\t\t\t<\/article>\n\t\t\t\t\t\t\t\t\t\t\t\t\t\t\t\t<article class=\"uagb-post__inner-wrap\">\t\t\t\t\t\t\t\t<div class='uagb-post__image'>\n\t\t\t\t\t\t\t\t\t<a href=\"https:\/\/fuveau.net\/index.php\/2023\/11\/19\/miu-labbe\/\" target=\"_self\" rel=\"bookmark noopener noreferrer\" class='uagb-image-ratio-inherit'><img loading=\"lazy\" decoding=\"async\" width=\"449\" height=\"689\" src=\"https:\/\/fuveau.net\/wp-content\/uploads\/2023\/09\/Lacour_3870-1.jpg\" class=\"attachment-large size-large\" alt=\"\" srcset=\"https:\/\/fuveau.net\/wp-content\/uploads\/2023\/09\/Lacour_3870-1.jpg 449w, https:\/\/fuveau.net\/wp-content\/uploads\/2023\/09\/Lacour_3870-1-196x300.jpg 196w\" sizes=\"auto, (max-width: 449px) 100vw, 449px\" \/>\t\t\t\t\t<\/a>\n\t\t\t\t\t\t\t<\/div>\n\t\t\t\t\t\t<h4 class=\"uagb-post__title uagb-post__text\">\n\t\t\t\t<a href=\"https:\/\/fuveau.net\/index.php\/2023\/11\/19\/miu-labbe\/\" target=\"_self\" rel=\"bookmark noopener noreferrer\">Miu L&rsquo;abb\u00e8<\/a>\n\t\t\t<\/h4>\n\t\t\t\t\t\t<div class='uagb-post__text uagb-post-grid-byline'>\n\t\t\t\t\t\t\t\t<span class=\"uagb-post__author\">\n\t\t\t\t<span class=\"dashicons-admin-users dashicons\"><\/span>\t\t\t\t\t<a href=\"https:\/\/fuveau.net\/index.php\/author\/jfber\/\" title=\"Articles par Jean-Fran\u00e7ois ROUBAUD\" rel=\"author\">Jean-Fran\u00e7ois ROUBAUD<\/a>\t\t\t\t<\/span>\n\t\t\t\t\t\t\t<span class=\"uagb-post__comment\">\n\t\t\t\t<span class=\"dashicons-admin-comments dashicons\"><\/span>\t\t\t\t\tAucun commentaire\t\t\t\t<\/span>\n\t\t\t\t\t\t<\/div>\n\t\t\t\t\t\t\t<div class='uagb-post__text uagb-post__excerpt'>\n\t\t\t\t\t<p>Parmi la quantit\u00e9 impressionnante de surnoms donn\u00e9s au village, il est quasiment impossible cent ans&#8230;\t\t\t\t<\/div>\n\t\t\t\t\t\t<div class=\"uagb-post__text uagb-post__cta wp-block-button\">\n\t\t\t\t<a class=\"wp-block-button__link uagb-text-link\" style=\"\" href=\"https:\/\/fuveau.net\/index.php\/2023\/11\/19\/miu-labbe\/\" target=\"_self\" rel=\"bookmark noopener noreferrer\">Lire la suite<\/a>\n\t\t\t<\/div>\n\t\t\t\n\t\t\t\t\t\t\t\t\t<\/article>\n\t\t\t\t\t\t\t\t\t\t\t\t\t\t\t\t<article class=\"uagb-post__inner-wrap\">\t\t\t\t\t\t\t\t<h4 class=\"uagb-post__title uagb-post__text\">\n\t\t\t\t<a href=\"https:\/\/fuveau.net\/index.php\/2023\/11\/19\/coulomb-le-chouan\/\" target=\"_self\" rel=\"bookmark noopener noreferrer\">Coulomb, le Chouan<\/a>\n\t\t\t<\/h4>\n\t\t\t\t\t\t<div class='uagb-post__text uagb-post-grid-byline'>\n\t\t\t\t\t\t\t\t<span class=\"uagb-post__author\">\n\t\t\t\t<span class=\"dashicons-admin-users dashicons\"><\/span>\t\t\t\t\t<a href=\"https:\/\/fuveau.net\/index.php\/author\/jfber\/\" title=\"Articles par Jean-Fran\u00e7ois ROUBAUD\" rel=\"author\">Jean-Fran\u00e7ois ROUBAUD<\/a>\t\t\t\t<\/span>\n\t\t\t\t\t\t\t<span class=\"uagb-post__comment\">\n\t\t\t\t<span class=\"dashicons-admin-comments dashicons\"><\/span>\t\t\t\t\tAucun commentaire\t\t\t\t<\/span>\n\t\t\t\t\t\t<\/div>\n\t\t\t\t\t\t\t<div class='uagb-post__text uagb-post__excerpt'>\n\t\t\t\t\t<p>Nous sommes en 1931, Fuveau est \u00e0 la veille d&rsquo;une terrible \u00e9pid\u00e9mie de typho\u00efde et&#8230;\t\t\t\t<\/div>\n\t\t\t\t\t\t<div class=\"uagb-post__text uagb-post__cta wp-block-button\">\n\t\t\t\t<a class=\"wp-block-button__link uagb-text-link\" style=\"\" href=\"https:\/\/fuveau.net\/index.php\/2023\/11\/19\/coulomb-le-chouan\/\" target=\"_self\" rel=\"bookmark noopener noreferrer\">Lire la suite<\/a>\n\t\t\t<\/div>\n\t\t\t\n\t\t\t\t\t\t\t\t\t<\/article>\n\t\t\t\t\t\t\t\t\t\t\t\t\t\t\t\t<article class=\"uagb-post__inner-wrap\">\t\t\t\t\t\t\t\t<div class='uagb-post__image'>\n\t\t\t\t\t\t\t\t\t<a href=\"https:\/\/fuveau.net\/index.php\/2023\/11\/19\/la-soupe-depeautre\/\" target=\"_self\" rel=\"bookmark noopener noreferrer\" class='uagb-image-ratio-inherit'><img loading=\"lazy\" decoding=\"async\" width=\"676\" height=\"1016\" src=\"https:\/\/fuveau.net\/wp-content\/uploads\/2023\/11\/epeautre-681x1024.jpg\" class=\"attachment-large size-large\" alt=\"\" srcset=\"https:\/\/fuveau.net\/wp-content\/uploads\/2023\/11\/epeautre-681x1024.jpg 681w, https:\/\/fuveau.net\/wp-content\/uploads\/2023\/11\/epeautre-199x300.jpg 199w, https:\/\/fuveau.net\/wp-content\/uploads\/2023\/11\/epeautre-768x1155.jpg 768w, https:\/\/fuveau.net\/wp-content\/uploads\/2023\/11\/epeautre-1021x1536.jpg 1021w, https:\/\/fuveau.net\/wp-content\/uploads\/2023\/11\/epeautre-1362x2048.jpg 1362w, https:\/\/fuveau.net\/wp-content\/uploads\/2023\/11\/epeautre-676x1017.jpg 676w, https:\/\/fuveau.net\/wp-content\/uploads\/2023\/11\/epeautre-scaled.jpg 1702w\" sizes=\"auto, (max-width: 676px) 100vw, 676px\" \/>\t\t\t\t\t<\/a>\n\t\t\t\t\t\t\t<\/div>\n\t\t\t\t\t\t<h4 class=\"uagb-post__title uagb-post__text\">\n\t\t\t\t<a href=\"https:\/\/fuveau.net\/index.php\/2023\/11\/19\/la-soupe-depeautre\/\" target=\"_self\" rel=\"bookmark noopener noreferrer\">La soupe d&rsquo;\u00e9peautre.<\/a>\n\t\t\t<\/h4>\n\t\t\t\t\t\t<div class='uagb-post__text uagb-post-grid-byline'>\n\t\t\t\t\t\t\t\t<span class=\"uagb-post__author\">\n\t\t\t\t<span class=\"dashicons-admin-users dashicons\"><\/span>\t\t\t\t\t<a href=\"https:\/\/fuveau.net\/index.php\/author\/jfber\/\" title=\"Articles par Jean-Fran\u00e7ois ROUBAUD\" rel=\"author\">Jean-Fran\u00e7ois ROUBAUD<\/a>\t\t\t\t<\/span>\n\t\t\t\t\t\t\t<span class=\"uagb-post__comment\">\n\t\t\t\t<span class=\"dashicons-admin-comments dashicons\"><\/span>\t\t\t\t\tAucun commentaire\t\t\t\t<\/span>\n\t\t\t\t\t\t<\/div>\n\t\t\t\t\t\t\t<div class='uagb-post__text uagb-post__excerpt'>\n\t\t\t\t\t<p>Hormis quelques champs dans la vall\u00e9e de l&rsquo;Arc, encore \u00e9taient-ils tr\u00e8s argileux, les terres de&#8230;\t\t\t\t<\/div>\n\t\t\t\t\t\t<div class=\"uagb-post__text uagb-post__cta wp-block-button\">\n\t\t\t\t<a class=\"wp-block-button__link uagb-text-link\" style=\"\" href=\"https:\/\/fuveau.net\/index.php\/2023\/11\/19\/la-soupe-depeautre\/\" target=\"_self\" rel=\"bookmark noopener noreferrer\">Lire la suite<\/a>\n\t\t\t<\/div>\n\t\t\t\n\t\t\t\t\t\t\t\t\t<\/article>\n\t\t\t\t\t\t\t\t\t\t\t\t\t\t\t\t<article class=\"uagb-post__inner-wrap\">\t\t\t\t\t\t\t\t<h4 class=\"uagb-post__title uagb-post__text\">\n\t\t\t\t<a href=\"https:\/\/fuveau.net\/index.php\/2023\/11\/19\/une-colle-pour-fuvelains-avertis\/\" target=\"_self\" rel=\"bookmark noopener noreferrer\">Une colle pour fuvelains avertis.<\/a>\n\t\t\t<\/h4>\n\t\t\t\t\t\t<div class='uagb-post__text uagb-post-grid-byline'>\n\t\t\t\t\t\t\t\t<span class=\"uagb-post__author\">\n\t\t\t\t<span class=\"dashicons-admin-users dashicons\"><\/span>\t\t\t\t\t<a href=\"https:\/\/fuveau.net\/index.php\/author\/jfber\/\" title=\"Articles par Jean-Fran\u00e7ois ROUBAUD\" rel=\"author\">Jean-Fran\u00e7ois ROUBAUD<\/a>\t\t\t\t<\/span>\n\t\t\t\t\t\t\t<span class=\"uagb-post__comment\">\n\t\t\t\t<span class=\"dashicons-admin-comments dashicons\"><\/span>\t\t\t\t\tAucun commentaire\t\t\t\t<\/span>\n\t\t\t\t\t\t<\/div>\n\t\t\t\t\t\t\t<div class='uagb-post__text uagb-post__excerpt'>\n\t\t\t\t\t<p>Trois voies ou quartiers rappellent le souvenir d&rsquo;anciens maires du village. Les connaissez-vous ? La&#8230;\t\t\t\t<\/div>\n\t\t\t\t\t\t<div class=\"uagb-post__text uagb-post__cta wp-block-button\">\n\t\t\t\t<a class=\"wp-block-button__link uagb-text-link\" style=\"\" href=\"https:\/\/fuveau.net\/index.php\/2023\/11\/19\/une-colle-pour-fuvelains-avertis\/\" target=\"_self\" rel=\"bookmark noopener noreferrer\">Lire la suite<\/a>\n\t\t\t<\/div>\n\t\t\t\n\t\t\t\t\t\t\t\t\t<\/article>\n\t\t\t\t\t\t\t\t\t\t\t\t\t\t\t\t<article class=\"uagb-post__inner-wrap\">\t\t\t\t\t\t\t\t<div class='uagb-post__image'>\n\t\t\t\t\t\t\t\t\t<a href=\"https:\/\/fuveau.net\/index.php\/2023\/11\/19\/la-folle\/\" target=\"_self\" rel=\"bookmark noopener noreferrer\" class='uagb-image-ratio-inherit'><img loading=\"lazy\" decoding=\"async\" width=\"640\" height=\"474\" src=\"https:\/\/fuveau.net\/wp-content\/uploads\/2023\/11\/Monument_morts_1-1.jpg\" class=\"attachment-large size-large\" alt=\"\" srcset=\"https:\/\/fuveau.net\/wp-content\/uploads\/2023\/11\/Monument_morts_1-1.jpg 640w, https:\/\/fuveau.net\/wp-content\/uploads\/2023\/11\/Monument_morts_1-1-300x222.jpg 300w\" sizes=\"auto, (max-width: 640px) 100vw, 640px\" \/>\t\t\t\t\t<\/a>\n\t\t\t\t\t\t\t<\/div>\n\t\t\t\t\t\t<h4 class=\"uagb-post__title uagb-post__text\">\n\t\t\t\t<a href=\"https:\/\/fuveau.net\/index.php\/2023\/11\/19\/la-folle\/\" target=\"_self\" rel=\"bookmark noopener noreferrer\">La folle<\/a>\n\t\t\t<\/h4>\n\t\t\t\t\t\t<div class='uagb-post__text uagb-post-grid-byline'>\n\t\t\t\t\t\t\t\t<span class=\"uagb-post__author\">\n\t\t\t\t<span class=\"dashicons-admin-users dashicons\"><\/span>\t\t\t\t\t<a href=\"https:\/\/fuveau.net\/index.php\/author\/jfber\/\" title=\"Articles par Jean-Fran\u00e7ois ROUBAUD\" rel=\"author\">Jean-Fran\u00e7ois ROUBAUD<\/a>\t\t\t\t<\/span>\n\t\t\t\t\t\t\t<span class=\"uagb-post__comment\">\n\t\t\t\t<span class=\"dashicons-admin-comments dashicons\"><\/span>\t\t\t\t\tAucun commentaire\t\t\t\t<\/span>\n\t\t\t\t\t\t<\/div>\n\t\t\t\t\t\t\t<div class='uagb-post__text uagb-post__excerpt'>\n\t\t\t\t\t<p>Sauf erreur, c&rsquo;est la commune de Termignon-en-Vanoise (73) qui avec sa superbe pleureuse poss\u00e8de le&#8230;\t\t\t\t<\/div>\n\t\t\t\t\t\t<div class=\"uagb-post__text uagb-post__cta wp-block-button\">\n\t\t\t\t<a class=\"wp-block-button__link uagb-text-link\" style=\"\" href=\"https:\/\/fuveau.net\/index.php\/2023\/11\/19\/la-folle\/\" target=\"_self\" rel=\"bookmark noopener noreferrer\">Lire la suite<\/a>\n\t\t\t<\/div>\n\t\t\t\n\t\t\t\t\t\t\t\t\t<\/article>\n\t\t\t\t\t\t\t\t\t\t\t\t\t\t\t\t<article class=\"uagb-post__inner-wrap\">\t\t\t\t\t\t\t\t<h4 class=\"uagb-post__title uagb-post__text\">\n\t\t\t\t<a href=\"https:\/\/fuveau.net\/index.php\/2023\/11\/19\/le-tour-des-chapelles\/\" target=\"_self\" rel=\"bookmark noopener noreferrer\">Le tour des chapelles.<\/a>\n\t\t\t<\/h4>\n\t\t\t\t\t\t<div class='uagb-post__text uagb-post-grid-byline'>\n\t\t\t\t\t\t\t\t<span class=\"uagb-post__author\">\n\t\t\t\t<span class=\"dashicons-admin-users dashicons\"><\/span>\t\t\t\t\t<a href=\"https:\/\/fuveau.net\/index.php\/author\/jfber\/\" title=\"Articles par Jean-Fran\u00e7ois ROUBAUD\" rel=\"author\">Jean-Fran\u00e7ois ROUBAUD<\/a>\t\t\t\t<\/span>\n\t\t\t\t\t\t\t<span class=\"uagb-post__comment\">\n\t\t\t\t<span class=\"dashicons-admin-comments dashicons\"><\/span>\t\t\t\t\tAucun commentaire\t\t\t\t<\/span>\n\t\t\t\t\t\t<\/div>\n\t\t\t\t\t\t\t<div class='uagb-post__text uagb-post__excerpt'>\n\t\t\t\t\t<p>Il est une expression d&rsquo;origine bretonne fort connue, c&rsquo;est \u00ab\u00a0partir en bord\u00e9e\u00a0\u00bb. La performance consiste&#8230;\t\t\t\t<\/div>\n\t\t\t\t\t\t<div class=\"uagb-post__text uagb-post__cta wp-block-button\">\n\t\t\t\t<a class=\"wp-block-button__link uagb-text-link\" style=\"\" href=\"https:\/\/fuveau.net\/index.php\/2023\/11\/19\/le-tour-des-chapelles\/\" target=\"_self\" rel=\"bookmark noopener noreferrer\">Lire la suite<\/a>\n\t\t\t<\/div>\n\t\t\t\n\t\t\t\t\t\t\t\t\t<\/article>\n\t\t\t\t\t\t\t\t\t\t\t\t\t\t\t\t<article class=\"uagb-post__inner-wrap\">\t\t\t\t\t\t\t\t<div class='uagb-post__image'>\n\t\t\t\t\t\t\t\t\t<a href=\"https:\/\/fuveau.net\/index.php\/2023\/11\/19\/voici-la-gare\/\" target=\"_self\" rel=\"bookmark noopener noreferrer\" class='uagb-image-ratio-inherit'><img loading=\"lazy\" decoding=\"async\" width=\"602\" height=\"493\" src=\"https:\/\/fuveau.net\/wp-content\/uploads\/2023\/10\/gare-celestin-barthelemy.jpg\" class=\"attachment-large size-large\" alt=\"\" srcset=\"https:\/\/fuveau.net\/wp-content\/uploads\/2023\/10\/gare-celestin-barthelemy.jpg 602w, https:\/\/fuveau.net\/wp-content\/uploads\/2023\/10\/gare-celestin-barthelemy-300x246.jpg 300w\" sizes=\"auto, (max-width: 602px) 100vw, 602px\" \/>\t\t\t\t\t<\/a>\n\t\t\t\t\t\t\t<\/div>\n\t\t\t\t\t\t<h4 class=\"uagb-post__title uagb-post__text\">\n\t\t\t\t<a href=\"https:\/\/fuveau.net\/index.php\/2023\/11\/19\/voici-la-gare\/\" target=\"_self\" rel=\"bookmark noopener noreferrer\">Voici la gare\u00a0<\/a>\n\t\t\t<\/h4>\n\t\t\t\t\t\t<div class='uagb-post__text uagb-post-grid-byline'>\n\t\t\t\t\t\t\t\t<span class=\"uagb-post__author\">\n\t\t\t\t<span class=\"dashicons-admin-users dashicons\"><\/span>\t\t\t\t\t<a href=\"https:\/\/fuveau.net\/index.php\/author\/jfber\/\" title=\"Articles par Jean-Fran\u00e7ois ROUBAUD\" rel=\"author\">Jean-Fran\u00e7ois ROUBAUD<\/a>\t\t\t\t<\/span>\n\t\t\t\t\t\t\t<span class=\"uagb-post__comment\">\n\t\t\t\t<span class=\"dashicons-admin-comments dashicons\"><\/span>\t\t\t\t\tAucun commentaire\t\t\t\t<\/span>\n\t\t\t\t\t\t<\/div>\n\t\t\t\t\t\t\t<div class='uagb-post__text uagb-post__excerpt'>\n\t\t\t\t\t<p>Elle aura v\u00e9cu de 1904 \u00e0 1964. Les photos ou cartes postales de cet \u00e9difice&#8230;\t\t\t\t<\/div>\n\t\t\t\t\t\t<div class=\"uagb-post__text uagb-post__cta wp-block-button\">\n\t\t\t\t<a class=\"wp-block-button__link uagb-text-link\" style=\"\" href=\"https:\/\/fuveau.net\/index.php\/2023\/11\/19\/voici-la-gare\/\" target=\"_self\" rel=\"bookmark noopener noreferrer\">Lire la suite<\/a>\n\t\t\t<\/div>\n\t\t\t\n\t\t\t\t\t\t\t\t\t<\/article>\n\t\t\t\t\t\t\t\t\t\t\t\t\t\t\t\t<article class=\"uagb-post__inner-wrap\">\t\t\t\t\t\t\t\t<h4 class=\"uagb-post__title uagb-post__text\">\n\t\t\t\t<a href=\"https:\/\/fuveau.net\/index.php\/2023\/11\/19\/faire-carriere-au-village\/\" target=\"_self\" rel=\"bookmark noopener noreferrer\">Faire carri\u00e8re au village<\/a>\n\t\t\t<\/h4>\n\t\t\t\t\t\t<div class='uagb-post__text uagb-post-grid-byline'>\n\t\t\t\t\t\t\t\t<span class=\"uagb-post__author\">\n\t\t\t\t<span class=\"dashicons-admin-users dashicons\"><\/span>\t\t\t\t\t<a href=\"https:\/\/fuveau.net\/index.php\/author\/jfber\/\" title=\"Articles par Jean-Fran\u00e7ois ROUBAUD\" rel=\"author\">Jean-Fran\u00e7ois ROUBAUD<\/a>\t\t\t\t<\/span>\n\t\t\t\t\t\t\t<span class=\"uagb-post__comment\">\n\t\t\t\t<span class=\"dashicons-admin-comments dashicons\"><\/span>\t\t\t\t\tAucun commentaire\t\t\t\t<\/span>\n\t\t\t\t\t\t<\/div>\n\t\t\t\t\t\t\t<div class='uagb-post__text uagb-post__excerpt'>\n\t\t\t\t\t<p>La vue (1902) ci-dessus prise du haut de la rue Rondet est particuli\u00e8rement int\u00e9ressante, elle&#8230;\t\t\t\t<\/div>\n\t\t\t\t\t\t<div class=\"uagb-post__text uagb-post__cta wp-block-button\">\n\t\t\t\t<a class=\"wp-block-button__link uagb-text-link\" style=\"\" href=\"https:\/\/fuveau.net\/index.php\/2023\/11\/19\/faire-carriere-au-village\/\" target=\"_self\" rel=\"bookmark noopener noreferrer\">Lire la suite<\/a>\n\t\t\t<\/div>\n\t\t\t\n\t\t\t\t\t\t\t\t\t<\/article>\n\t\t\t\t\t\t\t\t\t\t\t\t\t\t\t\t<article class=\"uagb-post__inner-wrap\">\t\t\t\t\t\t\t\t<div class='uagb-post__image'>\n\t\t\t\t\t\t\t\t\t<a href=\"https:\/\/fuveau.net\/index.php\/2023\/11\/19\/devisons-en-devises\/\" target=\"_self\" rel=\"bookmark noopener noreferrer\" class='uagb-image-ratio-inherit'><img loading=\"lazy\" decoding=\"async\" width=\"350\" height=\"351\" src=\"https:\/\/fuveau.net\/wp-content\/uploads\/2023\/10\/blason-boucle.jpg\" class=\"attachment-large size-large\" alt=\"\" srcset=\"https:\/\/fuveau.net\/wp-content\/uploads\/2023\/10\/blason-boucle.jpg 350w, https:\/\/fuveau.net\/wp-content\/uploads\/2023\/10\/blason-boucle-300x300.jpg 300w, https:\/\/fuveau.net\/wp-content\/uploads\/2023\/10\/blason-boucle-150x150.jpg 150w\" sizes=\"auto, (max-width: 350px) 100vw, 350px\" \/>\t\t\t\t\t<\/a>\n\t\t\t\t\t\t\t<\/div>\n\t\t\t\t\t\t<h4 class=\"uagb-post__title uagb-post__text\">\n\t\t\t\t<a href=\"https:\/\/fuveau.net\/index.php\/2023\/11\/19\/devisons-en-devises\/\" target=\"_self\" rel=\"bookmark noopener noreferrer\">Devisons en devises<\/a>\n\t\t\t<\/h4>\n\t\t\t\t\t\t<div class='uagb-post__text uagb-post-grid-byline'>\n\t\t\t\t\t\t\t\t<span class=\"uagb-post__author\">\n\t\t\t\t<span class=\"dashicons-admin-users dashicons\"><\/span>\t\t\t\t\t<a href=\"https:\/\/fuveau.net\/index.php\/author\/jfber\/\" title=\"Articles par Jean-Fran\u00e7ois ROUBAUD\" rel=\"author\">Jean-Fran\u00e7ois ROUBAUD<\/a>\t\t\t\t<\/span>\n\t\t\t\t\t\t\t<span class=\"uagb-post__comment\">\n\t\t\t\t<span class=\"dashicons-admin-comments dashicons\"><\/span>\t\t\t\t\tAucun commentaire\t\t\t\t<\/span>\n\t\t\t\t\t\t<\/div>\n\t\t\t\t\t\t\t<div class='uagb-post__text uagb-post__excerpt'>\n\t\t\t\t\t<p>\u00a0Fuveau n&rsquo;avait pas de devise sur son blason. Au d\u00e9but du si\u00e8cle dernier, le f\u00e9libre\u00a0Eug\u00e8ne&#8230;\t\t\t\t<\/div>\n\t\t\t\t\t\t<div class=\"uagb-post__text uagb-post__cta wp-block-button\">\n\t\t\t\t<a class=\"wp-block-button__link uagb-text-link\" style=\"\" href=\"https:\/\/fuveau.net\/index.php\/2023\/11\/19\/devisons-en-devises\/\" target=\"_self\" rel=\"bookmark noopener noreferrer\">Lire la suite<\/a>\n\t\t\t<\/div>\n\t\t\t\n\t\t\t\t\t\t\t\t\t<\/article>\n\t\t\t\t\t\t\t\t\t\t\t\t\t\t\t\t<article class=\"uagb-post__inner-wrap\">\t\t\t\t\t\t\t\t<div class='uagb-post__image'>\n\t\t\t\t\t\t\t\t\t<a href=\"https:\/\/fuveau.net\/index.php\/2023\/11\/18\/pourquoi-autant-de-surnoms-a-fuveau\/\" target=\"_self\" rel=\"bookmark noopener noreferrer\" class='uagb-image-ratio-inherit'><img loading=\"lazy\" decoding=\"async\" width=\"640\" height=\"411\" src=\"https:\/\/fuveau.net\/wp-content\/uploads\/2023\/09\/joyeux_jo-2.jpg\" class=\"attachment-large size-large\" alt=\"\" srcset=\"https:\/\/fuveau.net\/wp-content\/uploads\/2023\/09\/joyeux_jo-2.jpg 640w, https:\/\/fuveau.net\/wp-content\/uploads\/2023\/09\/joyeux_jo-2-300x193.jpg 300w\" sizes=\"auto, (max-width: 640px) 100vw, 640px\" \/>\t\t\t\t\t<\/a>\n\t\t\t\t\t\t\t<\/div>\n\t\t\t\t\t\t<h4 class=\"uagb-post__title uagb-post__text\">\n\t\t\t\t<a href=\"https:\/\/fuveau.net\/index.php\/2023\/11\/18\/pourquoi-autant-de-surnoms-a-fuveau\/\" target=\"_self\" rel=\"bookmark noopener noreferrer\">Pourquoi autant de surnoms \u00e0 Fuveau ?<\/a>\n\t\t\t<\/h4>\n\t\t\t\t\t\t<div class='uagb-post__text uagb-post-grid-byline'>\n\t\t\t\t\t\t\t\t<span class=\"uagb-post__author\">\n\t\t\t\t<span class=\"dashicons-admin-users dashicons\"><\/span>\t\t\t\t\t<a href=\"https:\/\/fuveau.net\/index.php\/author\/jfber\/\" title=\"Articles par Jean-Fran\u00e7ois ROUBAUD\" rel=\"author\">Jean-Fran\u00e7ois ROUBAUD<\/a>\t\t\t\t<\/span>\n\t\t\t\t\t\t\t<span class=\"uagb-post__comment\">\n\t\t\t\t<span class=\"dashicons-admin-comments dashicons\"><\/span>\t\t\t\t\tAucun commentaire\t\t\t\t<\/span>\n\t\t\t\t\t\t<\/div>\n\t\t\t\t\t\t\t<div class='uagb-post__text uagb-post__excerpt'>\n\t\t\t\t\t<p>Dans tous les villages, la tradition des surnoms ou des \u00ab\u00a0faux-noms\u00a0\u00bb \u00e9tait monnaie courante mais&#8230;\t\t\t\t<\/div>\n\t\t\t\t\t\t<div class=\"uagb-post__text uagb-post__cta wp-block-button\">\n\t\t\t\t<a class=\"wp-block-button__link uagb-text-link\" style=\"\" href=\"https:\/\/fuveau.net\/index.php\/2023\/11\/18\/pourquoi-autant-de-surnoms-a-fuveau\/\" target=\"_self\" rel=\"bookmark noopener noreferrer\">Lire la suite<\/a>\n\t\t\t<\/div>\n\t\t\t\n\t\t\t\t\t\t\t\t\t<\/article>\n\t\t\t\t\t\t\t\t\t\t\t\t\t\t\t\t<article class=\"uagb-post__inner-wrap\">\t\t\t\t\t\t\t\t<div class='uagb-post__image'>\n\t\t\t\t\t\t\t\t\t<a href=\"https:\/\/fuveau.net\/index.php\/2023\/11\/18\/la-chasse-au-furet\/\" target=\"_self\" rel=\"bookmark noopener noreferrer\" class='uagb-image-ratio-inherit'><img loading=\"lazy\" decoding=\"async\" width=\"676\" height=\"380\" src=\"https:\/\/fuveau.net\/wp-content\/uploads\/2023\/11\/furet-1024x576.jpg\" class=\"attachment-large size-large\" alt=\"\" srcset=\"https:\/\/fuveau.net\/wp-content\/uploads\/2023\/11\/furet-1024x576.jpg 1024w, https:\/\/fuveau.net\/wp-content\/uploads\/2023\/11\/furet-300x169.jpg 300w, https:\/\/fuveau.net\/wp-content\/uploads\/2023\/11\/furet-768x432.jpg 768w, https:\/\/fuveau.net\/wp-content\/uploads\/2023\/11\/furet-1536x863.jpg 1536w, https:\/\/fuveau.net\/wp-content\/uploads\/2023\/11\/furet-676x380.jpg 676w, https:\/\/fuveau.net\/wp-content\/uploads\/2023\/11\/furet.jpg 1665w\" sizes=\"auto, (max-width: 676px) 100vw, 676px\" \/>\t\t\t\t\t<\/a>\n\t\t\t\t\t\t\t<\/div>\n\t\t\t\t\t\t<h4 class=\"uagb-post__title uagb-post__text\">\n\t\t\t\t<a href=\"https:\/\/fuveau.net\/index.php\/2023\/11\/18\/la-chasse-au-furet\/\" target=\"_self\" rel=\"bookmark noopener noreferrer\">La chasse au furet\u00a0\u00a0\u00a0<\/a>\n\t\t\t<\/h4>\n\t\t\t\t\t\t<div class='uagb-post__text uagb-post-grid-byline'>\n\t\t\t\t\t\t\t\t<span class=\"uagb-post__author\">\n\t\t\t\t<span class=\"dashicons-admin-users dashicons\"><\/span>\t\t\t\t\t<a href=\"https:\/\/fuveau.net\/index.php\/author\/jfber\/\" title=\"Articles par Jean-Fran\u00e7ois ROUBAUD\" rel=\"author\">Jean-Fran\u00e7ois ROUBAUD<\/a>\t\t\t\t<\/span>\n\t\t\t\t\t\t\t<span class=\"uagb-post__comment\">\n\t\t\t\t<span class=\"dashicons-admin-comments dashicons\"><\/span>\t\t\t\t\tAucun commentaire\t\t\t\t<\/span>\n\t\t\t\t\t\t<\/div>\n\t\t\t\t\t\t\t<div class='uagb-post__text uagb-post__excerpt'>\n\t\t\t\t\t<p>Cette forme de chasse \u00e9tait certainement la plus appr\u00e9ci\u00e9e \u00e0 Fuveau. Il fallait trouver des&#8230;\t\t\t\t<\/div>\n\t\t\t\t\t\t<div class=\"uagb-post__text uagb-post__cta wp-block-button\">\n\t\t\t\t<a class=\"wp-block-button__link uagb-text-link\" style=\"\" href=\"https:\/\/fuveau.net\/index.php\/2023\/11\/18\/la-chasse-au-furet\/\" target=\"_self\" rel=\"bookmark noopener noreferrer\">Lire la suite<\/a>\n\t\t\t<\/div>\n\t\t\t\n\t\t\t\t\t\t\t\t\t<\/article>\n\t\t\t\t\t\t\t\t\t\t\t\t\t\t\t\t<article class=\"uagb-post__inner-wrap\">\t\t\t\t\t\t\t\t<div class='uagb-post__image'>\n\t\t\t\t\t\t\t\t\t<a href=\"https:\/\/fuveau.net\/index.php\/2023\/11\/18\/la-quadrette\/\" target=\"_self\" rel=\"bookmark noopener noreferrer\" class='uagb-image-ratio-inherit'><img loading=\"lazy\" decoding=\"async\" width=\"676\" height=\"411\" src=\"https:\/\/fuveau.net\/wp-content\/uploads\/2023\/11\/quadrette.jpg\" class=\"attachment-large size-large\" alt=\"\" srcset=\"https:\/\/fuveau.net\/wp-content\/uploads\/2023\/11\/quadrette.jpg 676w, https:\/\/fuveau.net\/wp-content\/uploads\/2023\/11\/quadrette-300x182.jpg 300w\" sizes=\"auto, (max-width: 676px) 100vw, 676px\" \/>\t\t\t\t\t<\/a>\n\t\t\t\t\t\t\t<\/div>\n\t\t\t\t\t\t<h4 class=\"uagb-post__title uagb-post__text\">\n\t\t\t\t<a href=\"https:\/\/fuveau.net\/index.php\/2023\/11\/18\/la-quadrette\/\" target=\"_self\" rel=\"bookmark noopener noreferrer\">La Quadrette\u00a0\u00a0\u00a0<\/a>\n\t\t\t<\/h4>\n\t\t\t\t\t\t<div class='uagb-post__text uagb-post-grid-byline'>\n\t\t\t\t\t\t\t\t<span class=\"uagb-post__author\">\n\t\t\t\t<span class=\"dashicons-admin-users dashicons\"><\/span>\t\t\t\t\t<a href=\"https:\/\/fuveau.net\/index.php\/author\/jfber\/\" title=\"Articles par Jean-Fran\u00e7ois ROUBAUD\" rel=\"author\">Jean-Fran\u00e7ois ROUBAUD<\/a>\t\t\t\t<\/span>\n\t\t\t\t\t\t\t<span class=\"uagb-post__comment\">\n\t\t\t\t<span class=\"dashicons-admin-comments dashicons\"><\/span>\t\t\t\t\tAucun commentaire\t\t\t\t<\/span>\n\t\t\t\t\t\t<\/div>\n\t\t\t\t\t\t\t<div class='uagb-post__text uagb-post__excerpt'>\n\t\t\t\t\t<p>Jeu de cartes typique de Fuveau et de quelques villages voisins dont La Bouilladisse, Rousset&#8230;\t\t\t\t<\/div>\n\t\t\t\t\t\t<div class=\"uagb-post__text uagb-post__cta wp-block-button\">\n\t\t\t\t<a class=\"wp-block-button__link uagb-text-link\" style=\"\" href=\"https:\/\/fuveau.net\/index.php\/2023\/11\/18\/la-quadrette\/\" target=\"_self\" rel=\"bookmark noopener noreferrer\">Lire la suite<\/a>\n\t\t\t<\/div>\n\t\t\t\n\t\t\t\t\t\t\t\t\t<\/article>\n\t\t\t\t\t\t\t\t\t\t\t\t\t\t\t\t<article class=\"uagb-post__inner-wrap\">\t\t\t\t\t\t\t\t<div class='uagb-post__image'>\n\t\t\t\t\t\t\t\t\t<a href=\"https:\/\/fuveau.net\/index.php\/2023\/11\/18\/la-bague-a-boghei\/\" target=\"_self\" rel=\"bookmark noopener noreferrer\" class='uagb-image-ratio-inherit'><img loading=\"lazy\" decoding=\"async\" width=\"411\" height=\"300\" src=\"https:\/\/fuveau.net\/wp-content\/uploads\/2023\/11\/image-1.png\" class=\"attachment-large size-large\" alt=\"\" srcset=\"https:\/\/fuveau.net\/wp-content\/uploads\/2023\/11\/image-1.png 411w, https:\/\/fuveau.net\/wp-content\/uploads\/2023\/11\/image-1-300x219.png 300w\" sizes=\"auto, (max-width: 411px) 100vw, 411px\" \/>\t\t\t\t\t<\/a>\n\t\t\t\t\t\t\t<\/div>\n\t\t\t\t\t\t<h4 class=\"uagb-post__title uagb-post__text\">\n\t\t\t\t<a href=\"https:\/\/fuveau.net\/index.php\/2023\/11\/18\/la-bague-a-boghei\/\" target=\"_self\" rel=\"bookmark noopener noreferrer\">La Bague \u00e0 Boghei\u00a0\u00a0\u00a0<\/a>\n\t\t\t<\/h4>\n\t\t\t\t\t\t<div class='uagb-post__text uagb-post-grid-byline'>\n\t\t\t\t\t\t\t\t<span class=\"uagb-post__author\">\n\t\t\t\t<span class=\"dashicons-admin-users dashicons\"><\/span>\t\t\t\t\t<a href=\"https:\/\/fuveau.net\/index.php\/author\/jfber\/\" title=\"Articles par Jean-Fran\u00e7ois ROUBAUD\" rel=\"author\">Jean-Fran\u00e7ois ROUBAUD<\/a>\t\t\t\t<\/span>\n\t\t\t\t\t\t\t<span class=\"uagb-post__comment\">\n\t\t\t\t<span class=\"dashicons-admin-comments dashicons\"><\/span>\t\t\t\t\tAucun commentaire\t\t\t\t<\/span>\n\t\t\t\t\t\t<\/div>\n\t\t\t\t\t\t\t<div class='uagb-post__text uagb-post__excerpt'>\n\t\t\t\t\t<p>Photo centenaire et \u00e0 notre connaissance unique de la bague \u00e0 boghei. &nbsp;Au temps o\u00f9&#8230;\t\t\t\t<\/div>\n\t\t\t\t\t\t<div class=\"uagb-post__text uagb-post__cta wp-block-button\">\n\t\t\t\t<a class=\"wp-block-button__link uagb-text-link\" style=\"\" href=\"https:\/\/fuveau.net\/index.php\/2023\/11\/18\/la-bague-a-boghei\/\" target=\"_self\" rel=\"bookmark noopener noreferrer\">Lire la suite<\/a>\n\t\t\t<\/div>\n\t\t\t\n\t\t\t\t\t\t\t\t\t<\/article>\n\t\t\t\t\t\t\t\t\t\t\t\t\t\t\t\t<article class=\"uagb-post__inner-wrap\">\t\t\t\t\t\t\t\t<div class='uagb-post__image'>\n\t\t\t\t\t\t\t\t\t<a href=\"https:\/\/fuveau.net\/index.php\/2023\/11\/18\/le-cours-leydet\/\" target=\"_self\" rel=\"bookmark noopener noreferrer\" class='uagb-image-ratio-inherit'><img loading=\"lazy\" decoding=\"async\" width=\"404\" height=\"256\" src=\"https:\/\/fuveau.net\/wp-content\/uploads\/2023\/11\/image.png\" class=\"attachment-large size-large\" alt=\"\" srcset=\"https:\/\/fuveau.net\/wp-content\/uploads\/2023\/11\/image.png 404w, https:\/\/fuveau.net\/wp-content\/uploads\/2023\/11\/image-300x190.png 300w\" sizes=\"auto, (max-width: 404px) 100vw, 404px\" \/>\t\t\t\t\t<\/a>\n\t\t\t\t\t\t\t<\/div>\n\t\t\t\t\t\t<h4 class=\"uagb-post__title uagb-post__text\">\n\t\t\t\t<a href=\"https:\/\/fuveau.net\/index.php\/2023\/11\/18\/le-cours-leydet\/\" target=\"_self\" rel=\"bookmark noopener noreferrer\">Le Cours Leydet<\/a>\n\t\t\t<\/h4>\n\t\t\t\t\t\t<div class='uagb-post__text uagb-post-grid-byline'>\n\t\t\t\t\t\t\t\t<span class=\"uagb-post__author\">\n\t\t\t\t<span class=\"dashicons-admin-users dashicons\"><\/span>\t\t\t\t\t<a href=\"https:\/\/fuveau.net\/index.php\/author\/jfber\/\" title=\"Articles par Jean-Fran\u00e7ois ROUBAUD\" rel=\"author\">Jean-Fran\u00e7ois ROUBAUD<\/a>\t\t\t\t<\/span>\n\t\t\t\t\t\t\t<span class=\"uagb-post__comment\">\n\t\t\t\t<span class=\"dashicons-admin-comments dashicons\"><\/span>\t\t\t\t\tAucun commentaire\t\t\t\t<\/span>\n\t\t\t\t\t\t<\/div>\n\t\t\t\t\t\t\t<div class='uagb-post__text uagb-post__excerpt'>\n\t\t\t\t\t<p>Carte postale de 1902 comme la plupart des vues du village portant un num\u00e9ro de&#8230;\t\t\t\t<\/div>\n\t\t\t\t\t\t<div class=\"uagb-post__text uagb-post__cta wp-block-button\">\n\t\t\t\t<a class=\"wp-block-button__link uagb-text-link\" style=\"\" href=\"https:\/\/fuveau.net\/index.php\/2023\/11\/18\/le-cours-leydet\/\" target=\"_self\" rel=\"bookmark noopener noreferrer\">Lire la suite<\/a>\n\t\t\t<\/div>\n\t\t\t\n\t\t\t\t\t\t\t\t\t<\/article>\n\t\t\t\t\t\t\t\t\t\t\t\t\t\t\t\t<article class=\"uagb-post__inner-wrap\">\t\t\t\t\t\t\t\t<h4 class=\"uagb-post__title uagb-post__text\">\n\t\t\t\t<a href=\"https:\/\/fuveau.net\/index.php\/2023\/11\/17\/des-ecrevisses-a-fuveau-ou-fuveau-vu-par-frederic-mistral\/\" target=\"_self\" rel=\"bookmark noopener noreferrer\">Des \u00e9crevisses \u00e0 Fuveau ou Fuveau vu par Fr\u00e9d\u00e9ric Mistral<\/a>\n\t\t\t<\/h4>\n\t\t\t\t\t\t<div class='uagb-post__text uagb-post-grid-byline'>\n\t\t\t\t\t\t\t\t<span class=\"uagb-post__author\">\n\t\t\t\t<span class=\"dashicons-admin-users dashicons\"><\/span>\t\t\t\t\t<a href=\"https:\/\/fuveau.net\/index.php\/author\/jfber\/\" title=\"Articles par Jean-Fran\u00e7ois ROUBAUD\" rel=\"author\">Jean-Fran\u00e7ois ROUBAUD<\/a>\t\t\t\t<\/span>\n\t\t\t\t\t\t\t<span class=\"uagb-post__comment\">\n\t\t\t\t<span class=\"dashicons-admin-comments dashicons\"><\/span>\t\t\t\t\tAucun commentaire\t\t\t\t<\/span>\n\t\t\t\t\t\t<\/div>\n\t\t\t\t\t\t\t<div class='uagb-post__text uagb-post__excerpt'>\n\t\t\t\t\t<p>En d\u00e9pit de l&rsquo;amiti\u00e9 qui le liait \u00e0 notre f\u00e9libre local\u00a0Eug\u00e8ne Long, Mistral n&rsquo;a jamais&#8230;\t\t\t\t<\/div>\n\t\t\t\t\t\t<div class=\"uagb-post__text uagb-post__cta wp-block-button\">\n\t\t\t\t<a class=\"wp-block-button__link uagb-text-link\" style=\"\" href=\"https:\/\/fuveau.net\/index.php\/2023\/11\/17\/des-ecrevisses-a-fuveau-ou-fuveau-vu-par-frederic-mistral\/\" target=\"_self\" rel=\"bookmark noopener noreferrer\">Lire la suite<\/a>\n\t\t\t<\/div>\n\t\t\t\n\t\t\t\t\t\t\t\t\t<\/article>\n\t\t\t\t\t\t\t\t\t\t\t\t\t\t\t\t<article class=\"uagb-post__inner-wrap\">\t\t\t\t\t\t\t\t<h4 class=\"uagb-post__title uagb-post__text\">\n\t\t\t\t<a href=\"https:\/\/fuveau.net\/index.php\/2023\/10\/28\/une-legende-vraie-a-chateau-larc-2\/\" target=\"_self\" rel=\"bookmark noopener noreferrer\">Une l\u00e9gende vraie \u00e0 Ch\u00e2teau-l&rsquo;Arc<\/a>\n\t\t\t<\/h4>\n\t\t\t\t\t\t<div class='uagb-post__text uagb-post-grid-byline'>\n\t\t\t\t\t\t\t\t<span class=\"uagb-post__author\">\n\t\t\t\t<span class=\"dashicons-admin-users dashicons\"><\/span>\t\t\t\t\t<a href=\"https:\/\/fuveau.net\/index.php\/author\/jfber\/\" title=\"Articles par Jean-Fran\u00e7ois ROUBAUD\" rel=\"author\">Jean-Fran\u00e7ois ROUBAUD<\/a>\t\t\t\t<\/span>\n\t\t\t\t\t\t\t<span class=\"uagb-post__comment\">\n\t\t\t\t<span class=\"dashicons-admin-comments dashicons\"><\/span>\t\t\t\t\tAucun commentaire\t\t\t\t<\/span>\n\t\t\t\t\t\t<\/div>\n\t\t\t\t\t\t\t<div class='uagb-post__text uagb-post__excerpt'>\n\t\t\t\t\t<p>Apr\u00e8s deux ventes au cours du dix-neuvi\u00e8me si\u00e8cle, Ch\u00e2teau-l&rsquo;Arc est pass\u00e9 dans les mains d&rsquo;une&#8230;\t\t\t\t<\/div>\n\t\t\t\t\t\t<div class=\"uagb-post__text uagb-post__cta wp-block-button\">\n\t\t\t\t<a class=\"wp-block-button__link uagb-text-link\" style=\"\" href=\"https:\/\/fuveau.net\/index.php\/2023\/10\/28\/une-legende-vraie-a-chateau-larc-2\/\" target=\"_self\" rel=\"bookmark noopener noreferrer\">Lire la suite<\/a>\n\t\t\t<\/div>\n\t\t\t\n\t\t\t\t\t\t\t\t\t<\/article>\n\t\t\t\t\t\t\t\t\t\t\t\t\t\t\t\t<article class=\"uagb-post__inner-wrap\">\t\t\t\t\t\t\t\t<h4 class=\"uagb-post__title uagb-post__text\">\n\t\t\t\t<a href=\"https:\/\/fuveau.net\/index.php\/2023\/10\/28\/cougourdie\/\" target=\"_self\" rel=\"bookmark noopener noreferrer\">Cougourdi\u00e9<\/a>\n\t\t\t<\/h4>\n\t\t\t\t\t\t<div class='uagb-post__text uagb-post-grid-byline'>\n\t\t\t\t\t\t\t\t<span class=\"uagb-post__author\">\n\t\t\t\t<span class=\"dashicons-admin-users dashicons\"><\/span>\t\t\t\t\t<a href=\"https:\/\/fuveau.net\/index.php\/author\/jfber\/\" title=\"Articles par Jean-Fran\u00e7ois ROUBAUD\" rel=\"author\">Jean-Fran\u00e7ois ROUBAUD<\/a>\t\t\t\t<\/span>\n\t\t\t\t\t\t\t<span class=\"uagb-post__comment\">\n\t\t\t\t<span class=\"dashicons-admin-comments dashicons\"><\/span>\t\t\t\t\tAucun commentaire\t\t\t\t<\/span>\n\t\t\t\t\t\t<\/div>\n\t\t\t\t\t\t\t<div class='uagb-post__text uagb-post__excerpt'>\n\t\t\t\t\t<p>La tradition de la pastorale Maurel jou\u00e9e depuis bien plus d&rsquo;un si\u00e8cle en p\u00e9riode calendale&#8230;\t\t\t\t<\/div>\n\t\t\t\t\t\t<div class=\"uagb-post__text uagb-post__cta wp-block-button\">\n\t\t\t\t<a class=\"wp-block-button__link uagb-text-link\" style=\"\" href=\"https:\/\/fuveau.net\/index.php\/2023\/10\/28\/cougourdie\/\" target=\"_self\" rel=\"bookmark noopener noreferrer\">Lire la suite<\/a>\n\t\t\t<\/div>\n\t\t\t\n\t\t\t\t\t\t\t\t\t<\/article>\n\t\t\t\t\t\t\t\t\t\t\t\t\t\t\t\t<article class=\"uagb-post__inner-wrap\">\t\t\t\t\t\t\t\t<div class='uagb-post__image'>\n\t\t\t\t\t\t\t\t\t<a href=\"https:\/\/fuveau.net\/index.php\/2023\/10\/28\/un-saint-a-exerce-les-fonctions-de-cure-de-fuveau-2\/\" target=\"_self\" rel=\"bookmark noopener noreferrer\" class='uagb-image-ratio-inherit'><img loading=\"lazy\" decoding=\"async\" width=\"268\" height=\"408\" src=\"https:\/\/fuveau.net\/wp-content\/uploads\/2023\/10\/Eugene-de-Mazenot.jpg\" class=\"attachment-large size-large\" alt=\"\" srcset=\"https:\/\/fuveau.net\/wp-content\/uploads\/2023\/10\/Eugene-de-Mazenot.jpg 268w, https:\/\/fuveau.net\/wp-content\/uploads\/2023\/10\/Eugene-de-Mazenot-197x300.jpg 197w\" sizes=\"auto, (max-width: 268px) 100vw, 268px\" \/>\t\t\t\t\t<\/a>\n\t\t\t\t\t\t\t<\/div>\n\t\t\t\t\t\t<h4 class=\"uagb-post__title uagb-post__text\">\n\t\t\t\t<a href=\"https:\/\/fuveau.net\/index.php\/2023\/10\/28\/un-saint-a-exerce-les-fonctions-de-cure-de-fuveau-2\/\" target=\"_self\" rel=\"bookmark noopener noreferrer\">Un saint a exerc\u00e9 les fonctions de cur\u00e9 de Fuveau<\/a>\n\t\t\t<\/h4>\n\t\t\t\t\t\t<div class='uagb-post__text uagb-post-grid-byline'>\n\t\t\t\t\t\t\t\t<span class=\"uagb-post__author\">\n\t\t\t\t<span class=\"dashicons-admin-users dashicons\"><\/span>\t\t\t\t\t<a href=\"https:\/\/fuveau.net\/index.php\/author\/jfber\/\" title=\"Articles par Jean-Fran\u00e7ois ROUBAUD\" rel=\"author\">Jean-Fran\u00e7ois ROUBAUD<\/a>\t\t\t\t<\/span>\n\t\t\t\t\t\t\t<span class=\"uagb-post__comment\">\n\t\t\t\t<span class=\"dashicons-admin-comments dashicons\"><\/span>\t\t\t\t\tAucun commentaire\t\t\t\t<\/span>\n\t\t\t\t\t\t<\/div>\n\t\t\t\t\t\t\t<div class='uagb-post__text uagb-post__excerpt'>\n\t\t\t\t\t<p>Eug\u00e8ne de Mazenod En septembre 1816, Eug\u00e8ne de Mazenod, accompagn\u00e9 de trois pr\u00eatres de la&#8230;\t\t\t\t<\/div>\n\t\t\t\t\t\t<div class=\"uagb-post__text uagb-post__cta wp-block-button\">\n\t\t\t\t<a class=\"wp-block-button__link uagb-text-link\" style=\"\" href=\"https:\/\/fuveau.net\/index.php\/2023\/10\/28\/un-saint-a-exerce-les-fonctions-de-cure-de-fuveau-2\/\" target=\"_self\" rel=\"bookmark noopener noreferrer\">Lire la suite<\/a>\n\t\t\t<\/div>\n\t\t\t\n\t\t\t\t\t\t\t\t\t<\/article>\n\t\t\t\t\t\t\t\t\t\t\t\t\t\t\t\t<article class=\"uagb-post__inner-wrap\">\t\t\t\t\t\t\t\t<h4 class=\"uagb-post__title uagb-post__text\">\n\t\t\t\t<a href=\"https:\/\/fuveau.net\/index.php\/2023\/10\/26\/vietto-a-tire-droit\/\" target=\"_self\" rel=\"bookmark noopener noreferrer\">Vietto a \u00ab\u00a0tir\u00e9 droit\u00a0\u00bb<\/a>\n\t\t\t<\/h4>\n\t\t\t\t\t\t<div class='uagb-post__text uagb-post-grid-byline'>\n\t\t\t\t\t\t\t\t<span class=\"uagb-post__author\">\n\t\t\t\t<span class=\"dashicons-admin-users dashicons\"><\/span>\t\t\t\t\t<a href=\"https:\/\/fuveau.net\/index.php\/author\/jfber\/\" title=\"Articles par Jean-Fran\u00e7ois ROUBAUD\" rel=\"author\">Jean-Fran\u00e7ois ROUBAUD<\/a>\t\t\t\t<\/span>\n\t\t\t\t\t\t\t<span class=\"uagb-post__comment\">\n\t\t\t\t<span class=\"dashicons-admin-comments dashicons\"><\/span>\t\t\t\t\tAucun commentaire\t\t\t\t<\/span>\n\t\t\t\t\t\t<\/div>\n\t\t\t\t\t\t\t<div class='uagb-post__text uagb-post__excerpt'>\n\t\t\t\t\t<p>Le tour de France est souvent pass\u00e9 sur le territoire de la commune et les&#8230;\t\t\t\t<\/div>\n\t\t\t\t\t\t<div class=\"uagb-post__text uagb-post__cta wp-block-button\">\n\t\t\t\t<a class=\"wp-block-button__link uagb-text-link\" style=\"\" href=\"https:\/\/fuveau.net\/index.php\/2023\/10\/26\/vietto-a-tire-droit\/\" target=\"_self\" rel=\"bookmark noopener noreferrer\">Lire la suite<\/a>\n\t\t\t<\/div>\n\t\t\t\n\t\t\t\t\t\t\t\t\t<\/article>\n\t\t\t\t\t\t\t\t\t\t\t\t\t\t\t\t<article class=\"uagb-post__inner-wrap\">\t\t\t\t\t\t\t\t<h4 class=\"uagb-post__title uagb-post__text\">\n\t\t\t\t<a href=\"https:\/\/fuveau.net\/index.php\/2023\/10\/25\/fuveu-pitchoun-villagi\/\" target=\"_self\" rel=\"bookmark noopener noreferrer\">Fuv\u00e9u, pitchoun villagi&#8230;<\/a>\n\t\t\t<\/h4>\n\t\t\t\t\t\t<div class='uagb-post__text uagb-post-grid-byline'>\n\t\t\t\t\t\t\t\t<span class=\"uagb-post__author\">\n\t\t\t\t<span class=\"dashicons-admin-users dashicons\"><\/span>\t\t\t\t\t<a href=\"https:\/\/fuveau.net\/index.php\/author\/jfber\/\" title=\"Articles par Jean-Fran\u00e7ois ROUBAUD\" rel=\"author\">Jean-Fran\u00e7ois ROUBAUD<\/a>\t\t\t\t<\/span>\n\t\t\t\t\t\t\t<span class=\"uagb-post__comment\">\n\t\t\t\t<span class=\"dashicons-admin-comments dashicons\"><\/span>\t\t\t\t\tAucun commentaire\t\t\t\t<\/span>\n\t\t\t\t\t\t<\/div>\n\t\t\t\t\t\t\t<div class='uagb-post__text uagb-post__excerpt'>\n\t\t\t\t\t<p>Il \u00e9tait courant voici plus d&rsquo;un si\u00e8cle de trouver des plaisanteries sur les villages voisins&#8230;\t\t\t\t<\/div>\n\t\t\t\t\t\t<div class=\"uagb-post__text uagb-post__cta wp-block-button\">\n\t\t\t\t<a class=\"wp-block-button__link uagb-text-link\" style=\"\" href=\"https:\/\/fuveau.net\/index.php\/2023\/10\/25\/fuveu-pitchoun-villagi\/\" target=\"_self\" rel=\"bookmark noopener noreferrer\">Lire la suite<\/a>\n\t\t\t<\/div>\n\t\t\t\n\t\t\t\t\t\t\t\t\t<\/article>\n\t\t\t\t\t\t\t\t\t\t\t\t\t\t\t\t<article class=\"uagb-post__inner-wrap\">\t\t\t\t\t\t\t\t<div class='uagb-post__image'>\n\t\t\t\t\t\t\t\t\t<a href=\"https:\/\/fuveau.net\/index.php\/2023\/10\/24\/rue-cachichi\/\" target=\"_self\" rel=\"bookmark noopener noreferrer\" class='uagb-image-ratio-inherit'><img loading=\"lazy\" decoding=\"async\" width=\"451\" height=\"617\" src=\"https:\/\/fuveau.net\/wp-content\/uploads\/2023\/09\/Cachichi_repare-1.jpg\" class=\"attachment-large size-large\" alt=\"\" srcset=\"https:\/\/fuveau.net\/wp-content\/uploads\/2023\/09\/Cachichi_repare-1.jpg 451w, https:\/\/fuveau.net\/wp-content\/uploads\/2023\/09\/Cachichi_repare-1-219x300.jpg 219w\" sizes=\"auto, (max-width: 451px) 100vw, 451px\" \/>\t\t\t\t\t<\/a>\n\t\t\t\t\t\t\t<\/div>\n\t\t\t\t\t\t<h4 class=\"uagb-post__title uagb-post__text\">\n\t\t\t\t<a href=\"https:\/\/fuveau.net\/index.php\/2023\/10\/24\/rue-cachichi\/\" target=\"_self\" rel=\"bookmark noopener noreferrer\">Rue Cachichi<\/a>\n\t\t\t<\/h4>\n\t\t\t\t\t\t<div class='uagb-post__text uagb-post-grid-byline'>\n\t\t\t\t\t\t\t\t<span class=\"uagb-post__author\">\n\t\t\t\t<span class=\"dashicons-admin-users dashicons\"><\/span>\t\t\t\t\t<a href=\"https:\/\/fuveau.net\/index.php\/author\/jfber\/\" title=\"Articles par Jean-Fran\u00e7ois ROUBAUD\" rel=\"author\">Jean-Fran\u00e7ois ROUBAUD<\/a>\t\t\t\t<\/span>\n\t\t\t\t\t\t\t<span class=\"uagb-post__comment\">\n\t\t\t\t<span class=\"dashicons-admin-comments dashicons\"><\/span>\t\t\t\t\tAucun commentaire\t\t\t\t<\/span>\n\t\t\t\t\t\t<\/div>\n\t\t\t\t\t\t\t<div class='uagb-post__text uagb-post__excerpt'>\n\t\t\t\t\t<p>\u00a0C&rsquo;est l&rsquo;histoire d&rsquo;un homme qui n&rsquo;a pass\u00e9 que quatre ans \u00e0 Fuveau dans l&rsquo;entre-deux-guerres mais&#8230;\t\t\t\t<\/div>\n\t\t\t\t\t\t<div class=\"uagb-post__text uagb-post__cta wp-block-button\">\n\t\t\t\t<a class=\"wp-block-button__link uagb-text-link\" style=\"\" href=\"https:\/\/fuveau.net\/index.php\/2023\/10\/24\/rue-cachichi\/\" target=\"_self\" rel=\"bookmark noopener noreferrer\">Lire la suite<\/a>\n\t\t\t<\/div>\n\t\t\t\n\t\t\t\t\t\t\t\t\t<\/article>\n\t\t\t\t\t\t\t\t\t\t\t\t\t\t\t\t<article class=\"uagb-post__inner-wrap\">\t\t\t\t\t\t\t\t<h4 class=\"uagb-post__title uagb-post__text\">\n\t\t\t\t<a href=\"https:\/\/fuveau.net\/index.php\/2023\/10\/23\/abat-definitions\/\" target=\"_self\" rel=\"bookmark noopener noreferrer\">ABAT: d\u00e9finitions<\/a>\n\t\t\t<\/h4>\n\t\t\t\t\t\t<div class='uagb-post__text uagb-post-grid-byline'>\n\t\t\t\t\t\t\t\t<span class=\"uagb-post__author\">\n\t\t\t\t<span class=\"dashicons-admin-users dashicons\"><\/span>\t\t\t\t\t<a href=\"https:\/\/fuveau.net\/index.php\/author\/jfber\/\" title=\"Articles par Jean-Fran\u00e7ois ROUBAUD\" rel=\"author\">Jean-Fran\u00e7ois ROUBAUD<\/a>\t\t\t\t<\/span>\n\t\t\t\t\t\t\t<span class=\"uagb-post__comment\">\n\t\t\t\t<span class=\"dashicons-admin-comments dashicons\"><\/span>\t\t\t\t\tAucun commentaire\t\t\t\t<\/span>\n\t\t\t\t\t\t<\/div>\n\t\t\t\t\t\t\t<div class='uagb-post__text uagb-post__excerpt'>\n\t\t\t\t\t<p>Et ci-dessous un photo retrouv\u00e9e dans les archives de Jo\u00ebl Honorat, aux Baux, des abb\u00e9s&#8230;\t\t\t\t<\/div>\n\t\t\t\t\t\t<div class=\"uagb-post__text uagb-post__cta wp-block-button\">\n\t\t\t\t<a class=\"wp-block-button__link uagb-text-link\" style=\"\" href=\"https:\/\/fuveau.net\/index.php\/2023\/10\/23\/abat-definitions\/\" target=\"_self\" rel=\"bookmark noopener noreferrer\">Lire la suite<\/a>\n\t\t\t<\/div>\n\t\t\t\n\t\t\t\t\t\t\t\t\t<\/article>\n\t\t\t\t\t\t\t\t\t\t\t\t\t\t\t\t<article class=\"uagb-post__inner-wrap\">\t\t\t\t\t\t\t\t<h4 class=\"uagb-post__title uagb-post__text\">\n\t\t\t\t<a href=\"https:\/\/fuveau.net\/index.php\/2023\/10\/22\/laviateur-canadien\/\" target=\"_self\" rel=\"bookmark noopener noreferrer\">L&rsquo;aviateur Canadien<\/a>\n\t\t\t<\/h4>\n\t\t\t\t\t\t<div class='uagb-post__text uagb-post-grid-byline'>\n\t\t\t\t\t\t\t\t<span class=\"uagb-post__author\">\n\t\t\t\t<span class=\"dashicons-admin-users dashicons\"><\/span>\t\t\t\t\t<a href=\"https:\/\/fuveau.net\/index.php\/author\/jfber\/\" title=\"Articles par Jean-Fran\u00e7ois ROUBAUD\" rel=\"author\">Jean-Fran\u00e7ois ROUBAUD<\/a>\t\t\t\t<\/span>\n\t\t\t\t\t\t\t<span class=\"uagb-post__comment\">\n\t\t\t\t<span class=\"dashicons-admin-comments dashicons\"><\/span>\t\t\t\t\tAucun commentaire\t\t\t\t<\/span>\n\t\t\t\t\t\t<\/div>\n\t\t\t\t\t\t\t<div class='uagb-post__text uagb-post__excerpt'>\n\t\t\t\t\t<p>La st\u00e8le de l&rsquo;aviateur canadien Ici, sur la commune de Fuveau, est tomb\u00e9 le pilote&#8230;\t\t\t\t<\/div>\n\t\t\t\t\t\t<div class=\"uagb-post__text uagb-post__cta wp-block-button\">\n\t\t\t\t<a class=\"wp-block-button__link uagb-text-link\" style=\"\" href=\"https:\/\/fuveau.net\/index.php\/2023\/10\/22\/laviateur-canadien\/\" target=\"_self\" rel=\"bookmark noopener noreferrer\">Lire la suite<\/a>\n\t\t\t<\/div>\n\t\t\t\n\t\t\t\t\t\t\t\t\t<\/article>\n\t\t\t\t\t\t\t\t\t\t\t\t\t\t\t\t<article class=\"uagb-post__inner-wrap\">\t\t\t\t\t\t\t\t<h4 class=\"uagb-post__title uagb-post__text\">\n\t\t\t\t<a href=\"https:\/\/fuveau.net\/index.php\/2023\/10\/22\/des-avions-malchanceux\/\" target=\"_self\" rel=\"bookmark noopener noreferrer\">Des avions malchanceux<\/a>\n\t\t\t<\/h4>\n\t\t\t\t\t\t<div class='uagb-post__text uagb-post-grid-byline'>\n\t\t\t\t\t\t\t\t<span class=\"uagb-post__author\">\n\t\t\t\t<span class=\"dashicons-admin-users dashicons\"><\/span>\t\t\t\t\t<a href=\"https:\/\/fuveau.net\/index.php\/author\/jfber\/\" title=\"Articles par Jean-Fran\u00e7ois ROUBAUD\" rel=\"author\">Jean-Fran\u00e7ois ROUBAUD<\/a>\t\t\t\t<\/span>\n\t\t\t\t\t\t\t<span class=\"uagb-post__comment\">\n\t\t\t\t<span class=\"dashicons-admin-comments dashicons\"><\/span>\t\t\t\t\tAucun commentaire\t\t\t\t<\/span>\n\t\t\t\t\t\t<\/div>\n\t\t\t\t\t\t\t<div class='uagb-post__text uagb-post__excerpt'>\n\t\t\t\t\t<p>Nous sommes dans l&rsquo;entre-deux-guerres, il ne s&rsquo;agit pas d&rsquo;un avion abattu mais d&rsquo;un bombardier anglais,&#8230;\t\t\t\t<\/div>\n\t\t\t\t\t\t<div class=\"uagb-post__text uagb-post__cta wp-block-button\">\n\t\t\t\t<a class=\"wp-block-button__link uagb-text-link\" style=\"\" href=\"https:\/\/fuveau.net\/index.php\/2023\/10\/22\/des-avions-malchanceux\/\" target=\"_self\" rel=\"bookmark noopener noreferrer\">Lire la suite<\/a>\n\t\t\t<\/div>\n\t\t\t\n\t\t\t\t\t\t\t\t\t<\/article>\n\t\t\t\t\t\t\t\t\t\t\t\t\t\t\t\t<article class=\"uagb-post__inner-wrap\">\t\t\t\t\t\t\t\t<h4 class=\"uagb-post__title uagb-post__text\">\n\t\t\t\t<a href=\"https:\/\/fuveau.net\/index.php\/2023\/10\/14\/machama-2\/\" target=\"_self\" rel=\"bookmark noopener noreferrer\">Machama<\/a>\n\t\t\t<\/h4>\n\t\t\t\t\t\t<div class='uagb-post__text uagb-post-grid-byline'>\n\t\t\t\t\t\t\t\t<span class=\"uagb-post__author\">\n\t\t\t\t<span class=\"dashicons-admin-users dashicons\"><\/span>\t\t\t\t\t<a href=\"https:\/\/fuveau.net\/index.php\/author\/jfber\/\" title=\"Articles par Jean-Fran\u00e7ois ROUBAUD\" rel=\"author\">Jean-Fran\u00e7ois ROUBAUD<\/a>\t\t\t\t<\/span>\n\t\t\t\t\t\t\t<span class=\"uagb-post__comment\">\n\t\t\t\t<span class=\"dashicons-admin-comments dashicons\"><\/span>\t\t\t\t\tAucun commentaire\t\t\t\t<\/span>\n\t\t\t\t\t\t<\/div>\n\t\t\t\t\t\t\t<div class='uagb-post__text uagb-post__excerpt'>\n\t\t\t\t\t<p>A chacun sa fa\u00e7on de rendre hommage \u00e0 l&rsquo;abb\u00e9 Pierre inhum\u00e9 ce jour 26 janvier&#8230;\t\t\t\t<\/div>\n\t\t\t\t\t\t<div class=\"uagb-post__text uagb-post__cta wp-block-button\">\n\t\t\t\t<a class=\"wp-block-button__link uagb-text-link\" style=\"\" href=\"https:\/\/fuveau.net\/index.php\/2023\/10\/14\/machama-2\/\" target=\"_self\" rel=\"bookmark noopener noreferrer\">Lire la suite<\/a>\n\t\t\t<\/div>\n\t\t\t\n\t\t\t\t\t\t\t\t\t<\/article>\n\t\t\t\t\t\t\t\t\t\t\t\t\t\t\t\t<article class=\"uagb-post__inner-wrap\">\t\t\t\t\t\t\t\t<h4 class=\"uagb-post__title uagb-post__text\">\n\t\t\t\t<a href=\"https:\/\/fuveau.net\/index.php\/2023\/10\/14\/le-tour-des-freres\/\" target=\"_self\" rel=\"bookmark noopener noreferrer\">Le tour des Fr\u00e8res<\/a>\n\t\t\t<\/h4>\n\t\t\t\t\t\t<div class='uagb-post__text uagb-post-grid-byline'>\n\t\t\t\t\t\t\t\t<span class=\"uagb-post__author\">\n\t\t\t\t<span class=\"dashicons-admin-users dashicons\"><\/span>\t\t\t\t\t<a href=\"https:\/\/fuveau.net\/index.php\/author\/jfber\/\" title=\"Articles par Jean-Fran\u00e7ois ROUBAUD\" rel=\"author\">Jean-Fran\u00e7ois ROUBAUD<\/a>\t\t\t\t<\/span>\n\t\t\t\t\t\t\t<span class=\"uagb-post__comment\">\n\t\t\t\t<span class=\"dashicons-admin-comments dashicons\"><\/span>\t\t\t\t\tAucun commentaire\t\t\t\t<\/span>\n\t\t\t\t\t\t<\/div>\n\t\t\t\t\t\t\t<div class='uagb-post__text uagb-post__excerpt'>\n\t\t\t\t\t<p>Il \u00e9tait une promenade digestive qu&rsquo;aimaient faire les fuvelains surtout au frais le soir. Longue&#8230;\t\t\t\t<\/div>\n\t\t\t\t\t\t<div class=\"uagb-post__text uagb-post__cta wp-block-button\">\n\t\t\t\t<a class=\"wp-block-button__link uagb-text-link\" style=\"\" href=\"https:\/\/fuveau.net\/index.php\/2023\/10\/14\/le-tour-des-freres\/\" target=\"_self\" rel=\"bookmark noopener noreferrer\">Lire la suite<\/a>\n\t\t\t<\/div>\n\t\t\t\n\t\t\t\t\t\t\t\t\t<\/article>\n\t\t\t\t\t\t\t\t\t\t\t\t\t\t\t\t<article class=\"uagb-post__inner-wrap\">\t\t\t\t\t\t\t\t<div class='uagb-post__image'>\n\t\t\t\t\t\t\t\t\t<a href=\"https:\/\/fuveau.net\/index.php\/2023\/10\/14\/croix-de-lorraine-et-durili\/\" target=\"_self\" rel=\"bookmark noopener noreferrer\" class='uagb-image-ratio-inherit'><img loading=\"lazy\" decoding=\"async\" width=\"360\" height=\"480\" src=\"https:\/\/fuveau.net\/wp-content\/uploads\/2023\/09\/liberationrue_du_4_sept-1.jpg\" class=\"attachment-large size-large\" alt=\"\" srcset=\"https:\/\/fuveau.net\/wp-content\/uploads\/2023\/09\/liberationrue_du_4_sept-1.jpg 360w, https:\/\/fuveau.net\/wp-content\/uploads\/2023\/09\/liberationrue_du_4_sept-1-225x300.jpg 225w\" sizes=\"auto, (max-width: 360px) 100vw, 360px\" \/>\t\t\t\t\t<\/a>\n\t\t\t\t\t\t\t<\/div>\n\t\t\t\t\t\t<h4 class=\"uagb-post__title uagb-post__text\">\n\t\t\t\t<a href=\"https:\/\/fuveau.net\/index.php\/2023\/10\/14\/croix-de-lorraine-et-durili\/\" target=\"_self\" rel=\"bookmark noopener noreferrer\">Croix de Lorraine et Durili<\/a>\n\t\t\t<\/h4>\n\t\t\t\t\t\t<div class='uagb-post__text uagb-post-grid-byline'>\n\t\t\t\t\t\t\t\t<span class=\"uagb-post__author\">\n\t\t\t\t<span class=\"dashicons-admin-users dashicons\"><\/span>\t\t\t\t\t<a href=\"https:\/\/fuveau.net\/index.php\/author\/jfber\/\" title=\"Articles par Jean-Fran\u00e7ois ROUBAUD\" rel=\"author\">Jean-Fran\u00e7ois ROUBAUD<\/a>\t\t\t\t<\/span>\n\t\t\t\t\t\t\t<span class=\"uagb-post__comment\">\n\t\t\t\t<span class=\"dashicons-admin-comments dashicons\"><\/span>\t\t\t\t\tAucun commentaire\t\t\t\t<\/span>\n\t\t\t\t\t\t<\/div>\n\t\t\t\t\t\t\t<div class='uagb-post__text uagb-post__excerpt'>\n\t\t\t\t\t<p>Ce \u00ab\u00a0graffiti\u00a0\u00bb est d\u00fb \u00e0 un certain Durili Jean-Baptiste Napol\u00e9on, conseiller municipal corse et h\u00e2bleur&#8230;\t\t\t\t<\/div>\n\t\t\t\t\t\t<div class=\"uagb-post__text uagb-post__cta wp-block-button\">\n\t\t\t\t<a class=\"wp-block-button__link uagb-text-link\" style=\"\" href=\"https:\/\/fuveau.net\/index.php\/2023\/10\/14\/croix-de-lorraine-et-durili\/\" target=\"_self\" rel=\"bookmark noopener noreferrer\">Lire la suite<\/a>\n\t\t\t<\/div>\n\t\t\t\n\t\t\t\t\t\t\t\t\t<\/article>\n\t\t\t\t\t\t\t\t\t\t\t\t\t\t\t\t<article class=\"uagb-post__inner-wrap\">\t\t\t\t\t\t\t\t<div class='uagb-post__image'>\n\t\t\t\t\t\t\t\t\t<a href=\"https:\/\/fuveau.net\/index.php\/2023\/10\/14\/tous-fliques\/\" target=\"_self\" rel=\"bookmark noopener noreferrer\" class='uagb-image-ratio-inherit'><img loading=\"lazy\" decoding=\"async\" width=\"400\" height=\"549\" src=\"https:\/\/fuveau.net\/wp-content\/uploads\/2023\/09\/flique4a1a-1.jpg\" class=\"attachment-large size-large\" alt=\"\" srcset=\"https:\/\/fuveau.net\/wp-content\/uploads\/2023\/09\/flique4a1a-1.jpg 400w, https:\/\/fuveau.net\/wp-content\/uploads\/2023\/09\/flique4a1a-1-219x300.jpg 219w\" sizes=\"auto, (max-width: 400px) 100vw, 400px\" \/>\t\t\t\t\t<\/a>\n\t\t\t\t\t\t\t<\/div>\n\t\t\t\t\t\t<h4 class=\"uagb-post__title uagb-post__text\">\n\t\t\t\t<a href=\"https:\/\/fuveau.net\/index.php\/2023\/10\/14\/tous-fliques\/\" target=\"_self\" rel=\"bookmark noopener noreferrer\">Tous fliqu\u00e9s<\/a>\n\t\t\t<\/h4>\n\t\t\t\t\t\t<div class='uagb-post__text uagb-post-grid-byline'>\n\t\t\t\t\t\t\t\t<span class=\"uagb-post__author\">\n\t\t\t\t<span class=\"dashicons-admin-users dashicons\"><\/span>\t\t\t\t\t<a href=\"https:\/\/fuveau.net\/index.php\/author\/jfber\/\" title=\"Articles par Jean-Fran\u00e7ois ROUBAUD\" rel=\"author\">Jean-Fran\u00e7ois ROUBAUD<\/a>\t\t\t\t<\/span>\n\t\t\t\t\t\t\t<span class=\"uagb-post__comment\">\n\t\t\t\t<span class=\"dashicons-admin-comments dashicons\"><\/span>\t\t\t\t\tAucun commentaire\t\t\t\t<\/span>\n\t\t\t\t\t\t<\/div>\n\t\t\t\t\t\t\t<div class='uagb-post__text uagb-post__excerpt'>\n\t\t\t\t\t<p>Les archives d\u00e9partementales de Marseille\u00a0 r\u00e9v\u00e8lent souvent des documents innatendus et quand on a la&#8230;\t\t\t\t<\/div>\n\t\t\t\t\t\t<div class=\"uagb-post__text uagb-post__cta wp-block-button\">\n\t\t\t\t<a class=\"wp-block-button__link uagb-text-link\" style=\"\" href=\"https:\/\/fuveau.net\/index.php\/2023\/10\/14\/tous-fliques\/\" target=\"_self\" rel=\"bookmark noopener noreferrer\">Lire la suite<\/a>\n\t\t\t<\/div>\n\t\t\t\n\t\t\t\t\t\t\t\t\t<\/article>\n\t\t\t\t\t\t\t\t\t\t\t\t\t\t\t\t<article class=\"uagb-post__inner-wrap\">\t\t\t\t\t\t\t\t<h4 class=\"uagb-post__title uagb-post__text\">\n\t\t\t\t<a href=\"https:\/\/fuveau.net\/index.php\/2023\/10\/11\/heroique-ninette\/\" target=\"_self\" rel=\"bookmark noopener noreferrer\">H\u00e9ro\u00efque Ninette<\/a>\n\t\t\t<\/h4>\n\t\t\t\t\t\t<div class='uagb-post__text uagb-post-grid-byline'>\n\t\t\t\t\t\t\t\t<span class=\"uagb-post__author\">\n\t\t\t\t<span class=\"dashicons-admin-users dashicons\"><\/span>\t\t\t\t\t<a href=\"https:\/\/fuveau.net\/index.php\/author\/jfber\/\" title=\"Articles par Jean-Fran\u00e7ois ROUBAUD\" rel=\"author\">Jean-Fran\u00e7ois ROUBAUD<\/a>\t\t\t\t<\/span>\n\t\t\t\t\t\t\t<span class=\"uagb-post__comment\">\n\t\t\t\t<span class=\"dashicons-admin-comments dashicons\"><\/span>\t\t\t\t\tAucun commentaire\t\t\t\t<\/span>\n\t\t\t\t\t\t<\/div>\n\t\t\t\t\t\t\t<div class='uagb-post__text uagb-post__excerpt'>\n\t\t\t\t\t<p>Tr\u00e8s fier de vous conter cette histoire qui est bien plus qu&rsquo;une simple anecdote car&#8230;\t\t\t\t<\/div>\n\t\t\t\t\t\t<div class=\"uagb-post__text uagb-post__cta wp-block-button\">\n\t\t\t\t<a class=\"wp-block-button__link uagb-text-link\" style=\"\" href=\"https:\/\/fuveau.net\/index.php\/2023\/10\/11\/heroique-ninette\/\" target=\"_self\" rel=\"bookmark noopener noreferrer\">Lire la suite<\/a>\n\t\t\t<\/div>\n\t\t\t\n\t\t\t\t\t\t\t\t\t<\/article>\n\t\t\t\t\t\t\t\t\t\t\t\t\t\t\t\t<article class=\"uagb-post__inner-wrap\">\t\t\t\t\t\t\t\t<h4 class=\"uagb-post__title uagb-post__text\">\n\t\t\t\t<a href=\"https:\/\/fuveau.net\/index.php\/2023\/10\/11\/conscriptions\/\" target=\"_self\" rel=\"bookmark noopener noreferrer\">Conscriptions<\/a>\n\t\t\t<\/h4>\n\t\t\t\t\t\t<div class='uagb-post__text uagb-post-grid-byline'>\n\t\t\t\t\t\t\t\t<span class=\"uagb-post__author\">\n\t\t\t\t<span class=\"dashicons-admin-users dashicons\"><\/span>\t\t\t\t\t<a href=\"https:\/\/fuveau.net\/index.php\/author\/jfber\/\" title=\"Articles par Jean-Fran\u00e7ois ROUBAUD\" rel=\"author\">Jean-Fran\u00e7ois ROUBAUD<\/a>\t\t\t\t<\/span>\n\t\t\t\t\t\t\t<span class=\"uagb-post__comment\">\n\t\t\t\t<span class=\"dashicons-admin-comments dashicons\"><\/span>\t\t\t\t\tAucun commentaire\t\t\t\t<\/span>\n\t\t\t\t\t\t<\/div>\n\t\t\t\t\t\t\t<div class='uagb-post__text uagb-post__excerpt'>\n\t\t\t\t\t<p>Voici une nouvelle page consacr\u00e9e aux photos des groupes de conscrits qui jusqu&rsquo;aux trois-quarts du&#8230;\t\t\t\t<\/div>\n\t\t\t\t\t\t<div class=\"uagb-post__text uagb-post__cta wp-block-button\">\n\t\t\t\t<a class=\"wp-block-button__link uagb-text-link\" style=\"\" href=\"https:\/\/fuveau.net\/index.php\/2023\/10\/11\/conscriptions\/\" target=\"_self\" rel=\"bookmark noopener noreferrer\">Lire la suite<\/a>\n\t\t\t<\/div>\n\t\t\t\n\t\t\t\t\t\t\t\t\t<\/article>\n\t\t\t\t\t\t\t\t\t\t\t\t\t\t\t\t<article class=\"uagb-post__inner-wrap\">\t\t\t\t\t\t\t\t<h4 class=\"uagb-post__title uagb-post__text\">\n\t\t\t\t<a href=\"https:\/\/fuveau.net\/index.php\/2023\/10\/07\/le-docteur-laurent\/\" target=\"_self\" rel=\"bookmark noopener noreferrer\">Le Docteur LAURENT<\/a>\n\t\t\t<\/h4>\n\t\t\t\t\t\t<div class='uagb-post__text uagb-post-grid-byline'>\n\t\t\t\t\t\t\t\t<span class=\"uagb-post__author\">\n\t\t\t\t<span class=\"dashicons-admin-users dashicons\"><\/span>\t\t\t\t\t<a href=\"https:\/\/fuveau.net\/index.php\/author\/jfber\/\" title=\"Articles par Jean-Fran\u00e7ois ROUBAUD\" rel=\"author\">Jean-Fran\u00e7ois ROUBAUD<\/a>\t\t\t\t<\/span>\n\t\t\t\t\t\t\t<span class=\"uagb-post__comment\">\n\t\t\t\t<span class=\"dashicons-admin-comments dashicons\"><\/span>\t\t\t\t\tAucun commentaire\t\t\t\t<\/span>\n\t\t\t\t\t\t<\/div>\n\t\t\t\t\t\t\t<div class='uagb-post__text uagb-post__excerpt'>\n\t\t\t\t\t<p>Anecdote triste et grave. Nous sommes en 1944, ann\u00e9e o\u00f9 les rafles sont une quasi-institution&#8230;\t\t\t\t<\/div>\n\t\t\t\t\t\t<div class=\"uagb-post__text uagb-post__cta wp-block-button\">\n\t\t\t\t<a class=\"wp-block-button__link uagb-text-link\" style=\"\" href=\"https:\/\/fuveau.net\/index.php\/2023\/10\/07\/le-docteur-laurent\/\" target=\"_self\" rel=\"bookmark noopener noreferrer\">Lire la suite<\/a>\n\t\t\t<\/div>\n\t\t\t\n\t\t\t\t\t\t\t\t\t<\/article>\n\t\t\t\t\t\t\t\t\t\t\t\t\t\t\t\t<article class=\"uagb-post__inner-wrap\">\t\t\t\t\t\t\t\t<h4 class=\"uagb-post__title uagb-post__text\">\n\t\t\t\t<a href=\"https:\/\/fuveau.net\/index.php\/2023\/09\/03\/hauteur-de-gare-septembre-2014\/\" target=\"_self\" rel=\"bookmark noopener noreferrer\">Hauteur de gare (septembre 2014)<\/a>\n\t\t\t<\/h4>\n\t\t\t\t\t\t<div class='uagb-post__text uagb-post-grid-byline'>\n\t\t\t\t\t\t\t\t<span class=\"uagb-post__author\">\n\t\t\t\t<span class=\"dashicons-admin-users dashicons\"><\/span>\t\t\t\t\t<a href=\"https:\/\/fuveau.net\/index.php\/author\/jfber\/\" title=\"Articles par Jean-Fran\u00e7ois ROUBAUD\" rel=\"author\">Jean-Fran\u00e7ois ROUBAUD<\/a>\t\t\t\t<\/span>\n\t\t\t\t\t\t\t<span class=\"uagb-post__comment\">\n\t\t\t\t<span class=\"dashicons-admin-comments dashicons\"><\/span>\t\t\t\t\tAucun commentaire\t\t\t\t<\/span>\n\t\t\t\t\t\t<\/div>\n\t\t\t\t\t\t\t<div class='uagb-post__text uagb-post__excerpt'>\n\t\t\t\t\t<p>Cette photo n&rsquo;a certainement aucune valeur artistique ni technique mais tr\u00e8s vraisemblablement un int\u00e9r\u00eat patrimonial&#8230;.\t\t\t\t<\/div>\n\t\t\t\t\t\t<div class=\"uagb-post__text uagb-post__cta wp-block-button\">\n\t\t\t\t<a class=\"wp-block-button__link uagb-text-link\" style=\"\" href=\"https:\/\/fuveau.net\/index.php\/2023\/09\/03\/hauteur-de-gare-septembre-2014\/\" target=\"_self\" rel=\"bookmark noopener noreferrer\">Lire la suite<\/a>\n\t\t\t<\/div>\n\t\t\t\n\t\t\t\t\t\t\t\t\t<\/article>\n\t\t\t\t\t\t\t\t\t\t\t\t\t\t\t\t<article class=\"uagb-post__inner-wrap\">\t\t\t\t\t\t\t\t<h4 class=\"uagb-post__title uagb-post__text\">\n\t\t\t\t<a href=\"https:\/\/fuveau.net\/index.php\/2023\/09\/03\/un-apophtegme-nov-2014\/\" target=\"_self\" rel=\"bookmark noopener noreferrer\">Un apophtegme (nov 2014)<\/a>\n\t\t\t<\/h4>\n\t\t\t\t\t\t<div class='uagb-post__text uagb-post-grid-byline'>\n\t\t\t\t\t\t\t\t<span class=\"uagb-post__author\">\n\t\t\t\t<span class=\"dashicons-admin-users dashicons\"><\/span>\t\t\t\t\t<a href=\"https:\/\/fuveau.net\/index.php\/author\/jfber\/\" title=\"Articles par Jean-Fran\u00e7ois ROUBAUD\" rel=\"author\">Jean-Fran\u00e7ois ROUBAUD<\/a>\t\t\t\t<\/span>\n\t\t\t\t\t\t\t<span class=\"uagb-post__comment\">\n\t\t\t\t<span class=\"dashicons-admin-comments dashicons\"><\/span>\t\t\t\t\tAucun commentaire\t\t\t\t<\/span>\n\t\t\t\t\t\t<\/div>\n\t\t\t\t\t\t\t<div class='uagb-post__text uagb-post__excerpt'>\n\t\t\t\t\t<p>Sans parler de mot historique, une phrase m\u00e9morable a \u00e9t\u00e9 prononc\u00e9e \u00e0 Ch\u00e2teau-l&rsquo;Arc, peut-\u00eatre un&#8230;\t\t\t\t<\/div>\n\t\t\t\t\t\t<div class=\"uagb-post__text uagb-post__cta wp-block-button\">\n\t\t\t\t<a class=\"wp-block-button__link uagb-text-link\" style=\"\" href=\"https:\/\/fuveau.net\/index.php\/2023\/09\/03\/un-apophtegme-nov-2014\/\" target=\"_self\" rel=\"bookmark noopener noreferrer\">Lire la suite<\/a>\n\t\t\t<\/div>\n\t\t\t\n\t\t\t\t\t\t\t\t\t<\/article>\n\t\t\t\t\t\t\t\t\t\t\t\t\t\t\t\t<article class=\"uagb-post__inner-wrap\">\t\t\t\t\t\t\t\t<h4 class=\"uagb-post__title uagb-post__text\">\n\t\t\t\t<a href=\"https:\/\/fuveau.net\/index.php\/2023\/09\/03\/pompiers-au-rieret-fevrier-2015\/\" target=\"_self\" rel=\"bookmark noopener noreferrer\">Pompiers au Ri\u00e9ret (f\u00e9vrier 2015)<\/a>\n\t\t\t<\/h4>\n\t\t\t\t\t\t<div class='uagb-post__text uagb-post-grid-byline'>\n\t\t\t\t\t\t\t\t<span class=\"uagb-post__author\">\n\t\t\t\t<span class=\"dashicons-admin-users dashicons\"><\/span>\t\t\t\t\t<a href=\"https:\/\/fuveau.net\/index.php\/author\/jfber\/\" title=\"Articles par Jean-Fran\u00e7ois ROUBAUD\" rel=\"author\">Jean-Fran\u00e7ois ROUBAUD<\/a>\t\t\t\t<\/span>\n\t\t\t\t\t\t\t<span class=\"uagb-post__comment\">\n\t\t\t\t<span class=\"dashicons-admin-comments dashicons\"><\/span>\t\t\t\t\tAucun commentaire\t\t\t\t<\/span>\n\t\t\t\t\t\t<\/div>\n\t\t\t\t\t\t\t<div class='uagb-post__text uagb-post__excerpt'>\n\t\t\t\t\t<p>Avant que la caserne des pompiers ne soit transf\u00e9r\u00e9e \u00e0 son emplacement actuel, avenue de&#8230;\t\t\t\t<\/div>\n\t\t\t\t\t\t<div class=\"uagb-post__text uagb-post__cta wp-block-button\">\n\t\t\t\t<a class=\"wp-block-button__link uagb-text-link\" style=\"\" href=\"https:\/\/fuveau.net\/index.php\/2023\/09\/03\/pompiers-au-rieret-fevrier-2015\/\" target=\"_self\" rel=\"bookmark noopener noreferrer\">Lire la suite<\/a>\n\t\t\t<\/div>\n\t\t\t\n\t\t\t\t\t\t\t\t\t<\/article>\n\t\t\t\t\t\t\t\t\t\t\t\t\t\t\t\t<article class=\"uagb-post__inner-wrap\">\t\t\t\t\t\t\t\t<div class='uagb-post__image'>\n\t\t\t\t\t\t\t\t\t<a href=\"https:\/\/fuveau.net\/index.php\/2023\/09\/03\/corresp-fuvelo-fuvelaine-dec-2015\/\" target=\"_self\" rel=\"bookmark noopener noreferrer\" class='uagb-image-ratio-inherit'><img loading=\"lazy\" decoding=\"async\" width=\"523\" height=\"349\" src=\"https:\/\/fuveau.net\/wp-content\/uploads\/2023\/09\/carte_fuvelo-1.png\" class=\"attachment-large size-large\" alt=\"\" srcset=\"https:\/\/fuveau.net\/wp-content\/uploads\/2023\/09\/carte_fuvelo-1.png 523w, https:\/\/fuveau.net\/wp-content\/uploads\/2023\/09\/carte_fuvelo-1-300x200.png 300w\" sizes=\"auto, (max-width: 523px) 100vw, 523px\" \/>\t\t\t\t\t<\/a>\n\t\t\t\t\t\t\t<\/div>\n\t\t\t\t\t\t<h4 class=\"uagb-post__title uagb-post__text\">\n\t\t\t\t<a href=\"https:\/\/fuveau.net\/index.php\/2023\/09\/03\/corresp-fuvelo-fuvelaine-dec-2015\/\" target=\"_self\" rel=\"bookmark noopener noreferrer\">Corresp fuv\u00e9lo-fuvelaine (d\u00e9c 2015)<\/a>\n\t\t\t<\/h4>\n\t\t\t\t\t\t<div class='uagb-post__text uagb-post-grid-byline'>\n\t\t\t\t\t\t\t\t<span class=\"uagb-post__author\">\n\t\t\t\t<span class=\"dashicons-admin-users dashicons\"><\/span>\t\t\t\t\t<a href=\"https:\/\/fuveau.net\/index.php\/author\/jfber\/\" title=\"Articles par Jean-Fran\u00e7ois ROUBAUD\" rel=\"author\">Jean-Fran\u00e7ois ROUBAUD<\/a>\t\t\t\t<\/span>\n\t\t\t\t\t\t\t<span class=\"uagb-post__comment\">\n\t\t\t\t<span class=\"dashicons-admin-comments dashicons\"><\/span>\t\t\t\t\tAucun commentaire\t\t\t\t<\/span>\n\t\t\t\t\t\t<\/div>\n\t\t\t\t\t\t\t<div class='uagb-post__text uagb-post__excerpt'>\n\t\t\t\t\t<p>Voici une correspondance fuv\u00e9lo-fuvelaine bien originale au dos d&rsquo;une carte postale. Sans \u00eatre certain de&#8230;\t\t\t\t<\/div>\n\t\t\t\t\t\t<div class=\"uagb-post__text uagb-post__cta wp-block-button\">\n\t\t\t\t<a class=\"wp-block-button__link uagb-text-link\" style=\"\" href=\"https:\/\/fuveau.net\/index.php\/2023\/09\/03\/corresp-fuvelo-fuvelaine-dec-2015\/\" target=\"_self\" rel=\"bookmark noopener noreferrer\">Lire la suite<\/a>\n\t\t\t<\/div>\n\t\t\t\n\t\t\t\t\t\t\t\t\t<\/article>\n\t\t\t\t\t\t\t\t\t\t\t\t\t\t\t\t<article class=\"uagb-post__inner-wrap\">\t\t\t\t\t\t\t\t<div class='uagb-post__image'>\n\t\t\t\t\t\t\t\t\t<a href=\"https:\/\/fuveau.net\/index.php\/2023\/09\/03\/lepicerie-de-fine-la-rousse-fev-2018\/\" target=\"_self\" rel=\"bookmark noopener noreferrer\" class='uagb-image-ratio-inherit'><img loading=\"lazy\" decoding=\"async\" width=\"676\" height=\"380\" src=\"https:\/\/fuveau.net\/wp-content\/uploads\/2023\/10\/Epicerie-de-Fine-la-Rousse-1024x576.jpg\" class=\"attachment-large size-large\" alt=\"\" srcset=\"https:\/\/fuveau.net\/wp-content\/uploads\/2023\/10\/Epicerie-de-Fine-la-Rousse-1024x576.jpg 1024w, https:\/\/fuveau.net\/wp-content\/uploads\/2023\/10\/Epicerie-de-Fine-la-Rousse-300x169.jpg 300w, https:\/\/fuveau.net\/wp-content\/uploads\/2023\/10\/Epicerie-de-Fine-la-Rousse-768x432.jpg 768w, https:\/\/fuveau.net\/wp-content\/uploads\/2023\/10\/Epicerie-de-Fine-la-Rousse-1536x864.jpg 1536w, https:\/\/fuveau.net\/wp-content\/uploads\/2023\/10\/Epicerie-de-Fine-la-Rousse-2048x1152.jpg 2048w, https:\/\/fuveau.net\/wp-content\/uploads\/2023\/10\/Epicerie-de-Fine-la-Rousse-676x380.jpg 676w\" sizes=\"auto, (max-width: 676px) 100vw, 676px\" \/>\t\t\t\t\t<\/a>\n\t\t\t\t\t\t\t<\/div>\n\t\t\t\t\t\t<h4 class=\"uagb-post__title uagb-post__text\">\n\t\t\t\t<a href=\"https:\/\/fuveau.net\/index.php\/2023\/09\/03\/lepicerie-de-fine-la-rousse-fev-2018\/\" target=\"_self\" rel=\"bookmark noopener noreferrer\">L&rsquo;\u00e9picerie de Fine la rousse (fev 2018)<\/a>\n\t\t\t<\/h4>\n\t\t\t\t\t\t<div class='uagb-post__text uagb-post-grid-byline'>\n\t\t\t\t\t\t\t\t<span class=\"uagb-post__author\">\n\t\t\t\t<span class=\"dashicons-admin-users dashicons\"><\/span>\t\t\t\t\t<a href=\"https:\/\/fuveau.net\/index.php\/author\/jfber\/\" title=\"Articles par Jean-Fran\u00e7ois ROUBAUD\" rel=\"author\">Jean-Fran\u00e7ois ROUBAUD<\/a>\t\t\t\t<\/span>\n\t\t\t\t\t\t\t<span class=\"uagb-post__comment\">\n\t\t\t\t<span class=\"dashicons-admin-comments dashicons\"><\/span>\t\t\t\t\tAucun commentaire\t\t\t\t<\/span>\n\t\t\t\t\t\t<\/div>\n\t\t\t\t\t\t\t<div class='uagb-post__text uagb-post__excerpt'>\n\t\t\t\t\t<p>Surprise au 18 de la rue Rondet ! En d\u00e9cro\u00fbtant&nbsp; sa fa\u00e7ade afin de r\u00e9nover&#8230;\t\t\t\t<\/div>\n\t\t\t\t\t\t<div class=\"uagb-post__text uagb-post__cta wp-block-button\">\n\t\t\t\t<a class=\"wp-block-button__link uagb-text-link\" style=\"\" href=\"https:\/\/fuveau.net\/index.php\/2023\/09\/03\/lepicerie-de-fine-la-rousse-fev-2018\/\" target=\"_self\" rel=\"bookmark noopener noreferrer\">Lire la suite<\/a>\n\t\t\t<\/div>\n\t\t\t\n\t\t\t\t\t\t\t\t\t<\/article>\n\t\t\t\t\t\t\t\t\t\t\t<\/div>\n\t\t\t","protected":false},"excerpt":{"rendered":"<p>Plusieurs articles d&rsquo;anecdotes \u00e0 votre disposition<\/p>\n","protected":false},"author":3,"featured_media":0,"parent":176,"menu_order":0,"comment_status":"closed","ping_status":"closed","template":"","meta":{"_uag_custom_page_level_css":"","iawp_total_views":115,"footnotes":""},"class_list":["post-2998","page","type-page","status-publish","hentry","post-preview"],"yoast_head":"<!-- This site is optimized with the Yoast SEO plugin v27.5 - https:\/\/yoast.com\/product\/yoast-seo-wordpress\/ -->\n<title>ANECDOTES - Petites et grandes Histoires de Fuveau<\/title>\n<meta name=\"robots\" content=\"index, follow, max-snippet:-1, max-image-preview:large, max-video-preview:-1\" \/>\n<link rel=\"canonical\" href=\"https:\/\/fuveau.net\/index.php\/curiosites-ou-fuveau-insolite\/anecdotes\/\" \/>\n<meta property=\"og:locale\" content=\"fr_FR\" \/>\n<meta property=\"og:type\" content=\"article\" \/>\n<meta property=\"og:title\" content=\"ANECDOTES - Petites et grandes Histoires de Fuveau\" \/>\n<meta property=\"og:description\" content=\"Plusieurs articles d&rsquo;anecdotes \u00e0 votre disposition\" \/>\n<meta property=\"og:url\" content=\"https:\/\/fuveau.net\/index.php\/curiosites-ou-fuveau-insolite\/anecdotes\/\" \/>\n<meta property=\"og:site_name\" content=\"Petites et grandes Histoires de Fuveau\" \/>\n<meta property=\"article:modified_time\" content=\"2023-11-20T16:54:02+00:00\" \/>\n<meta name=\"twitter:card\" content=\"summary_large_image\" \/>\n<meta name=\"twitter:label1\" content=\"Dur\u00e9e de lecture estim\u00e9e\" \/>\n\t<meta name=\"twitter:data1\" content=\"1 minute\" \/>\n<script type=\"application\/ld+json\" class=\"yoast-schema-graph\">{\"@context\":\"https:\\\/\\\/schema.org\",\"@graph\":[{\"@type\":\"WebPage\",\"@id\":\"https:\\\/\\\/fuveau.net\\\/index.php\\\/curiosites-ou-fuveau-insolite\\\/anecdotes\\\/\",\"url\":\"https:\\\/\\\/fuveau.net\\\/index.php\\\/curiosites-ou-fuveau-insolite\\\/anecdotes\\\/\",\"name\":\"ANECDOTES - Petites et grandes Histoires de Fuveau\",\"isPartOf\":{\"@id\":\"https:\\\/\\\/fuveau.net\\\/#website\"},\"datePublished\":\"2023-10-25T15:38:08+00:00\",\"dateModified\":\"2023-11-20T16:54:02+00:00\",\"breadcrumb\":{\"@id\":\"https:\\\/\\\/fuveau.net\\\/index.php\\\/curiosites-ou-fuveau-insolite\\\/anecdotes\\\/#breadcrumb\"},\"inLanguage\":\"fr-FR\",\"potentialAction\":[{\"@type\":\"ReadAction\",\"target\":[\"https:\\\/\\\/fuveau.net\\\/index.php\\\/curiosites-ou-fuveau-insolite\\\/anecdotes\\\/\"]}]},{\"@type\":\"BreadcrumbList\",\"@id\":\"https:\\\/\\\/fuveau.net\\\/index.php\\\/curiosites-ou-fuveau-insolite\\\/anecdotes\\\/#breadcrumb\",\"itemListElement\":[{\"@type\":\"ListItem\",\"position\":1,\"name\":\"Accueil\",\"item\":\"https:\\\/\\\/fuveau.net\\\/\"},{\"@type\":\"ListItem\",\"position\":2,\"name\":\"Curiosit\u00e9s ou Fuveau insolite\",\"item\":\"https:\\\/\\\/fuveau.net\\\/index.php\\\/curiosites-ou-fuveau-insolite\\\/\"},{\"@type\":\"ListItem\",\"position\":3,\"name\":\"ANECDOTES\"}]},{\"@type\":\"WebSite\",\"@id\":\"https:\\\/\\\/fuveau.net\\\/#website\",\"url\":\"https:\\\/\\\/fuveau.net\\\/\",\"name\":\"Petites et grandes Histoires de Fuveau\",\"description\":\"Site patrimonial de l&#039;histoire de Fuveau\",\"publisher\":{\"@id\":\"https:\\\/\\\/fuveau.net\\\/#organization\"},\"potentialAction\":[{\"@type\":\"SearchAction\",\"target\":{\"@type\":\"EntryPoint\",\"urlTemplate\":\"https:\\\/\\\/fuveau.net\\\/?s={search_term_string}\"},\"query-input\":{\"@type\":\"PropertyValueSpecification\",\"valueRequired\":true,\"valueName\":\"search_term_string\"}}],\"inLanguage\":\"fr-FR\"},{\"@type\":\"Organization\",\"@id\":\"https:\\\/\\\/fuveau.net\\\/#organization\",\"name\":\"Petites et grandes Histoires de Fuveau\",\"url\":\"https:\\\/\\\/fuveau.net\\\/\",\"logo\":{\"@type\":\"ImageObject\",\"inLanguage\":\"fr-FR\",\"@id\":\"https:\\\/\\\/fuveau.net\\\/#\\\/schema\\\/logo\\\/image\\\/\",\"url\":\"https:\\\/\\\/fuveau.net\\\/wp-content\\\/uploads\\\/2023\\\/09\\\/logo-1.jpg\",\"contentUrl\":\"https:\\\/\\\/fuveau.net\\\/wp-content\\\/uploads\\\/2023\\\/09\\\/logo-1.jpg\",\"width\":815,\"height\":415,\"caption\":\"Petites et grandes Histoires de Fuveau\"},\"image\":{\"@id\":\"https:\\\/\\\/fuveau.net\\\/#\\\/schema\\\/logo\\\/image\\\/\"}}]}<\/script>\n<!-- \/ Yoast SEO plugin. -->","yoast_head_json":{"title":"ANECDOTES - Petites et grandes Histoires de Fuveau","robots":{"index":"index","follow":"follow","max-snippet":"max-snippet:-1","max-image-preview":"max-image-preview:large","max-video-preview":"max-video-preview:-1"},"canonical":"https:\/\/fuveau.net\/index.php\/curiosites-ou-fuveau-insolite\/anecdotes\/","og_locale":"fr_FR","og_type":"article","og_title":"ANECDOTES - Petites et grandes Histoires de Fuveau","og_description":"Plusieurs articles d&rsquo;anecdotes \u00e0 votre disposition","og_url":"https:\/\/fuveau.net\/index.php\/curiosites-ou-fuveau-insolite\/anecdotes\/","og_site_name":"Petites et grandes Histoires de Fuveau","article_modified_time":"2023-11-20T16:54:02+00:00","twitter_card":"summary_large_image","twitter_misc":{"Dur\u00e9e de lecture estim\u00e9e":"1 minute"},"schema":{"@context":"https:\/\/schema.org","@graph":[{"@type":"WebPage","@id":"https:\/\/fuveau.net\/index.php\/curiosites-ou-fuveau-insolite\/anecdotes\/","url":"https:\/\/fuveau.net\/index.php\/curiosites-ou-fuveau-insolite\/anecdotes\/","name":"ANECDOTES - Petites et grandes Histoires de Fuveau","isPartOf":{"@id":"https:\/\/fuveau.net\/#website"},"datePublished":"2023-10-25T15:38:08+00:00","dateModified":"2023-11-20T16:54:02+00:00","breadcrumb":{"@id":"https:\/\/fuveau.net\/index.php\/curiosites-ou-fuveau-insolite\/anecdotes\/#breadcrumb"},"inLanguage":"fr-FR","potentialAction":[{"@type":"ReadAction","target":["https:\/\/fuveau.net\/index.php\/curiosites-ou-fuveau-insolite\/anecdotes\/"]}]},{"@type":"BreadcrumbList","@id":"https:\/\/fuveau.net\/index.php\/curiosites-ou-fuveau-insolite\/anecdotes\/#breadcrumb","itemListElement":[{"@type":"ListItem","position":1,"name":"Accueil","item":"https:\/\/fuveau.net\/"},{"@type":"ListItem","position":2,"name":"Curiosit\u00e9s ou Fuveau insolite","item":"https:\/\/fuveau.net\/index.php\/curiosites-ou-fuveau-insolite\/"},{"@type":"ListItem","position":3,"name":"ANECDOTES"}]},{"@type":"WebSite","@id":"https:\/\/fuveau.net\/#website","url":"https:\/\/fuveau.net\/","name":"Petites et grandes Histoires de Fuveau","description":"Site patrimonial de l&#039;histoire de Fuveau","publisher":{"@id":"https:\/\/fuveau.net\/#organization"},"potentialAction":[{"@type":"SearchAction","target":{"@type":"EntryPoint","urlTemplate":"https:\/\/fuveau.net\/?s={search_term_string}"},"query-input":{"@type":"PropertyValueSpecification","valueRequired":true,"valueName":"search_term_string"}}],"inLanguage":"fr-FR"},{"@type":"Organization","@id":"https:\/\/fuveau.net\/#organization","name":"Petites et grandes Histoires de Fuveau","url":"https:\/\/fuveau.net\/","logo":{"@type":"ImageObject","inLanguage":"fr-FR","@id":"https:\/\/fuveau.net\/#\/schema\/logo\/image\/","url":"https:\/\/fuveau.net\/wp-content\/uploads\/2023\/09\/logo-1.jpg","contentUrl":"https:\/\/fuveau.net\/wp-content\/uploads\/2023\/09\/logo-1.jpg","width":815,"height":415,"caption":"Petites et grandes Histoires de Fuveau"},"image":{"@id":"https:\/\/fuveau.net\/#\/schema\/logo\/image\/"}}]}},"uagb_featured_image_src":{"full":false,"thumbnail":false,"medium":false,"medium_large":false,"large":false,"1536x1536":false,"2048x2048":false,"post-image":false},"uagb_author_info":{"display_name":"Jean-Fran\u00e7ois ROUBAUD","author_link":"https:\/\/fuveau.net\/index.php\/author\/jfber\/"},"uagb_comment_info":0,"uagb_excerpt":"Plusieurs articles d&rsquo;anecdotes \u00e0 votre disposition","_links":{"self":[{"href":"https:\/\/fuveau.net\/index.php\/wp-json\/wp\/v2\/pages\/2998","targetHints":{"allow":["GET"]}}],"collection":[{"href":"https:\/\/fuveau.net\/index.php\/wp-json\/wp\/v2\/pages"}],"about":[{"href":"https:\/\/fuveau.net\/index.php\/wp-json\/wp\/v2\/types\/page"}],"author":[{"embeddable":true,"href":"https:\/\/fuveau.net\/index.php\/wp-json\/wp\/v2\/users\/3"}],"replies":[{"embeddable":true,"href":"https:\/\/fuveau.net\/index.php\/wp-json\/wp\/v2\/comments?post=2998"}],"version-history":[{"count":8,"href":"https:\/\/fuveau.net\/index.php\/wp-json\/wp\/v2\/pages\/2998\/revisions"}],"predecessor-version":[{"id":3863,"href":"https:\/\/fuveau.net\/index.php\/wp-json\/wp\/v2\/pages\/2998\/revisions\/3863"}],"up":[{"embeddable":true,"href":"https:\/\/fuveau.net\/index.php\/wp-json\/wp\/v2\/pages\/176"}],"wp:attachment":[{"href":"https:\/\/fuveau.net\/index.php\/wp-json\/wp\/v2\/media?parent=2998"}],"curies":[{"name":"wp","href":"https:\/\/api.w.org\/{rel}","templated":true}]}}