{"version":"1.0","provider_name":"Petites et grandes Histoires de Fuveau","provider_url":"https:\/\/fuveau.net","author_name":"Jean-Fran\u00e7ois ROUBAUD","author_url":"https:\/\/fuveau.net\/index.php\/author\/jfber\/","title":"La m\u00e8re de Barth\u00e9l\u00e9my Niollon (mai 2018) - Petites et grandes Histoires de Fuveau","type":"rich","width":600,"height":338,"html":"<blockquote class=\"wp-embedded-content\" data-secret=\"MmDjhw7yFg\"><a href=\"https:\/\/fuveau.net\/index.php\/2023\/09\/03\/la-mere-de-barthelemy-niollon-mai-2018\/\">La m\u00e8re de Barth\u00e9l\u00e9my Niollon (mai 2018)<\/a><\/blockquote><iframe sandbox=\"allow-scripts\" security=\"restricted\" src=\"https:\/\/fuveau.net\/index.php\/2023\/09\/03\/la-mere-de-barthelemy-niollon-mai-2018\/embed\/#?secret=MmDjhw7yFg\" width=\"600\" height=\"338\" title=\"\u00ab\u00a0La m\u00e8re de Barth\u00e9l\u00e9my Niollon (mai 2018)\u00a0\u00bb &#8212; Petites et grandes Histoires de Fuveau\" data-secret=\"MmDjhw7yFg\" frameborder=\"0\" marginwidth=\"0\" marginheight=\"0\" scrolling=\"no\" class=\"wp-embedded-content\"><\/iframe><script type=\"text\/javascript\">\n\/* <![CDATA[ *\/\n\/*! This file is auto-generated *\/\n!function(d,l){\"use strict\";l.querySelector&&d.addEventListener&&\"undefined\"!=typeof URL&&(d.wp=d.wp||{},d.wp.receiveEmbedMessage||(d.wp.receiveEmbedMessage=function(e){var t=e.data;if((t||t.secret||t.message||t.value)&&!\/[^a-zA-Z0-9]\/.test(t.secret)){for(var s,r,n,a=l.querySelectorAll('iframe[data-secret=\"'+t.secret+'\"]'),o=l.querySelectorAll('blockquote[data-secret=\"'+t.secret+'\"]'),c=new RegExp(\"^https?:$\",\"i\"),i=0;i<o.length;i++)o[i].style.display=\"none\";for(i=0;i<a.length;i++)s=a[i],e.source===s.contentWindow&&(s.removeAttribute(\"style\"),\"height\"===t.message?(1e3<(r=parseInt(t.value,10))?r=1e3:~~r<200&&(r=200),s.height=r):\"link\"===t.message&&(r=new URL(s.getAttribute(\"src\")),n=new URL(t.value),c.test(n.protocol))&&n.host===r.host&&l.activeElement===s&&(d.top.location.href=t.value))}},d.addEventListener(\"message\",d.wp.receiveEmbedMessage,!1),l.addEventListener(\"DOMContentLoaded\",function(){for(var e,t,s=l.querySelectorAll(\"iframe.wp-embedded-content\"),r=0;r<s.length;r++)(t=(e=s[r]).getAttribute(\"data-secret\"))||(t=Math.random().toString(36).substring(2,12),e.src+=\"#?secret=\"+t,e.setAttribute(\"data-secret\",t)),e.contentWindow.postMessage({message:\"ready\",secret:t},\"*\")},!1)))}(window,document);\n\/\/# sourceURL=https:\/\/fuveau.net\/wp-includes\/js\/wp-embed.min.js\n\/* ]]> *\/\n<\/script>\n","description":"Cette photo unique datant des ann\u00e9es 1890 est digne d&rsquo;int\u00e9r\u00eat, tant parce qu&rsquo;il s&rsquo;agit de la m\u00e8re de Barth\u00e9l\u00e9my Niollon, que pour l&rsquo;habit proven\u00e7al qu&rsquo;elle porte que pour la qualit\u00e9 de la photo vraisemblablement due \u00e0 Suzanne, photographe qui exer\u00e7ait \u00e0 Fuveau \u00e0 l&rsquo;\u00e9poque. nous la devons \u00e0 la famille Etienne qui l&rsquo;a conserv\u00e9e religieusement [&hellip;]","thumbnail_url":"https:\/\/fuveau.net\/wp-content\/uploads\/2023\/10\/mere-barthelemy-niollon-1.jpg"}